{"id":1000,"date":"2020-10-15T12:48:15","date_gmt":"2020-10-15T12:48:15","guid":{"rendered":"https:\/\/humaneaty.fr\/?page_id=1000"},"modified":"2024-12-09T11:15:10","modified_gmt":"2024-12-09T11:15:10","slug":"staff","status":"publish","type":"page","link":"https:\/\/humaneaty.fr\/?page_id=1000","title":{"rendered":"Mes publications"},"content":{"rendered":"<p><div class=\"fusion-fullwidth fullwidth-box fusion-builder-row-1 fusion-flex-container has-pattern-background has-mask-background nonhundred-percent-fullwidth non-hundred-percent-height-scrolling\" style=\"--awb-border-radius-top-left:0px;--awb-border-radius-top-right:0px;--awb-border-radius-bottom-right:0px;--awb-border-radius-bottom-left:0px;--awb-padding-bottom:0px;--awb-margin-bottom:0px;--awb-background-color:var(--awb-color7);--awb-flex-wrap:wrap;\" ><div class=\"fusion-builder-row fusion-row fusion-flex-align-items-flex-start fusion-flex-content-wrap\" style=\"max-width:1365px;margin-left: calc(-5% \/ 2 );margin-right: calc(-5% \/ 2 );\"><div class=\"fusion-layout-column fusion_builder_column fusion-builder-column-0 fusion_builder_column_1_1 1_1 fusion-flex-column\" style=\"--awb-bg-size:cover;--awb-width-large:100%;--awb-margin-top-large:0px;--awb-spacing-right-large:2.375%;--awb-margin-bottom-large:0px;--awb-spacing-left-large:2.375%;--awb-width-medium:100%;--awb-order-medium:0;--awb-spacing-right-medium:2.375%;--awb-spacing-left-medium:2.375%;--awb-width-small:100%;--awb-order-small:0;--awb-spacing-right-small:2.375%;--awb-spacing-left-small:2.375%;\"><div class=\"fusion-column-wrapper fusion-column-has-shadow fusion-flex-justify-content-flex-start fusion-content-layout-column\"><div class=\"fusion-text fusion-text-1\"><h1 style=\"text-align: center;\"><span style=\"color: #ffffff;\">Mes publications<\/span><\/h1>\n<\/div><\/div><\/div><\/div><\/div><div class=\"fusion-fullwidth fullwidth-box fusion-builder-row-2 fusion-flex-container nonhundred-percent-fullwidth non-hundred-percent-height-scrolling\" style=\"--awb-border-radius-top-left:0px;--awb-border-radius-top-right:0px;--awb-border-radius-bottom-right:0px;--awb-border-radius-bottom-left:0px;--awb-padding-right:88px;--awb-margin-top:93px;--awb-flex-wrap:wrap;\" ><div class=\"fusion-builder-row fusion-row fusion-flex-align-items-flex-start fusion-flex-content-wrap\" style=\"max-width:1365px;margin-left: calc(-5% \/ 2 );margin-right: calc(-5% \/ 2 );\"><div class=\"fusion-layout-column fusion_builder_column fusion-builder-column-1 fusion_builder_column_1_1 1_1 fusion-flex-column\" style=\"--awb-bg-size:cover;--awb-width-large:100%;--awb-margin-top-large:0px;--awb-spacing-right-large:2.375%;--awb-margin-bottom-large:0px;--awb-spacing-left-large:2.375%;--awb-width-medium:100%;--awb-order-medium:0;--awb-spacing-right-medium:2.375%;--awb-spacing-left-medium:2.375%;--awb-width-small:100%;--awb-order-small:0;--awb-spacing-right-small:2.375%;--awb-spacing-left-small:2.375%;\"><div class=\"fusion-column-wrapper fusion-column-has-shadow fusion-flex-justify-content-flex-start fusion-content-layout-column\"><\/div><\/div><div class=\"fusion-layout-column fusion_builder_column fusion-builder-column-2 fusion_builder_column_4_5 4_5 fusion-flex-column\" style=\"--awb-bg-size:cover;--awb-width-large:80%;--awb-margin-top-large:0px;--awb-spacing-right-large:2.96875%;--awb-margin-bottom-large:20px;--awb-spacing-left-large:2.96875%;--awb-width-medium:80%;--awb-order-medium:0;--awb-spacing-right-medium:2.96875%;--awb-spacing-left-medium:2.96875%;--awb-width-small:100%;--awb-order-small:0;--awb-spacing-right-small:2.375%;--awb-spacing-left-small:2.375%;\"><div class=\"fusion-column-wrapper fusion-column-has-shadow fusion-flex-justify-content-flex-start fusion-content-layout-column\"><div class=\"fusion-text fusion-text-2\" style=\"--awb-font-size:15px;--awb-line-height:1.5;\"><h2 class=\"fusion-responsive-typography-calculated\" style=\"--fontsize: 36; line-height: 1.2;\" data-fontsize=\"36\" data-lineheight=\"43.2px\"><span style=\"color: var(--awb-custom10);\">Analyse critique de l\u2019ouvrage \u00ab \u00c0 table les vieux \u00bb<\/span><\/h2>\n<ul>\n<li><span style=\"color: #000000;\"><strong>Titre :<\/strong> Analyse critique de l\u2019ouvrage \u00ab \u00c0 table les vieux \u00bb (dir. Pitaud, 2021)<\/span><\/li>\n<li><span style=\"color: #000000;\"><strong>Auteur(s) :<\/strong> Sonia Bouima<\/span><\/li>\n<li><span style=\"color: #000000;\"><strong>Ann\u00e9e de publication :<\/strong> 2022<\/span><\/li>\n<li><span style=\"color: #000000;\"><strong>Revue :<\/strong> Retraite et soci\u00e9t\u00e9, n\u00b088<\/span><\/li>\n<\/ul>\n<p><span style=\"color: #000000;\"><strong>R\u00e9sum\u00e9 :<\/strong> Une analyse critique de l\u2019ouvrage \u00ab\u00a0A table les vieux\u00a0\u00bb qui pr\u00e9sente les diff\u00e9rents enjeux li\u00e9s \u00e0 l\u2019alimentation au grand-\u00e2ge et les suppos\u00e9s bienfaits d\u2019une alimentation partag\u00e9e pour \u00ab bien vieillir \u00bb.<\/span><\/p>\n<\/div><div ><a class=\"fusion-button button-flat fusion-button-default-size button-default fusion-button-default button-1 fusion-button-default-span fusion-button-default-type\" target=\"_self\" href=\"https:\/\/kdrive.infomaniak.com\/app\/share\/877430\/146b2573-48cc-4dc5-9a2d-8010fc07fa8f\"><i class=\"fa-arrow-alt-circle-right fas awb-button__icon awb-button__icon--default button-icon-left\" aria-hidden=\"true\"><\/i><span class=\"fusion-button-text awb-button__text awb-button__text--default\">Let&rsquo;s Go<\/span><\/a><\/div><\/div><\/div><div class=\"fusion-layout-column fusion_builder_column fusion-builder-column-3 fusion_builder_column_1_5 1_5 fusion-flex-column\" style=\"--awb-bg-size:cover;--awb-width-large:20%;--awb-margin-top-large:0px;--awb-spacing-right-large:11.875%;--awb-margin-bottom-large:20px;--awb-spacing-left-large:11.875%;--awb-width-medium:20%;--awb-order-medium:0;--awb-spacing-right-medium:11.875%;--awb-spacing-left-medium:11.875%;--awb-width-small:100%;--awb-order-small:0;--awb-spacing-right-small:2.375%;--awb-spacing-left-small:2.375%;\"><div class=\"fusion-column-wrapper fusion-column-has-shadow fusion-flex-justify-content-flex-start fusion-content-layout-column\"><div class=\"fusion-image-element \" style=\"--awb-caption-title-font-family:var(--h2_typography-font-family);--awb-caption-title-font-weight:var(--h2_typography-font-weight);--awb-caption-title-font-style:var(--h2_typography-font-style);--awb-caption-title-size:var(--h2_typography-font-size);--awb-caption-title-transform:var(--h2_typography-text-transform);--awb-caption-title-line-height:var(--h2_typography-line-height);--awb-caption-title-letter-spacing:var(--h2_typography-letter-spacing);\"><span class=\" fusion-imageframe imageframe-none imageframe-1 hover-type-none\"><a class=\"fusion-no-lightbox\" href=\"https:\/\/kdrive.infomaniak.com\/app\/share\/877430\/146b2573-48cc-4dc5-9a2d-8010fc07fa8f\" target=\"_self\" aria-label=\"Couverture-du-livre-\u00e0-table-les vieux-Sonia-Bouima-chercheuse-anthropologie-de-l-alimentation\"><img decoding=\"async\" width=\"400\" height=\"618\" src=\"https:\/\/humaneaty.fr\/wp-content\/uploads\/2024\/04\/Couverture-du-livre-a-table-les-vieux-Sonia-Bouima-chercheuse-anthropologie-de-l-alimentation.png\" data-orig-src=\"http:\/\/humaneaty.fr\/wp-content\/uploads\/2024\/04\/Couverture-du-livre-a-table-les-vieux-Sonia-Bouima-chercheuse-anthropologie-de-l-alimentation-400x618.png\" alt class=\"lazyload img-responsive wp-image-2147\" srcset=\"data:image\/svg+xml,%3Csvg%20xmlns%3D%27http%3A%2F%2Fwww.w3.org%2F2000%2Fsvg%27%20width%3D%27464%27%20height%3D%27717%27%20viewBox%3D%270%200%20464%20717%27%3E%3Crect%20width%3D%27464%27%20height%3D%27717%27%20fill-opacity%3D%220%22%2F%3E%3C%2Fsvg%3E\" data-srcset=\"https:\/\/humaneaty.fr\/wp-content\/uploads\/2024\/04\/Couverture-du-livre-a-table-les-vieux-Sonia-Bouima-chercheuse-anthropologie-de-l-alimentation-200x309.png 200w, https:\/\/humaneaty.fr\/wp-content\/uploads\/2024\/04\/Couverture-du-livre-a-table-les-vieux-Sonia-Bouima-chercheuse-anthropologie-de-l-alimentation-400x618.png 400w, https:\/\/humaneaty.fr\/wp-content\/uploads\/2024\/04\/Couverture-du-livre-a-table-les-vieux-Sonia-Bouima-chercheuse-anthropologie-de-l-alimentation.png 464w\" data-sizes=\"auto\" data-orig-sizes=\"(max-width: 640px) 100vw, 400px\" \/><\/a><\/span><\/div><\/div><\/div><div class=\"fusion-layout-column fusion_builder_column fusion-builder-column-4 fusion_builder_column_1_1 1_1 fusion-flex-column\" style=\"--awb-bg-size:cover;--awb-width-large:100%;--awb-margin-top-large:0px;--awb-spacing-right-large:2.375%;--awb-margin-bottom-large:79px;--awb-spacing-left-large:2.375%;--awb-width-medium:100%;--awb-order-medium:0;--awb-spacing-right-medium:2.375%;--awb-spacing-left-medium:2.375%;--awb-width-small:100%;--awb-order-small:0;--awb-spacing-right-small:2.375%;--awb-spacing-left-small:2.375%;\"><div class=\"fusion-column-wrapper fusion-column-has-shadow fusion-flex-justify-content-flex-start fusion-content-layout-column\"><\/div><\/div><div class=\"fusion-layout-column fusion_builder_column fusion-builder-column-5 fusion_builder_column_4_5 4_5 fusion-flex-column\" style=\"--awb-bg-size:cover;--awb-width-large:80%;--awb-margin-top-large:0px;--awb-spacing-right-large:2.96875%;--awb-margin-bottom-large:20px;--awb-spacing-left-large:2.96875%;--awb-width-medium:80%;--awb-order-medium:0;--awb-spacing-right-medium:2.96875%;--awb-spacing-left-medium:2.96875%;--awb-width-small:100%;--awb-order-small:0;--awb-spacing-right-small:2.375%;--awb-spacing-left-small:2.375%;\"><div class=\"fusion-column-wrapper fusion-column-has-shadow fusion-flex-justify-content-flex-start fusion-content-layout-column\"><div class=\"fusion-text fusion-text-3\" style=\"--awb-font-size:15px;--awb-line-height:1.5;\"><h2 style=\"color: var(--awb-custom10);\">Titre : De l\u2019identit\u00e9 au soin, regard socio-anthropologique sur l\u2019alimentation<\/h2>\n<p><span style=\"color: #000000;\"><strong>Auteur(s) :<\/strong> Sonia Bouima<\/span><\/p>\n<p><span style=\"color: #000000;\"><strong>Ann\u00e9e de publication :<\/strong> 2022<\/span><\/p>\n<p><span style=\"color: #000000;\"><strong>Revue :<\/strong> La revue de l\u2019infirmi\u00e8re, n\u00b0 274<\/span><\/p>\n<p><span style=\"color: #000000;\"><strong>R\u00e9sum\u00e9 :<\/strong> Longtemps rel\u00e9gu\u00e9e au second plan de la m\u00e9decine moderne, l\u2019alimentation repr\u00e9sente aujourd\u2019hui un enjeu de sant\u00e9 publique majeur. A travers son approche socio-anthropologique, cet article montre qu\u2019au-del\u00e0 de sa seule dimension nutritionnelle, l\u2019alimentation rev\u00eat tout un ensemble de facettes constitutives de nos identit\u00e9s singuli\u00e8res qu\u2019il s\u2019agit de ne pas n\u00e9gliger en contexte de soins<\/span>.<\/p>\n<\/div><div ><a class=\"fusion-button button-flat fusion-button-default-size button-default fusion-button-default button-2 fusion-button-default-span fusion-button-default-type\" target=\"_self\"><i class=\"fa-arrow-alt-circle-right fas awb-button__icon awb-button__icon--default button-icon-left\" aria-hidden=\"true\"><\/i><span class=\"fusion-button-text awb-button__text awb-button__text--default\">Let&rsquo;s Go<\/span><\/a><\/div><\/div><\/div><div class=\"fusion-layout-column fusion_builder_column fusion-builder-column-6 fusion_builder_column_1_5 1_5 fusion-flex-column\" style=\"--awb-bg-blend:overlay;--awb-bg-size:cover;--awb-width-large:20%;--awb-margin-top-large:0px;--awb-spacing-right-large:11.875%;--awb-margin-bottom-large:20px;--awb-spacing-left-large:11.875%;--awb-width-medium:20%;--awb-spacing-right-medium:11.875%;--awb-spacing-left-medium:11.875%;--awb-width-small:100%;--awb-spacing-right-small:2.375%;--awb-spacing-left-small:2.375%;\"><div class=\"fusion-column-wrapper fusion-flex-justify-content-flex-start fusion-content-layout-column\"><div class=\"fusion-image-element \" style=\"--awb-caption-title-font-family:var(--h2_typography-font-family);--awb-caption-title-font-weight:var(--h2_typography-font-weight);--awb-caption-title-font-style:var(--h2_typography-font-style);--awb-caption-title-size:var(--h2_typography-font-size);--awb-caption-title-transform:var(--h2_typography-text-transform);--awb-caption-title-line-height:var(--h2_typography-line-height);--awb-caption-title-letter-spacing:var(--h2_typography-letter-spacing);\"><span class=\" fusion-imageframe imageframe-none imageframe-2 hover-type-none\"><a class=\"fusion-no-lightbox\" href=\"https:\/\/kdrive.infomaniak.com\/app\/share\/877430\/6e3dd56e-a345-4385-9351-88cdf47e88d8\" target=\"_self\" aria-label=\"Couverture-revue-de l&rsquo;infirmi\u00e8re-Sonia-Bouima-chercheuse-antrhopologie-de-l-alimentation\"><img decoding=\"async\" width=\"400\" height=\"562\" alt=\"Couverture-revue-de-linfirmiere-Sonia-Bouima-chercheuse-antrhopologie-de-l-alimentation.\" src=\"https:\/\/humaneaty.fr\/wp-content\/uploads\/2024\/04\/Couverture-revue-de-linfirmiere-Sonia-Bouima-chercheuse-antrhopologie-de-l-alimentation.png\" data-orig-src=\"http:\/\/humaneaty.fr\/wp-content\/uploads\/2024\/04\/Couverture-revue-de-linfirmiere-Sonia-Bouima-chercheuse-antrhopologie-de-l-alimentation-400x562.png\" class=\"lazyload img-responsive wp-image-2146\" srcset=\"data:image\/svg+xml,%3Csvg%20xmlns%3D%27http%3A%2F%2Fwww.w3.org%2F2000%2Fsvg%27%20width%3D%27510%27%20height%3D%27717%27%20viewBox%3D%270%200%20510%20717%27%3E%3Crect%20width%3D%27510%27%20height%3D%27717%27%20fill-opacity%3D%220%22%2F%3E%3C%2Fsvg%3E\" data-srcset=\"https:\/\/humaneaty.fr\/wp-content\/uploads\/2024\/04\/Couverture-revue-de-linfirmiere-Sonia-Bouima-chercheuse-antrhopologie-de-l-alimentation-200x281.png 200w, https:\/\/humaneaty.fr\/wp-content\/uploads\/2024\/04\/Couverture-revue-de-linfirmiere-Sonia-Bouima-chercheuse-antrhopologie-de-l-alimentation-400x562.png 400w, https:\/\/humaneaty.fr\/wp-content\/uploads\/2024\/04\/Couverture-revue-de-linfirmiere-Sonia-Bouima-chercheuse-antrhopologie-de-l-alimentation.png 510w\" data-sizes=\"auto\" data-orig-sizes=\"(max-width: 640px) 100vw, 400px\" \/><\/a><\/span><\/div><\/div><\/div><div class=\"fusion-layout-column fusion_builder_column fusion-builder-column-7 fusion_builder_column_1_1 1_1 fusion-flex-column\" style=\"--awb-bg-size:cover;--awb-width-large:100%;--awb-margin-top-large:0px;--awb-spacing-right-large:2.375%;--awb-margin-bottom-large:104px;--awb-spacing-left-large:2.375%;--awb-width-medium:100%;--awb-order-medium:0;--awb-spacing-right-medium:2.375%;--awb-spacing-left-medium:2.375%;--awb-width-small:100%;--awb-order-small:0;--awb-spacing-right-small:2.375%;--awb-spacing-left-small:2.375%;\"><div class=\"fusion-column-wrapper fusion-column-has-shadow fusion-flex-justify-content-flex-start fusion-content-layout-column\"><\/div><\/div><div class=\"fusion-layout-column fusion_builder_column fusion-builder-column-8 fusion_builder_column_4_5 4_5 fusion-flex-column\" style=\"--awb-bg-size:cover;--awb-width-large:80%;--awb-margin-top-large:0px;--awb-spacing-right-large:2.96875%;--awb-margin-bottom-large:20px;--awb-spacing-left-large:2.96875%;--awb-width-medium:80%;--awb-order-medium:0;--awb-spacing-right-medium:2.96875%;--awb-spacing-left-medium:2.96875%;--awb-width-small:100%;--awb-order-small:0;--awb-spacing-right-small:2.375%;--awb-spacing-left-small:2.375%;\"><div class=\"fusion-column-wrapper fusion-column-has-shadow fusion-flex-justify-content-flex-start fusion-content-layout-column\"><div class=\"fusion-text fusion-text-4\" style=\"--awb-font-size:15px;--awb-line-height:1.5;\"><h2 style=\"color: var(--awb-custom10);\">Rejouer sa condition sociale sur la sc\u00e8ne de l\u2019alimentation partag\u00e9e : le cas des ateliers culinaires et des repas partag\u00e9s pour \u00ab bien-vieillir \u00bb<\/h2>\n<p><span style=\"color: #000000;\"><strong>Auteur(s) :<\/strong> Sonia Bouima<\/span><\/p>\n<p><span style=\"color: #000000;\"><strong>Ann\u00e9e de publication :<\/strong> 2021<\/span><\/p>\n<p><span style=\"color: #000000;\"><strong>Revue :<\/strong> Sciences &amp; Actions Sociales, n\u00b014<\/span><\/p>\n<p><span style=\"color: #000000;\"><strong>R\u00e9sum\u00e9 :<\/strong> Se basant sur la sociologie des probl\u00e8mes publics et de la d\u00e9viance, cet article d\u00e9crit les enjeux symboliques et sociaux relatifs \u00e0 la mise en application de normes alimentaires dominantes au sein d\u2019une structure associative proposant des ateliers culinaires et des repas partag\u00e9s \u00e0 destination de personnes \u00e2g\u00e9es.<\/span><\/p>\n<\/div><div ><a class=\"fusion-button button-flat fusion-button-default-size button-default fusion-button-default button-3 fusion-button-default-span fusion-button-default-type\" target=\"_self\" href=\"https:\/\/kdrive.infomaniak.com\/app\/share\/877430\/fd2cafbc-5f91-400a-8796-7024b82160bd\"><span class=\"fusion-button-text awb-button__text awb-button__text--default\">D\u00e9couvrez ! <\/span><\/a><\/div><\/div><\/div><div class=\"fusion-layout-column fusion_builder_column fusion-builder-column-9 fusion_builder_column_1_5 1_5 fusion-flex-column\" style=\"--awb-bg-size:cover;--awb-width-large:20%;--awb-margin-top-large:0px;--awb-spacing-right-large:11.875%;--awb-margin-bottom-large:20px;--awb-spacing-left-large:11.875%;--awb-width-medium:20%;--awb-order-medium:0;--awb-spacing-right-medium:11.875%;--awb-spacing-left-medium:11.875%;--awb-width-small:100%;--awb-order-small:0;--awb-spacing-right-small:2.375%;--awb-spacing-left-small:2.375%;\"><div class=\"fusion-column-wrapper fusion-column-has-shadow fusion-flex-justify-content-flex-start fusion-content-layout-column\"><div class=\"fusion-image-element \" style=\"--awb-caption-title-font-family:var(--h2_typography-font-family);--awb-caption-title-font-weight:var(--h2_typography-font-weight);--awb-caption-title-font-style:var(--h2_typography-font-style);--awb-caption-title-size:var(--h2_typography-font-size);--awb-caption-title-transform:var(--h2_typography-text-transform);--awb-caption-title-line-height:var(--h2_typography-line-height);--awb-caption-title-letter-spacing:var(--h2_typography-letter-spacing);\"><span class=\" fusion-imageframe imageframe-none imageframe-3 hover-type-none\"><a class=\"fusion-no-lightbox\" href=\"https:\/\/kdrive.infomaniak.com\/app\/share\/877430\/fd2cafbc-5f91-400a-8796-7024b82160bd\" target=\"_self\" aria-label=\"illustration-revue-sciences-et-actions-sociales-Sonia-Bouima-chercheuse-anthropologie-de-l-alimentation\"><img decoding=\"async\" width=\"400\" height=\"549\" src=\"https:\/\/humaneaty.fr\/wp-content\/uploads\/2024\/04\/illustration-revue-sciences-et-actions-sociales-Sonia-Bouima-chercheuse-anthropologie-de-l-alimentation.png\" data-orig-src=\"http:\/\/humaneaty.fr\/wp-content\/uploads\/2024\/04\/illustration-revue-sciences-et-actions-sociales-Sonia-Bouima-chercheuse-anthropologie-de-l-alimentation-400x549.png\" alt class=\"lazyload img-responsive wp-image-2149\" srcset=\"data:image\/svg+xml,%3Csvg%20xmlns%3D%27http%3A%2F%2Fwww.w3.org%2F2000%2Fsvg%27%20width%3D%27510%27%20height%3D%27700%27%20viewBox%3D%270%200%20510%20700%27%3E%3Crect%20width%3D%27510%27%20height%3D%27700%27%20fill-opacity%3D%220%22%2F%3E%3C%2Fsvg%3E\" data-srcset=\"https:\/\/humaneaty.fr\/wp-content\/uploads\/2024\/04\/illustration-revue-sciences-et-actions-sociales-Sonia-Bouima-chercheuse-anthropologie-de-l-alimentation-200x275.png 200w, https:\/\/humaneaty.fr\/wp-content\/uploads\/2024\/04\/illustration-revue-sciences-et-actions-sociales-Sonia-Bouima-chercheuse-anthropologie-de-l-alimentation-400x549.png 400w, https:\/\/humaneaty.fr\/wp-content\/uploads\/2024\/04\/illustration-revue-sciences-et-actions-sociales-Sonia-Bouima-chercheuse-anthropologie-de-l-alimentation.png 510w\" data-sizes=\"auto\" data-orig-sizes=\"(max-width: 640px) 100vw, 400px\" \/><\/a><\/span><\/div><\/div><\/div><div class=\"fusion-layout-column fusion_builder_column fusion-builder-column-10 fusion_builder_column_1_1 1_1 fusion-flex-column\" style=\"--awb-bg-size:cover;--awb-width-large:100%;--awb-margin-top-large:0px;--awb-spacing-right-large:2.375%;--awb-margin-bottom-large:82px;--awb-spacing-left-large:2.375%;--awb-width-medium:100%;--awb-order-medium:0;--awb-spacing-right-medium:2.375%;--awb-spacing-left-medium:2.375%;--awb-width-small:100%;--awb-order-small:0;--awb-spacing-right-small:2.375%;--awb-spacing-left-small:2.375%;\"><div class=\"fusion-column-wrapper fusion-column-has-shadow fusion-flex-justify-content-flex-start fusion-content-layout-column\"><\/div><\/div><div class=\"fusion-layout-column fusion_builder_column fusion-builder-column-11 fusion_builder_column_4_5 4_5 fusion-flex-column\" style=\"--awb-bg-size:cover;--awb-width-large:80%;--awb-margin-top-large:0px;--awb-spacing-right-large:2.96875%;--awb-margin-bottom-large:20px;--awb-spacing-left-large:2.96875%;--awb-width-medium:80%;--awb-order-medium:0;--awb-spacing-right-medium:2.96875%;--awb-spacing-left-medium:2.96875%;--awb-width-small:100%;--awb-order-small:0;--awb-spacing-right-small:2.375%;--awb-spacing-left-small:2.375%;\"><div class=\"fusion-column-wrapper fusion-column-has-shadow fusion-flex-justify-content-flex-start fusion-content-layout-column\"><div class=\"fusion-text fusion-text-5\"><h2 style=\"color: var(--awb-custom10);\">La \u00ab personne \u00e2g\u00e9e isol\u00e9e d\u00e9nutrie \u00bb<\/h2>\n<\/div><div class=\"fusion-text fusion-text-6\" style=\"--awb-font-size:15px;--awb-line-height:1.5;\"><p><span style=\"color: #000000;\"><strong>Auteur(s) : <\/strong>Sonia Bouima, Maxime<strong> Michaud, S\u00e9verine Gojard<\/strong><\/span><\/p>\n<p><span style=\"color: #000000;\"><strong>Ann\u00e9e de publication :<\/strong> 2019<\/span><\/p>\n<p><span style=\"color: #000000;\"><strong>Revue :<\/strong> <em>Retraite et soci\u00e9t\u00e9<\/em>, n\u00b082<\/span><\/p>\n<p><span style=\"color: #000000;\"><strong>R\u00e9sum\u00e9 :<\/strong> La pr\u00e9paration et la consommation du repas en commun sont devenues en l\u2019espace de quelques ann\u00e9es seulement l\u2019un des leviers d\u2019action privil\u00e9gi\u00e9s des acteurs \u0153uvrant en faveur du \u00ab bien-vieillir \u00bb. \u00c0 partir d\u2019entretiens semi-directifs, de la recension de la documentation ainsi que d\u2019observations aupr\u00e8s d\u2019acteurs de terrain, cet article propose d\u2019analyser les repr\u00e9sentations g\u00e9n\u00e9ralement associ\u00e9es aux personnes \u00e2g\u00e9es et \u00e0 leur alimentation.<\/span><\/p>\n<\/div><div ><a class=\"fusion-button button-flat fusion-button-default-size button-default fusion-button-default button-4 fusion-button-default-span fusion-button-default-type\" target=\"_self\" href=\"https:\/\/kdrive.infomaniak.com\/app\/share\/877430\/74063528-f07f-4c8f-9ffd-3400874c9f34\"><span class=\"fusion-button-text awb-button__text awb-button__text--default\">D\u00e9veloppez votre curiosit\u00e9 ! <\/span><\/a><\/div><\/div><\/div><div class=\"fusion-layout-column fusion_builder_column fusion-builder-column-12 fusion_builder_column_1_5 1_5 fusion-flex-column\" style=\"--awb-bg-size:cover;--awb-width-large:20%;--awb-margin-top-large:0px;--awb-spacing-right-large:11.875%;--awb-margin-bottom-large:20px;--awb-spacing-left-large:11.875%;--awb-width-medium:20%;--awb-order-medium:0;--awb-spacing-right-medium:11.875%;--awb-spacing-left-medium:11.875%;--awb-width-small:100%;--awb-order-small:0;--awb-spacing-right-small:2.375%;--awb-spacing-left-small:2.375%;\"><div class=\"fusion-column-wrapper fusion-column-has-shadow fusion-flex-justify-content-flex-start fusion-content-layout-column\"><div class=\"fusion-image-element \" style=\"--awb-caption-title-font-family:var(--h2_typography-font-family);--awb-caption-title-font-weight:var(--h2_typography-font-weight);--awb-caption-title-font-style:var(--h2_typography-font-style);--awb-caption-title-size:var(--h2_typography-font-size);--awb-caption-title-transform:var(--h2_typography-text-transform);--awb-caption-title-line-height:var(--h2_typography-line-height);--awb-caption-title-letter-spacing:var(--h2_typography-letter-spacing);\"><span class=\" fusion-imageframe imageframe-none imageframe-4 hover-type-none\"><a class=\"fusion-no-lightbox\" href=\"https:\/\/kdrive.infomaniak.com\/app\/share\/877430\/74063528-f07f-4c8f-9ffd-3400874c9f34\" target=\"_self\" aria-label=\"Couverture-retraite-et-soci\u00e9t\u00e9-2019_R&#038;S_La-personne-\u00e2g\u00e9e-isol\u00e9e-d\u00e9nutrie-Sonia-Bouima-chercheuse-anthropologie-de-l-alimentation\"><img decoding=\"async\" width=\"400\" height=\"621\" alt=\"Couverture-retraite-et-soci\u00e9t\u00e9-2019_R&amp;S_La-personne-\u00e2g\u00e9e-isol\u00e9e-d\u00e9nutrie-Sonia-Bouima-chercheuse-anthropologie-de-l-alimentation\" src=\"https:\/\/humaneaty.fr\/wp-content\/uploads\/2024\/04\/Couverture-retraite-et-societe-2019_RS_La-personne-agee-isolee-denutrie-Sonia-Bouima-chercheuse-anthropologie-de-l-alimentation.png\" data-orig-src=\"http:\/\/humaneaty.fr\/wp-content\/uploads\/2024\/04\/Couverture-retraite-et-societe-2019_RS_La-personne-agee-isolee-denutrie-Sonia-Bouima-chercheuse-anthropologie-de-l-alimentation-400x621.png\" class=\"lazyload img-responsive wp-image-2150\" srcset=\"data:image\/svg+xml,%3Csvg%20xmlns%3D%27http%3A%2F%2Fwww.w3.org%2F2000%2Fsvg%27%20width%3D%27510%27%20height%3D%27792%27%20viewBox%3D%270%200%20510%20792%27%3E%3Crect%20width%3D%27510%27%20height%3D%27792%27%20fill-opacity%3D%220%22%2F%3E%3C%2Fsvg%3E\" data-srcset=\"https:\/\/humaneaty.fr\/wp-content\/uploads\/2024\/04\/Couverture-retraite-et-societe-2019_RS_La-personne-agee-isolee-denutrie-Sonia-Bouima-chercheuse-anthropologie-de-l-alimentation-200x311.png 200w, https:\/\/humaneaty.fr\/wp-content\/uploads\/2024\/04\/Couverture-retraite-et-societe-2019_RS_La-personne-agee-isolee-denutrie-Sonia-Bouima-chercheuse-anthropologie-de-l-alimentation-400x621.png 400w, https:\/\/humaneaty.fr\/wp-content\/uploads\/2024\/04\/Couverture-retraite-et-societe-2019_RS_La-personne-agee-isolee-denutrie-Sonia-Bouima-chercheuse-anthropologie-de-l-alimentation.png 510w\" data-sizes=\"auto\" data-orig-sizes=\"(max-width: 640px) 100vw, 400px\" \/><\/a><\/span><\/div><\/div><\/div><div class=\"fusion-layout-column fusion_builder_column fusion-builder-column-13 fusion_builder_column_1_1 1_1 fusion-flex-column\" style=\"--awb-bg-size:cover;--awb-width-large:100%;--awb-margin-top-large:0px;--awb-spacing-right-large:2.375%;--awb-margin-bottom-large:95px;--awb-spacing-left-large:2.375%;--awb-width-medium:100%;--awb-order-medium:0;--awb-spacing-right-medium:2.375%;--awb-spacing-left-medium:2.375%;--awb-width-small:100%;--awb-order-small:0;--awb-spacing-right-small:2.375%;--awb-spacing-left-small:2.375%;\"><div class=\"fusion-column-wrapper fusion-column-has-shadow fusion-flex-justify-content-flex-start fusion-content-layout-column\"><\/div><\/div><div class=\"fusion-layout-column fusion_builder_column fusion-builder-column-14 fusion_builder_column_4_5 4_5 fusion-flex-column\" style=\"--awb-bg-size:cover;--awb-width-large:80%;--awb-margin-top-large:0px;--awb-spacing-right-large:2.96875%;--awb-margin-bottom-large:20px;--awb-spacing-left-large:2.96875%;--awb-width-medium:80%;--awb-order-medium:0;--awb-spacing-right-medium:2.96875%;--awb-spacing-left-medium:2.96875%;--awb-width-small:100%;--awb-order-small:0;--awb-spacing-right-small:2.375%;--awb-spacing-left-small:2.375%;\"><div class=\"fusion-column-wrapper fusion-column-has-shadow fusion-flex-justify-content-flex-start fusion-content-layout-column\"><div class=\"fusion-text fusion-text-7\"><h2 style=\"color: var(--awb-custom10);\">Manger et cuisiner ensemble pour \u00ab bien-vieillir \u00bb : quand l\u2019action sociale donne corps aux recommandations officielles<\/h2>\n<\/div><div class=\"fusion-text fusion-text-8\" style=\"--awb-font-size:15px;--awb-line-height:1.5;\"><p><span style=\"color: #000000;\"><strong>Auteur(s) :<\/strong> Sonia Bouima, sous la dir. de S\u00e9verine Gojard<\/span><\/p>\n<p><span style=\"color: #000000;\"><strong>Ann\u00e9e de publication :<\/strong> 2019<\/span><\/p>\n<p><span style=\"color: #000000;\"><strong>Th\u00e8se :<\/strong> Doctorat en sciences sociales de l\u2019universit\u00e9 Paris Saclay\/AgroParisTech<\/span><\/p>\n<p><span style=\"color: #000000;\"><strong>R\u00e9sum\u00e9 :<\/strong> Une synth\u00e8se de 40 pages r\u00e9sumant les principaux apports de ma recherche doctorale r\u00e9alis\u00e9e entre 2015 et 2019 au sein de plusieurs structures qui proposent des ateliers culinaires et des repas partag\u00e9s en vue de lutter contre l\u2019isolement et la d\u00e9nutrition des personnes \u00e2g\u00e9es.<\/span><\/p>\n<\/div><div ><a class=\"fusion-button button-flat fusion-button-default-size button-default fusion-button-default button-5 fusion-button-default-span fusion-button-default-type\" target=\"_self\" href=\"https:\/\/theses.fr\/2019SACLA017\"><span class=\"fusion-button-text awb-button__text awb-button__text--default\">En apprendre plus ! <\/span><\/a><\/div><\/div><\/div><div class=\"fusion-layout-column fusion_builder_column fusion-builder-column-15 fusion_builder_column_1_5 1_5 fusion-flex-column\" style=\"--awb-bg-size:cover;--awb-width-large:20%;--awb-margin-top-large:0px;--awb-spacing-right-large:11.875%;--awb-margin-bottom-large:20px;--awb-spacing-left-large:11.875%;--awb-width-medium:20%;--awb-order-medium:0;--awb-spacing-right-medium:11.875%;--awb-spacing-left-medium:11.875%;--awb-width-small:100%;--awb-order-small:0;--awb-spacing-right-small:2.375%;--awb-spacing-left-small:2.375%;\"><div class=\"fusion-column-wrapper fusion-column-has-shadow fusion-flex-justify-content-flex-start fusion-content-layout-column\"><div class=\"fusion-image-element \" style=\"--awb-caption-title-font-family:var(--h2_typography-font-family);--awb-caption-title-font-weight:var(--h2_typography-font-weight);--awb-caption-title-font-style:var(--h2_typography-font-style);--awb-caption-title-size:var(--h2_typography-font-size);--awb-caption-title-transform:var(--h2_typography-text-transform);--awb-caption-title-line-height:var(--h2_typography-line-height);--awb-caption-title-letter-spacing:var(--h2_typography-letter-spacing);\"><span class=\" fusion-imageframe imageframe-none imageframe-5 hover-type-none\"><a class=\"fusion-no-lightbox\" href=\"https:\/\/kdrive.infomaniak.com\/app\/share\/877430\/ae7a04af-9d0d-422e-80aa-ac7a82ede564\" target=\"_self\" aria-label=\"Humaneaty-humanisme-socio-anthropologie-de-l-alimentation-publications-these-manger-et-cuisiner-ensemble&#8211;pour-bien-villir-Sonia-Bouima-Villefranche-sur-Saone\"><img decoding=\"async\" width=\"721\" height=\"964\" src=\"https:\/\/humaneaty.fr\/wp-content\/uploads\/2024\/05\/Humaneaty-humanisme-socio-anthropologie-de-l-alimentation-publications-these-manger-et-cuisiner-ensemble-pour-bien-villir-Sonia-Bouima-Villefranche-sur-Saone.png\" data-orig-src=\"http:\/\/humaneaty.fr\/wp-content\/uploads\/2024\/05\/Humaneaty-humanisme-socio-anthropologie-de-l-alimentation-publications-these-manger-et-cuisiner-ensemble-pour-bien-villir-Sonia-Bouima-Villefranche-sur-Saone.png\" alt class=\"lazyload img-responsive wp-image-2457\" srcset=\"data:image\/svg+xml,%3Csvg%20xmlns%3D%27http%3A%2F%2Fwww.w3.org%2F2000%2Fsvg%27%20width%3D%27721%27%20height%3D%27964%27%20viewBox%3D%270%200%20721%20964%27%3E%3Crect%20width%3D%27721%27%20height%3D%27964%27%20fill-opacity%3D%220%22%2F%3E%3C%2Fsvg%3E\" data-srcset=\"https:\/\/humaneaty.fr\/wp-content\/uploads\/2024\/05\/Humaneaty-humanisme-socio-anthropologie-de-l-alimentation-publications-these-manger-et-cuisiner-ensemble-pour-bien-villir-Sonia-Bouima-Villefranche-sur-Saone-200x267.png 200w, https:\/\/humaneaty.fr\/wp-content\/uploads\/2024\/05\/Humaneaty-humanisme-socio-anthropologie-de-l-alimentation-publications-these-manger-et-cuisiner-ensemble-pour-bien-villir-Sonia-Bouima-Villefranche-sur-Saone-400x535.png 400w, https:\/\/humaneaty.fr\/wp-content\/uploads\/2024\/05\/Humaneaty-humanisme-socio-anthropologie-de-l-alimentation-publications-these-manger-et-cuisiner-ensemble-pour-bien-villir-Sonia-Bouima-Villefranche-sur-Saone-600x802.png 600w, https:\/\/humaneaty.fr\/wp-content\/uploads\/2024\/05\/Humaneaty-humanisme-socio-anthropologie-de-l-alimentation-publications-these-manger-et-cuisiner-ensemble-pour-bien-villir-Sonia-Bouima-Villefranche-sur-Saone.png 721w\" data-sizes=\"auto\" data-orig-sizes=\"(max-width: 640px) 100vw, 400px\" \/><\/a><\/span><\/div><\/div><\/div><\/div><\/div><div class=\"fusion-fullwidth fullwidth-box fusion-builder-row-3 fusion-flex-container has-pattern-background has-mask-background nonhundred-percent-fullwidth non-hundred-percent-height-scrolling\" style=\"--awb-border-radius-top-left:0px;--awb-border-radius-top-right:0px;--awb-border-radius-bottom-right:0px;--awb-border-radius-bottom-left:0px;--awb-flex-wrap:wrap;\" ><div class=\"fusion-builder-row fusion-row fusion-flex-align-items-flex-start fusion-flex-content-wrap\" style=\"max-width:1365px;margin-left: calc(-5% \/ 2 );margin-right: calc(-5% \/ 2 );\"><\/div><\/div><\/p>\n","protected":false},"excerpt":{"rendered":"","protected":false},"author":2,"featured_media":1319,"parent":0,"menu_order":0,"comment_status":"closed","ping_status":"closed","template":"100-width.php","meta":{"content-type":"","om_disable_all_campaigns":false,"_monsterinsights_skip_tracking":false,"_monsterinsights_sitenote_active":false,"_monsterinsights_sitenote_note":"","_monsterinsights_sitenote_category":0,"footnotes":""},"aioseo_notices":[],"_links":{"self":[{"href":"https:\/\/humaneaty.fr\/index.php?rest_route=\/wp\/v2\/pages\/1000"}],"collection":[{"href":"https:\/\/humaneaty.fr\/index.php?rest_route=\/wp\/v2\/pages"}],"about":[{"href":"https:\/\/humaneaty.fr\/index.php?rest_route=\/wp\/v2\/types\/page"}],"author":[{"embeddable":true,"href":"https:\/\/humaneaty.fr\/index.php?rest_route=\/wp\/v2\/users\/2"}],"replies":[{"embeddable":true,"href":"https:\/\/humaneaty.fr\/index.php?rest_route=%2Fwp%2Fv2%2Fcomments&post=1000"}],"version-history":[{"count":24,"href":"https:\/\/humaneaty.fr\/index.php?rest_route=\/wp\/v2\/pages\/1000\/revisions"}],"predecessor-version":[{"id":2562,"href":"https:\/\/humaneaty.fr\/index.php?rest_route=\/wp\/v2\/pages\/1000\/revisions\/2562"}],"wp:featuredmedia":[{"embeddable":true,"href":"https:\/\/humaneaty.fr\/index.php?rest_route=\/"}],"wp:attachment":[{"href":"https:\/\/humaneaty.fr\/index.php?rest_route=%2Fwp%2Fv2%2Fmedia&parent=1000"}],"curies":[{"name":"wp","href":"https:\/\/api.w.org\/{rel}","templated":true}]}}