{"id":2280,"date":"2024-05-11T08:54:55","date_gmt":"2024-05-11T08:54:55","guid":{"rendered":"https:\/\/humaneaty.fr\/?page_id=2280"},"modified":"2024-05-13T03:48:41","modified_gmt":"2024-05-13T03:48:41","slug":"mes-projets-en-cours","status":"publish","type":"page","link":"https:\/\/humaneaty.fr\/?page_id=2280","title":{"rendered":"Mes projets en cours"},"content":{"rendered":"<p><div class=\"fusion-fullwidth fullwidth-box fusion-builder-row-1 fusion-flex-container hundred-percent-fullwidth non-hundred-percent-height-scrolling fusion-no-small-visibility fusion-no-medium-visibility\" style=\"--link_hover_color: rgba(255,135,31,1);--link_color: #47c7cd;--awb-border-sizes-top:0;--awb-border-sizes-bottom:0;--awb-border-sizes-left:0;--awb-border-sizes-right:0;--awb-border-color:#ffffff;--awb-border-radius-top-left:0px;--awb-border-radius-top-right:0px;--awb-border-radius-bottom-right:0px;--awb-border-radius-bottom-left:0px;--awb-padding-top:35px;--awb-padding-right:35px;--awb-padding-bottom:0px;--awb-padding-left:35px;--awb-margin-top:0px;--awb-margin-bottom:0px;--awb-background-color:#ffffff;--awb-flex-wrap:wrap;\" ><div class=\"fusion-builder-row fusion-row fusion-flex-align-items-center fusion-flex-justify-content-center fusion-flex-content-wrap\" style=\"width:104% !important;max-width:104% !important;margin-left: calc(-4% \/ 2 );margin-right: calc(-4% \/ 2 );\"><div class=\"fusion-layout-column fusion_builder_column fusion-builder-column-0 fusion_builder_column_1_1 1_1 fusion-flex-column fusion-animated\" style=\"--awb-padding-top:10vw;--awb-padding-right:10vw;--awb-padding-bottom:10vw;--awb-padding-left:10vw;--awb-overflow:hidden;--awb-bg-color:#ffffff;--awb-bg-color-hover:#ffffff;--awb-bg-image:linear-gradient(180deg, rgba(20,27,31,0.1) 0%,rgba(26,93,96,0.4) 100%);;--awb-bg-position:center center;--awb-bg-size:cover;--awb-border-radius:20px 20px 20px 20px;--awb-width-large:100%;--awb-margin-top-large:0px;--awb-spacing-right-large:1.92%;--awb-margin-bottom-large:60px;--awb-spacing-left-large:1.92%;--awb-width-medium:100%;--awb-order-medium:0;--awb-spacing-right-medium:1.92%;--awb-spacing-left-medium:1.92%;--awb-width-small:100%;--awb-order-small:0;--awb-spacing-right-small:1.92%;--awb-spacing-left-small:1.92%;\" data-animationType=\"fadeInUp\" data-animationDuration=\"1.3\" data-animationOffset=\"top-into-view\"><div class=\"fusion-column-wrapper lazyload fusion-column-has-shadow fusion-flex-justify-content-flex-start fusion-content-layout-column fusion-column-has-bg-image\" data-bg-url=\"http:\/\/humaneaty.fr\/wp-content\/uploads\/2024\/05\/Lien-social-mains-figurines-1-scaled.jpg\" data-bg=\"http:\/\/humaneaty.fr\/wp-content\/uploads\/2024\/05\/Lien-social-mains-figurines-1-scaled.jpg\" data-bg-gradient=\"linear-gradient(180deg, rgba(20,27,31,0.1) 0%,rgba(26,93,96,0.4) 100%)\"><div class=\"fusion-builder-row fusion-builder-row-inner fusion-row fusion-flex-align-items-center fusion-flex-justify-content-center fusion-flex-content-wrap\" style=\"width:104% !important;max-width:104% !important;margin-left: calc(-4% \/ 2 );margin-right: calc(-4% \/ 2 );\"><div class=\"fusion-layout-column fusion_builder_column_inner fusion-builder-nested-column-0 fusion_builder_column_inner_1_1 1_1 fusion-flex-column\" style=\"--awb-padding-right-small:0px;--awb-padding-left-small:0px;--awb-bg-size:cover;--awb-width-large:100%;--awb-margin-top-large:0px;--awb-spacing-right-large:1.92%;--awb-margin-bottom-large:0px;--awb-spacing-left-large:1.92%;--awb-width-medium:100%;--awb-order-medium:0;--awb-spacing-right-medium:1.92%;--awb-spacing-left-medium:1.92%;--awb-width-small:100%;--awb-order-small:0;--awb-spacing-right-small:1.92%;--awb-spacing-left-small:1.92%;\"><div class=\"fusion-column-wrapper fusion-column-has-shadow fusion-flex-justify-content-flex-start fusion-content-layout-column\"><div class=\"fusion-title title fusion-title-1 fusion-no-small-visibility fusion-no-medium-visibility fusion-sep-none fusion-title-text fusion-title-size-one\" style=\"--awb-text-color:#ffffff;--awb-margin-top:0px;--awb-margin-bottom:30px;--awb-sep-color:#d1d1d1;--awb-font-size:80px;\"><h1 class=\"fusion-title-heading title-heading-left fusion-responsive-typography-calculated\" style=\"font-family:&quot;Volkhov&quot;;font-style:normal;font-weight:400;margin:0;font-size:1em;text-transform:var(--awb-typography1-text-transform);--fontSize:80;line-height:1.2;\">Mes projets en cours<br \/><\/h1><\/div><div class=\"fusion-title title fusion-title-2 fusion-no-large-visibility fusion-sep-none fusion-title-text fusion-title-size-one\" style=\"--awb-text-color:#ffffff;--awb-margin-top:0px;--awb-margin-bottom:30px;--awb-sep-color:#d1d1d1;--awb-font-size:54px;\"><h1 class=\"fusion-title-heading title-heading-left fusion-responsive-typography-calculated\" style=\"font-family:&quot;Volkhov&quot;;font-style:normal;font-weight:400;margin:0;font-size:1em;text-transform:var(--awb-typography1-text-transform);--fontSize:54;line-height:1.11;\">Best organic food<\/h1><\/div><div class=\"fusion-text fusion-text-1 fusion-text-no-margin\" style=\"--awb-font-size:22px;--awb-line-height:1.7;--awb-letter-spacing:0px;--awb-text-transform:var(--awb-typography4-text-transform);--awb-text-color:#ffffff;--awb-margin-right:30%;--awb-margin-bottom:45px;--awb-text-font-family:&quot;Roboto&quot;;--awb-text-font-style:normal;--awb-text-font-weight:400;\"><p>D\u00e9couvrez mes divers projets en cours de r\u00e9alisation ! <\/p>\n<\/div><div ><a class=\"fusion-button button-flat fusion-button-default-size button-custom fusion-button-default button-1 fusion-button-default-span \" style=\"--button_bevel_color:#47c7cd;--button_bevel_color_hover:#47c7cd;--button_accent_color:#ffffff;--button_border_color:var(--awb-color5);--button_accent_hover_color:#ffffff;--button_border_hover_color:#47c7cd;--button_border_width-top:0px;--button_border_width-right:0px;--button_border_width-bottom:0px;--button_border_width-left:0px;--button_gradient_top_color:var(--awb-color5);--button_gradient_bottom_color:var(--awb-color5);--button_gradient_top_color_hover:rgba(48,170,176,1);--button_gradient_bottom_color_hover:rgba(48,170,176,1);--button_text_transform:var(--awb-typography3-text-transform);--button_font_size:17px;--button_line_height:1.7;--button_padding-top:20px;--button_padding-right:40px;--button_padding-bottom:20px;--button_padding-left:40px;--button_typography-letter-spacing:0px;--button_typography-font-family:&quot;Roboto&quot;;--button_typography-font-style:normal;--button_typography-font-weight:400;\" target=\"_self\" href=\"https:\/\/humaneaty.fr\/?page_id=869\"><i class=\"fa-arrow-alt-circle-right fas awb-button__icon awb-button__icon--default button-icon-left\" aria-hidden=\"true\"><\/i><span class=\"fusion-button-text awb-button__text awb-button__text--default\">Qui suis-je ? <br \/><\/span><\/a><\/div><\/div><\/div><\/div><\/div><\/div><\/div><\/div><div class=\"fusion-fullwidth fullwidth-box fusion-builder-row-2 fusion-flex-container hundred-percent-fullwidth non-hundred-percent-height-scrolling fusion-no-small-visibility fusion-no-large-visibility\" style=\"--link_hover_color: rgba(255,135,31,1);--link_color: #47c7cd;--awb-border-sizes-top:0;--awb-border-sizes-bottom:0;--awb-border-sizes-left:0;--awb-border-sizes-right:0;--awb-border-color:#ffffff;--awb-border-radius-top-left:0px;--awb-border-radius-top-right:0px;--awb-border-radius-bottom-right:0px;--awb-border-radius-bottom-left:0px;--awb-padding-top:35px;--awb-padding-right:35px;--awb-padding-bottom:0px;--awb-padding-left:35px;--awb-margin-top:0px;--awb-margin-bottom:0px;--awb-background-color:#ffffff;--awb-flex-wrap:wrap;\" ><div class=\"fusion-builder-row fusion-row fusion-flex-align-items-center fusion-flex-justify-content-center fusion-flex-content-wrap\" style=\"width:104% !important;max-width:104% !important;margin-left: calc(-4% \/ 2 );margin-right: calc(-4% \/ 2 );\"><div class=\"fusion-layout-column fusion_builder_column fusion-builder-column-1 fusion_builder_column_1_1 1_1 fusion-flex-column fusion-animated\" style=\"--awb-padding-top:10vw;--awb-padding-right:10vw;--awb-padding-bottom:10vw;--awb-padding-left:10vw;--awb-overflow:hidden;--awb-bg-color:#ffffff;--awb-bg-color-hover:#ffffff;--awb-bg-image:linear-gradient(180deg, rgba(20,27,31,0.1) 0%,rgba(26,93,96,0.4) 100%);;--awb-bg-position:center center;--awb-bg-size:cover;--awb-border-radius:20px 20px 20px 20px;--awb-width-large:100%;--awb-margin-top-large:0px;--awb-spacing-right-large:1.92%;--awb-margin-bottom-large:60px;--awb-spacing-left-large:1.92%;--awb-width-medium:100%;--awb-order-medium:0;--awb-spacing-right-medium:1.92%;--awb-spacing-left-medium:1.92%;--awb-width-small:100%;--awb-order-small:0;--awb-spacing-right-small:1.92%;--awb-spacing-left-small:1.92%;\" data-animationType=\"fadeInUp\" data-animationDuration=\"1.3\" data-animationOffset=\"top-into-view\"><div class=\"fusion-column-wrapper lazyload fusion-column-has-shadow fusion-flex-justify-content-flex-start fusion-content-layout-column fusion-column-has-bg-image\" data-bg-url=\"http:\/\/humaneaty.fr\/wp-content\/uploads\/2024\/05\/Lien-social-mains-figurines-1-scaled.jpg\" data-bg=\"http:\/\/humaneaty.fr\/wp-content\/uploads\/2024\/05\/Lien-social-mains-figurines-1-scaled.jpg\" data-bg-gradient=\"linear-gradient(180deg, rgba(20,27,31,0.1) 0%,rgba(26,93,96,0.4) 100%)\"><div class=\"fusion-builder-row fusion-builder-row-inner fusion-row fusion-flex-align-items-center fusion-flex-justify-content-center fusion-flex-content-wrap\" style=\"width:104% !important;max-width:104% !important;margin-left: calc(-4% \/ 2 );margin-right: calc(-4% \/ 2 );\"><div class=\"fusion-layout-column fusion_builder_column_inner fusion-builder-nested-column-1 fusion_builder_column_inner_1_1 1_1 fusion-flex-column\" style=\"--awb-padding-right-small:0px;--awb-padding-left-small:0px;--awb-bg-size:cover;--awb-width-large:100%;--awb-margin-top-large:0px;--awb-spacing-right-large:1.92%;--awb-margin-bottom-large:0px;--awb-spacing-left-large:1.92%;--awb-width-medium:100%;--awb-order-medium:0;--awb-spacing-right-medium:1.92%;--awb-spacing-left-medium:1.92%;--awb-width-small:100%;--awb-order-small:0;--awb-spacing-right-small:1.92%;--awb-spacing-left-small:1.92%;\"><div class=\"fusion-column-wrapper fusion-column-has-shadow fusion-flex-justify-content-flex-start fusion-content-layout-column\"><div class=\"fusion-title title fusion-title-3 fusion-no-small-visibility fusion-no-medium-visibility fusion-sep-none fusion-title-text fusion-title-size-one\" style=\"--awb-text-color:#ffffff;--awb-margin-top:0px;--awb-margin-bottom:30px;--awb-sep-color:#d1d1d1;--awb-font-size:80px;\"><h1 class=\"fusion-title-heading title-heading-left fusion-responsive-typography-calculated\" style=\"font-family:&quot;Volkhov&quot;;font-style:normal;font-weight:400;margin:0;font-size:1em;text-transform:var(--awb-typography1-text-transform);--fontSize:80;line-height:1.2;\">Mes projets en cours<br \/><\/h1><\/div><div class=\"fusion-title title fusion-title-4 fusion-no-large-visibility fusion-sep-none fusion-title-text fusion-title-size-one\" style=\"--awb-text-color:#ffffff;--awb-margin-top:0px;--awb-margin-bottom:30px;--awb-sep-color:#d1d1d1;--awb-font-size:54px;\"><h1 class=\"fusion-title-heading title-heading-left fusion-responsive-typography-calculated\" style=\"font-family:&quot;Volkhov&quot;;font-style:normal;font-weight:400;margin:0;font-size:1em;text-transform:var(--awb-typography1-text-transform);--fontSize:54;line-height:1.11;\">Best organic food<\/h1><\/div><div class=\"fusion-text fusion-text-2 fusion-text-no-margin\" style=\"--awb-font-size:22px;--awb-line-height:1.7;--awb-letter-spacing:0px;--awb-text-transform:var(--awb-typography4-text-transform);--awb-text-color:#ffffff;--awb-margin-right:30%;--awb-margin-bottom:45px;--awb-text-font-family:&quot;Roboto&quot;;--awb-text-font-style:normal;--awb-text-font-weight:400;\"><p>D\u00e9couvrez mes divers projets en cours de r\u00e9alisation ! <\/p>\n<\/div><div ><a class=\"fusion-button button-flat fusion-button-default-size button-custom fusion-button-default button-2 fusion-button-default-span \" style=\"--button_bevel_color:#47c7cd;--button_bevel_color_hover:#47c7cd;--button_accent_color:#ffffff;--button_border_color:var(--awb-color5);--button_accent_hover_color:#ffffff;--button_border_hover_color:#47c7cd;--button_border_width-top:0px;--button_border_width-right:0px;--button_border_width-bottom:0px;--button_border_width-left:0px;--button_gradient_top_color:var(--awb-color5);--button_gradient_bottom_color:var(--awb-color5);--button_gradient_top_color_hover:rgba(48,170,176,1);--button_gradient_bottom_color_hover:rgba(48,170,176,1);--button_text_transform:var(--awb-typography3-text-transform);--button_font_size:17px;--button_line_height:1.7;--button_padding-top:20px;--button_padding-right:40px;--button_padding-bottom:20px;--button_padding-left:40px;--button_typography-letter-spacing:0px;--button_typography-font-family:&quot;Roboto&quot;;--button_typography-font-style:normal;--button_typography-font-weight:400;\" target=\"_self\" href=\"https:\/\/humaneaty.fr\/?page_id=869\"><i class=\"fa-arrow-alt-circle-right fas awb-button__icon awb-button__icon--default button-icon-left\" aria-hidden=\"true\"><\/i><span class=\"fusion-button-text awb-button__text awb-button__text--default\">Qui suis-je ? <br \/><\/span><\/a><\/div><\/div><\/div><\/div><\/div><\/div><\/div><\/div><div class=\"fusion-fullwidth fullwidth-box fusion-builder-row-3 fusion-flex-container has-pattern-background has-mask-background nonhundred-percent-fullwidth non-hundred-percent-height-scrolling fusion-no-medium-visibility fusion-no-large-visibility\" style=\"--awb-border-radius-top-left:0px;--awb-border-radius-top-right:0px;--awb-border-radius-bottom-right:0px;--awb-border-radius-bottom-left:0px;--awb-padding-bottom-small:54px;--awb-background-image-small:url(&#039;http:\/\/humaneaty.fr\/wp-content\/uploads\/2024\/05\/Lien-social-mains-figurines-1024x683.png&#039;);--awb-flex-wrap:wrap;\" ><div class=\"fusion-builder-row fusion-row fusion-flex-align-items-flex-start fusion-flex-content-wrap\" style=\"max-width:1365px;margin-left: calc(-5% \/ 2 );margin-right: calc(-5% \/ 2 );\"><div class=\"fusion-layout-column fusion_builder_column fusion-builder-column-2 fusion_builder_column_1_1 1_1 fusion-flex-column\" style=\"--awb-padding-top-small:0px;--awb-bg-size:cover;--awb-width-large:100%;--awb-margin-top-large:0px;--awb-spacing-right-large:2.375%;--awb-margin-bottom-large:20px;--awb-spacing-left-large:2.375%;--awb-width-medium:100%;--awb-order-medium:0;--awb-spacing-right-medium:2.375%;--awb-spacing-left-medium:2.375%;--awb-width-small:100%;--awb-order-small:0;--awb-margin-top-small:42px;--awb-spacing-right-small:2.375%;--awb-margin-bottom-small:0px;--awb-spacing-left-small:2.375%;\"><div class=\"fusion-column-wrapper fusion-column-has-shadow fusion-flex-justify-content-flex-start fusion-content-layout-column\"><div class=\"fusion-text fusion-text-3\"><h1><span style=\"color: #ffffff;\">Mes projets en cours<\/span><\/h1>\n<\/div><div class=\"fusion-text fusion-text-4\"><p><span style=\"color: #ffffff;\">D\u00e9couvrez mes divers projets en cours de r\u00e9alisation !<\/span><\/p>\n<\/div><\/div><\/div><\/div><\/div><div class=\"fusion-fullwidth fullwidth-box fusion-builder-row-4 fusion-flex-container hundred-percent-fullwidth non-hundred-percent-height-scrolling fusion-no-medium-visibility fusion-no-large-visibility\" style=\"--awb-border-radius-top-left:0px;--awb-border-radius-top-right:0px;--awb-border-radius-bottom-right:0px;--awb-border-radius-bottom-left:0px;--awb-padding-top:60px;--awb-padding-right:60px;--awb-padding-bottom:0px;--awb-padding-left:60px;--awb-margin-bottom:-150px;--awb-background-color:#ffffff;--awb-flex-wrap:wrap;\" ><div class=\"fusion-builder-row fusion-row fusion-flex-align-items-flex-start fusion-flex-content-wrap\" style=\"width:calc( 100% + 50px ) !important;max-width:calc( 100% + 50px ) !important;margin-left: calc(-50px \/ 2 );margin-right: calc(-50px \/ 2 );\"><div class=\"fusion-layout-column fusion_builder_column fusion-builder-column-3 fusion_builder_column_1_3 1_3 fusion-flex-column fusion-flex-align-self-stretch\" style=\"--awb-padding-bottom:-150px;--awb-padding-top-small:0px;--awb-bg-color:var(--awb-color7);--awb-bg-color-hover:var(--awb-color7);--awb-bg-size:cover;--awb-width-large:33.333333333333%;--awb-margin-top-large:0px;--awb-spacing-right-large:25px;--awb-margin-bottom-large:150px;--awb-spacing-left-large:25px;--awb-width-medium:33.333333333333%;--awb-order-medium:0;--awb-spacing-right-medium:25px;--awb-spacing-left-medium:25px;--awb-width-small:100%;--awb-order-small:0;--awb-spacing-right-small:25px;--awb-spacing-left-small:25px;\"><div class=\"fusion-column-wrapper fusion-column-has-shadow fusion-flex-justify-content-flex-start fusion-content-layout-column\"><div class=\"fusion-image-element \" style=\"--awb-margin-top:63px;--awb-margin-top-small:;--awb-caption-title-font-family:var(--h2_typography-font-family);--awb-caption-title-font-weight:var(--h2_typography-font-weight);--awb-caption-title-font-style:var(--h2_typography-font-style);--awb-caption-title-size:var(--h2_typography-font-size);--awb-caption-title-transform:var(--h2_typography-text-transform);--awb-caption-title-line-height:var(--h2_typography-line-height);--awb-caption-title-letter-spacing:var(--h2_typography-letter-spacing);\"><span class=\" fusion-imageframe imageframe-none imageframe-1 hover-type-none\"><img decoding=\"async\" width=\"800\" height=\"519\" alt=\"Projet-Socialim-precarite-alimentaire-Fondation-Croix-Rouge-Francaise-Humaneaty-Sonia-Bouima-Villefranche-sur-Saone-formation-recherche-ac\" title=\"Projet-Socialim-precarite-alimentaire-Fondation-Croix-Rouge Francaise-Humaneaty-Sonia-Bouima-Villefranche-sur-Saone-formation-recherche-ac\" src=\"https:\/\/humaneaty.fr\/wp-content\/uploads\/2024\/04\/Projet-Socialim-precarite-alimentaire-Fondation-Croix-Rouge-Francaise-Humaneaty-Sonia-Bouima-Villefranche-sur-Saone-formation-recherche-ac.png\" data-orig-src=\"http:\/\/humaneaty.fr\/wp-content\/uploads\/2024\/04\/Projet-Socialim-precarite-alimentaire-Fondation-Croix-Rouge-Francaise-Humaneaty-Sonia-Bouima-Villefranche-sur-Saone-formation-recherche-ac-800x519.png\" class=\"lazyload img-responsive wp-image-2126\" srcset=\"data:image\/svg+xml,%3Csvg%20xmlns%3D%27http%3A%2F%2Fwww.w3.org%2F2000%2Fsvg%27%20width%3D%27832%27%20height%3D%27540%27%20viewBox%3D%270%200%20832%20540%27%3E%3Crect%20width%3D%27832%27%20height%3D%27540%27%20fill-opacity%3D%220%22%2F%3E%3C%2Fsvg%3E\" data-srcset=\"https:\/\/humaneaty.fr\/wp-content\/uploads\/2024\/04\/Projet-Socialim-precarite-alimentaire-Fondation-Croix-Rouge-Francaise-Humaneaty-Sonia-Bouima-Villefranche-sur-Saone-formation-recherche-ac-200x130.png 200w, https:\/\/humaneaty.fr\/wp-content\/uploads\/2024\/04\/Projet-Socialim-precarite-alimentaire-Fondation-Croix-Rouge-Francaise-Humaneaty-Sonia-Bouima-Villefranche-sur-Saone-formation-recherche-ac-400x260.png 400w, https:\/\/humaneaty.fr\/wp-content\/uploads\/2024\/04\/Projet-Socialim-precarite-alimentaire-Fondation-Croix-Rouge-Francaise-Humaneaty-Sonia-Bouima-Villefranche-sur-Saone-formation-recherche-ac-600x389.png 600w, https:\/\/humaneaty.fr\/wp-content\/uploads\/2024\/04\/Projet-Socialim-precarite-alimentaire-Fondation-Croix-Rouge-Francaise-Humaneaty-Sonia-Bouima-Villefranche-sur-Saone-formation-recherche-ac-800x519.png 800w, https:\/\/humaneaty.fr\/wp-content\/uploads\/2024\/04\/Projet-Socialim-precarite-alimentaire-Fondation-Croix-Rouge-Francaise-Humaneaty-Sonia-Bouima-Villefranche-sur-Saone-formation-recherche-ac.png 832w\" data-sizes=\"auto\" data-orig-sizes=\"(max-width: 640px) 100vw, 600px\" \/><\/span><\/div><div class=\"fusion-builder-row fusion-builder-row-inner fusion-row fusion-flex-align-items-flex-start fusion-flex-content-wrap\" style=\"width:calc( 100% + 50px ) !important;max-width:calc( 100% + 50px ) !important;margin-left: calc(-50px \/ 2 );margin-right: calc(-50px \/ 2 );\"><div class=\"fusion-layout-column fusion_builder_column_inner fusion-builder-nested-column-2 fusion_builder_column_inner_1_1 1_1 fusion-flex-column fusion-flex-align-self-stretch\" style=\"--awb-padding-top:15%;--awb-padding-right:12%;--awb-padding-bottom:15%;--awb-padding-left:15%;--awb-padding-top-small:15.850000000000001px;--awb-padding-right-small:26.8667px;--awb-padding-bottom-small:25.85px;--awb-padding-left-small:33.85px;--awb-bg-color:var(--awb-color7);--awb-bg-color-hover:var(--awb-color7);--awb-bg-size:cover;--awb-width-large:100%;--awb-margin-top-large:0px;--awb-spacing-right-large:25px;--awb-margin-bottom-large:0px;--awb-spacing-left-large:25px;--awb-width-medium:100%;--awb-order-medium:0;--awb-spacing-right-medium:25px;--awb-spacing-left-medium:25px;--awb-width-small:100%;--awb-order-small:1;--awb-spacing-right-small:25px;--awb-spacing-left-small:25px;\"><div class=\"fusion-column-wrapper fusion-column-has-shadow fusion-flex-justify-content-flex-start fusion-content-layout-column\"><div class=\"fusion-title title fusion-title-5 fusion-sep-none fusion-title-text fusion-title-size-two\" style=\"--awb-text-color:#ffffff;--awb-margin-top:-30px;--awb-margin-bottom:30px;--awb-margin-bottom-medium:10px;--awb-font-size:30px;\"><h2 class=\"fusion-title-heading title-heading-left\" style=\"font-family:&quot;Lora&quot;;font-style:normal;font-weight:500;margin:0;font-size:1em;text-transform:var(--awb-typography1-text-transform);line-height:1.2;\"><p style=\"text-align: left;\">Pr\u00e9carit\u00e9 &amp; alimentation<\/p><\/h2><\/div><div class=\"fusion-text fusion-text-5 fusion-text-no-margin\" style=\"--awb-content-alignment:justify;--awb-font-size:14px;--awb-line-height:1.8;--awb-letter-spacing:0px;--awb-text-transform:none;--awb-text-color:#eff1f0;--awb-margin-bottom:-30px;\"><p>Le projet \u00ab Socialim \u00bb consiste en l\u2019analyse de l\u2019impact de la pr\u00e9carit\u00e9 sur l\u2019alimentation et la mani\u00e8re dont cette derni\u00e8re, \u00e0 travers ses sociabilit\u00e9s, peut constituer un levier d\u2019action sociale pertinent pour lutter contre la pr\u00e9carit\u00e9 et ses corollaires (malnutrition, disqualification sociale, isolement.)<\/p>\n<\/div><div class=\"fusion-separator fusion-full-width-sep\" style=\"align-self: center;margin-left: auto;margin-right: auto;flex-grow:1;width:100%;\"><\/div><div class=\"fusion-separator fusion-full-width-sep\" style=\"align-self: center;margin-left: auto;margin-right: auto;margin-bottom:60px;width:100%;\"><\/div><div ><a class=\"fusion-button button-3d fusion-button-default-size button-custom fusion-button-default button-3 fusion-button-span-yes \" style=\"--button_accent_color:var(--awb-color5);--button_border_color:#ffffff;--button_accent_hover_color:#ffffff;--button_border_hover_color:#ffffff;--button-border-radius-top-left:6px;--button-border-radius-top-right:6px;--button-border-radius-bottom-right:6px;--button-border-radius-bottom-left:6px;--button_gradient_top_color:var(--awb-color1);--button_gradient_bottom_color:var(--awb-color1);--button_gradient_top_color_hover:rgba(202,139,44,0);--button_gradient_bottom_color_hover:rgba(202,139,44,0);--button_text_transform:var(--awb-typography3-text-transform);--button_font_size:15px;--button_line_height:1.2;--button_padding-top:18px;--button_padding-bottom:18px;--button_typography-letter-spacing:0px;--button_typography-font-family:&quot;Roboto&quot;;--button_typography-font-style:normal;--button_typography-font-weight:500;--button_margin-top:-150px;--button_margin-right:20px;--button_margin-left:20px;width:calc(100% - 20px - 20px);\" target=\"_self\" href=\"https:\/\/www.fondation-croix-rouge.fr\/recherches-soutenues\/pour-une-approche-holistique-inclusive-et-participative-de-laide-alimentaire\/\"><span class=\"fusion-button-text awb-button__text awb-button__text--default\">D\u00e9couvrez le projet<\/span><\/a><\/div><\/div><\/div><\/div><\/div><\/div><div class=\"fusion-layout-column fusion_builder_column fusion-builder-column-4 fusion_builder_column_1_3 1_3 fusion-flex-column fusion-flex-align-self-stretch\" style=\"--awb-padding-bottom:-150px;--awb-bg-color:var(--awb-custom10);--awb-bg-color-hover:var(--awb-custom10);--awb-bg-size:cover;--awb-width-large:33.333333333333%;--awb-margin-top-large:0px;--awb-spacing-right-large:25px;--awb-margin-bottom-large:150px;--awb-spacing-left-large:25px;--awb-width-medium:33.333333333333%;--awb-order-medium:0;--awb-spacing-right-medium:25px;--awb-spacing-left-medium:25px;--awb-width-small:100%;--awb-order-small:0;--awb-spacing-right-small:25px;--awb-spacing-left-small:25px;\"><div class=\"fusion-column-wrapper fusion-column-has-shadow fusion-flex-justify-content-flex-start fusion-content-layout-column\"><div class=\"fusion-image-element \" style=\"--awb-caption-title-font-family:var(--h2_typography-font-family);--awb-caption-title-font-weight:var(--h2_typography-font-weight);--awb-caption-title-font-style:var(--h2_typography-font-style);--awb-caption-title-size:var(--h2_typography-font-size);--awb-caption-title-transform:var(--h2_typography-text-transform);--awb-caption-title-line-height:var(--h2_typography-line-height);--awb-caption-title-letter-spacing:var(--h2_typography-letter-spacing);\"><span class=\" fusion-imageframe imageframe-none imageframe-2 hover-type-none\"><img decoding=\"async\" width=\"832\" height=\"540\" title=\"Prana-restaurant-developpement-strategique-restaurant-vegetalien-et-vegan-\" src=\"https:\/\/humaneaty.fr\/wp-content\/uploads\/2024\/04\/Prana-restaurant-developpement-strategique-restaurant-vegetalien-et-vegan-.png\" data-orig-src=\"http:\/\/humaneaty.fr\/wp-content\/uploads\/2024\/04\/Prana-restaurant-developpement-strategique-restaurant-vegetalien-et-vegan-.png\" alt class=\"lazyload img-responsive wp-image-2127\" srcset=\"data:image\/svg+xml,%3Csvg%20xmlns%3D%27http%3A%2F%2Fwww.w3.org%2F2000%2Fsvg%27%20width%3D%27832%27%20height%3D%27540%27%20viewBox%3D%270%200%20832%20540%27%3E%3Crect%20width%3D%27832%27%20height%3D%27540%27%20fill-opacity%3D%220%22%2F%3E%3C%2Fsvg%3E\" data-srcset=\"https:\/\/humaneaty.fr\/wp-content\/uploads\/2024\/04\/Prana-restaurant-developpement-strategique-restaurant-vegetalien-et-vegan--200x130.png 200w, https:\/\/humaneaty.fr\/wp-content\/uploads\/2024\/04\/Prana-restaurant-developpement-strategique-restaurant-vegetalien-et-vegan--400x260.png 400w, https:\/\/humaneaty.fr\/wp-content\/uploads\/2024\/04\/Prana-restaurant-developpement-strategique-restaurant-vegetalien-et-vegan--600x389.png 600w, https:\/\/humaneaty.fr\/wp-content\/uploads\/2024\/04\/Prana-restaurant-developpement-strategique-restaurant-vegetalien-et-vegan--800x519.png 800w, https:\/\/humaneaty.fr\/wp-content\/uploads\/2024\/04\/Prana-restaurant-developpement-strategique-restaurant-vegetalien-et-vegan-.png 832w\" data-sizes=\"auto\" data-orig-sizes=\"(max-width: 640px) 100vw, 600px\" \/><\/span><\/div><div class=\"fusion-builder-row fusion-builder-row-inner fusion-row fusion-flex-align-items-flex-start fusion-flex-content-wrap\" style=\"width:calc( 100% + 50px ) !important;max-width:calc( 100% + 50px ) !important;margin-left: calc(-50px \/ 2 );margin-right: calc(-50px \/ 2 );\"><div class=\"fusion-layout-column fusion_builder_column_inner fusion-builder-nested-column-3 fusion_builder_column_inner_1_1 1_1 fusion-flex-column fusion-flex-align-self-stretch\" style=\"--awb-padding-top:15%;--awb-padding-right:12%;--awb-padding-bottom:18%;--awb-padding-left:15%;--awb-padding-top-small:0px;--awb-padding-right-small:32.8667px;--awb-padding-bottom-small:0.8167000000000009px;--awb-padding-left-small:35.85px;--awb-bg-color:var(--awb-custom10);--awb-bg-color-hover:var(--awb-custom10);--awb-bg-size:cover;--awb-width-large:100%;--awb-margin-top-large:0px;--awb-spacing-right-large:25px;--awb-margin-bottom-large:0px;--awb-spacing-left-large:25px;--awb-width-medium:100%;--awb-order-medium:0;--awb-spacing-right-medium:25px;--awb-spacing-left-medium:25px;--awb-width-small:100%;--awb-order-small:1;--awb-spacing-right-small:25px;--awb-margin-bottom-small:0px;--awb-spacing-left-small:25px;\"><div class=\"fusion-column-wrapper fusion-column-has-shadow fusion-flex-justify-content-flex-start fusion-content-layout-column\"><div class=\"fusion-title title fusion-title-6 fusion-sep-none fusion-title-text fusion-title-size-two\" style=\"--awb-text-color:#ffffff;--awb-margin-top:-30px;--awb-margin-bottom:30px;--awb-margin-bottom-medium:10px;--awb-font-size:30px;\"><h2 class=\"fusion-title-heading title-heading-left\" style=\"font-family:&quot;Lora&quot;;font-style:normal;font-weight:500;margin:0;font-size:1em;text-transform:var(--awb-typography1-text-transform);line-height:1.2;\"><p style=\"text-align: left;\">Prana Restaurant<\/p><\/h2><\/div><div class=\"fusion-text fusion-text-6 fusion-text-no-margin\" style=\"--awb-content-alignment:justify;--awb-font-size:14px;--awb-line-height:1.8;--awb-letter-spacing:0px;--awb-text-transform:none;--awb-text-color:#eff1f0;--awb-margin-bottom:-30px;\"><p>Depuis 2021, j\u2019accompagne le d\u00e9veloppement strat\u00e9gique et op\u00e9rationnel du restaurant v\u00e9g\u00e9talien et macrobiotique Prana&nbsp; \u00e0 Lyon : r\u00e9daction d\u2019une \u00ab&nbsp;charte \u00e9thique&nbsp;\u00bb et des protocoles m\u00e9tiers, d\u00e9veloppement d\u2019outils de gouvernance partag\u00e9s, cr\u00e9ation d\u2019un intranet, r\u00e9daction web\u2026<\/p>\n<\/div><div class=\"fusion-separator fusion-full-width-sep\" style=\"align-self: center;margin-left: auto;margin-right: auto;flex-grow:1;width:100%;\"><\/div><div class=\"fusion-separator fusion-full-width-sep\" style=\"align-self: center;margin-left: auto;margin-right: auto;margin-bottom:55px;width:100%;\"><\/div><div ><a class=\"fusion-button button-3d fusion-button-default-size button-custom fusion-button-default button-4 fusion-button-span-yes \" style=\"--button_accent_color:var(--awb-color6);--button_border_color:#ffffff;--button_accent_hover_color:#ffffff;--button_border_hover_color:#ffffff;--button-border-radius-top-left:6px;--button-border-radius-top-right:6px;--button-border-radius-bottom-right:6px;--button-border-radius-bottom-left:6px;--button_gradient_top_color:var(--awb-color1);--button_gradient_bottom_color:var(--awb-color1);--button_gradient_top_color_hover:rgba(202,139,44,0);--button_gradient_bottom_color_hover:rgba(202,139,44,0);--button_text_transform:var(--awb-typography3-text-transform);--button_font_size:15px;--button_line_height:1.2;--button_padding-top:18px;--button_padding-bottom:18px;--button_typography-letter-spacing:0px;--button_typography-font-family:&quot;Roboto&quot;;--button_typography-font-style:normal;--button_typography-font-weight:500;--button_margin-top:-60px;--button_margin-right:20px;--button_margin-bottom:50px;--button_margin-left:20px;width:calc(100% - 20px - 20px);\" target=\"_self\" href=\"https:\/\/www.prana-restaurant.fr\/\"><span class=\"fusion-button-text awb-button__text awb-button__text--default\">D\u00e9couvrez le projet<\/span><\/a><\/div><\/div><\/div><\/div><\/div><\/div><div class=\"fusion-layout-column fusion_builder_column fusion-builder-column-5 fusion_builder_column_1_3 1_3 fusion-flex-column fusion-flex-align-self-stretch\" style=\"--awb-padding-bottom:-150px;--awb-bg-color:var(--awb-color7);--awb-bg-color-hover:var(--awb-color7);--awb-bg-size:cover;--awb-width-large:33.333333333333%;--awb-margin-top-large:0px;--awb-spacing-right-large:25px;--awb-margin-bottom-large:150px;--awb-spacing-left-large:25px;--awb-width-medium:33.333333333333%;--awb-order-medium:0;--awb-spacing-right-medium:25px;--awb-spacing-left-medium:25px;--awb-width-small:100%;--awb-order-small:0;--awb-spacing-right-small:25px;--awb-spacing-left-small:25px;\"><div class=\"fusion-column-wrapper fusion-column-has-shadow fusion-flex-justify-content-flex-start fusion-content-layout-column\"><div class=\"fusion-image-element \" style=\"--awb-aspect-ratio: 100 \/ 64;--awb-margin-top:52px;--awb-margin-top-small:;--awb-caption-title-font-family:var(--h2_typography-font-family);--awb-caption-title-font-weight:var(--h2_typography-font-weight);--awb-caption-title-font-style:var(--h2_typography-font-style);--awb-caption-title-size:var(--h2_typography-font-size);--awb-caption-title-transform:var(--h2_typography-text-transform);--awb-caption-title-line-height:var(--h2_typography-line-height);--awb-caption-title-letter-spacing:var(--h2_typography-letter-spacing);\"><span class=\" fusion-imageframe imageframe-none imageframe-3 hover-type-none has-aspect-ratio\"><img decoding=\"async\" width=\"800\" height=\"519\" alt=\"fondatrice-module-alimentation-et-societe-ecole-internationnale-durable-et-solidaire-3A-Humaneaty-Sonia-Bouima-Villefrance-sur-saone\" title=\"fondatrice-module-alimentation-et-societe-ecole-internationnale-durable-et-solidaire-3A-Humaneaty-Sonia-Bouima-Villefrance-sur-saone\" src=\"https:\/\/humaneaty.fr\/wp-content\/uploads\/2024\/04\/fondatrice-module-alimentation-et-societe-ecole-internationnale-durable-et-solidaire-3A-Humaneaty-Sonia-Bouima-Villefrance-sur-saone.png\" data-orig-src=\"http:\/\/humaneaty.fr\/wp-content\/uploads\/2024\/04\/fondatrice-module-alimentation-et-societe-ecole-internationnale-durable-et-solidaire-3A-Humaneaty-Sonia-Bouima-Villefrance-sur-saone-800x519.png\" class=\"lazyload img-responsive wp-image-2129 img-with-aspect-ratio\" data-parent-fit=\"cover\" data-parent-container=\".fusion-image-element\" srcset=\"data:image\/svg+xml,%3Csvg%20xmlns%3D%27http%3A%2F%2Fwww.w3.org%2F2000%2Fsvg%27%20width%3D%27832%27%20height%3D%27540%27%20viewBox%3D%270%200%20832%20540%27%3E%3Crect%20width%3D%27832%27%20height%3D%27540%27%20fill-opacity%3D%220%22%2F%3E%3C%2Fsvg%3E\" data-srcset=\"https:\/\/humaneaty.fr\/wp-content\/uploads\/2024\/04\/fondatrice-module-alimentation-et-societe-ecole-internationnale-durable-et-solidaire-3A-Humaneaty-Sonia-Bouima-Villefrance-sur-saone-200x130.png 200w, https:\/\/humaneaty.fr\/wp-content\/uploads\/2024\/04\/fondatrice-module-alimentation-et-societe-ecole-internationnale-durable-et-solidaire-3A-Humaneaty-Sonia-Bouima-Villefrance-sur-saone-400x260.png 400w, https:\/\/humaneaty.fr\/wp-content\/uploads\/2024\/04\/fondatrice-module-alimentation-et-societe-ecole-internationnale-durable-et-solidaire-3A-Humaneaty-Sonia-Bouima-Villefrance-sur-saone-600x389.png 600w, https:\/\/humaneaty.fr\/wp-content\/uploads\/2024\/04\/fondatrice-module-alimentation-et-societe-ecole-internationnale-durable-et-solidaire-3A-Humaneaty-Sonia-Bouima-Villefrance-sur-saone-800x519.png 800w, https:\/\/humaneaty.fr\/wp-content\/uploads\/2024\/04\/fondatrice-module-alimentation-et-societe-ecole-internationnale-durable-et-solidaire-3A-Humaneaty-Sonia-Bouima-Villefrance-sur-saone.png 832w\" data-sizes=\"auto\" data-orig-sizes=\"(max-width: 640px) 100vw, 600px\" \/><\/span><\/div><div class=\"fusion-builder-row fusion-builder-row-inner fusion-row fusion-flex-align-items-flex-start fusion-flex-content-wrap\" style=\"width:calc( 100% + 50px ) !important;max-width:calc( 100% + 50px ) !important;margin-left: calc(-50px \/ 2 );margin-right: calc(-50px \/ 2 );\"><div class=\"fusion-layout-column fusion_builder_column_inner fusion-builder-nested-column-4 fusion_builder_column_inner_1_1 1_1 fusion-flex-column fusion-flex-align-self-stretch\" style=\"--awb-padding-top:15%;--awb-padding-right:12%;--awb-padding-bottom:15%;--awb-padding-left:15%;--awb-padding-top-small:20.799999999999997px;--awb-padding-right-small:30.8667px;--awb-padding-bottom-small:46.8px;--awb-padding-left-small:29.85px;--awb-bg-color:var(--awb-color7);--awb-bg-color-hover:var(--awb-color7);--awb-bg-size:cover;--awb-width-large:100%;--awb-margin-top-large:0px;--awb-spacing-right-large:25px;--awb-margin-bottom-large:0px;--awb-spacing-left-large:25px;--awb-width-medium:100%;--awb-order-medium:0;--awb-spacing-right-medium:25px;--awb-spacing-left-medium:25px;--awb-width-small:100%;--awb-order-small:1;--awb-spacing-right-small:25px;--awb-spacing-left-small:25px;\"><div class=\"fusion-column-wrapper fusion-column-has-shadow fusion-flex-justify-content-flex-start fusion-content-layout-column\"><div class=\"fusion-title title fusion-title-7 fusion-sep-none fusion-title-text fusion-title-size-two\" style=\"--awb-text-color:#ffffff;--awb-margin-top:-30px;--awb-margin-bottom:30px;--awb-margin-bottom-medium:10px;--awb-font-size:30px;\"><h2 class=\"fusion-title-heading title-heading-left\" style=\"font-family:&quot;Lora&quot;;font-style:normal;font-weight:500;margin:0;font-size:1em;text-transform:var(--awb-typography1-text-transform);line-height:1.2;\"><p style=\"text-align: left;\">Alimentation et soci\u00e9t\u00e9<\/p><\/h2><\/div><div class=\"fusion-text fusion-text-7\" style=\"--awb-content-alignment:justify;--awb-font-size:14px;--awb-line-height:1.8;--awb-letter-spacing:0px;--awb-text-transform:none;--awb-text-color:#eff1f0;\"><p>J\u2019ai cr\u00e9\u00e9 le module \u00ab alimentation et soci\u00e9t\u00e9 \u00bb au sein de <strong>l\u2019\u00e9cole de <\/strong><strong>commerce internationale durable et solidaire<\/strong><strong> 3A Lyon<\/strong> dans lequel je forme des futurs porteurs de projets humanitaires aux enjeux alimentaires contemporains (in\u00e9galit\u00e9s sociales de sant\u00e9, transition \u00e9cologique, pr\u00e9carit\u00e9, cultures, spiritualit\u00e9s, etc.)<\/p>\n<\/div><div class=\"fusion-separator fusion-full-width-sep\" style=\"align-self: center;margin-left: auto;margin-right: auto;flex-grow:1;width:100%;\"><\/div><div class=\"fusion-separator fusion-full-width-sep\" style=\"align-self: center;margin-left: auto;margin-right: auto;margin-bottom:20px;width:100%;\"><\/div><div ><a class=\"fusion-button button-3d fusion-button-default-size button-custom fusion-button-default button-5 fusion-button-span-yes \" style=\"--button_accent_color:var(--awb-color5);--button_border_color:#ffffff;--button_accent_hover_color:#ffffff;--button_border_hover_color:#ffffff;--button-border-radius-top-left:6px;--button-border-radius-top-right:6px;--button-border-radius-bottom-right:6px;--button-border-radius-bottom-left:6px;--button_gradient_top_color:var(--awb-color1);--button_gradient_bottom_color:var(--awb-color1);--button_gradient_top_color_hover:rgba(202,139,44,0);--button_gradient_bottom_color_hover:rgba(202,139,44,0);--button_text_transform:var(--awb-typography3-text-transform);--button_font_size:15px;--button_line_height:1.2;--button_padding-top:18px;--button_padding-bottom:18px;--button_typography-letter-spacing:0px;--button_typography-font-family:&quot;Roboto&quot;;--button_typography-font-style:normal;--button_typography-font-weight:500;--button_margin-top:-50px;--button_margin-right:20px;--button_margin-bottom:-20px;--button_margin-left:20px;width:calc(100% - 20px - 20px);\" target=\"_self\" href=\"https:\/\/www.ecole3a.edu\/campus\/lyon\"><span class=\"fusion-button-text awb-button__text awb-button__text--default\">D\u00e9couvrez le projet<\/span><\/a><\/div><\/div><\/div><\/div><\/div><\/div><\/div><\/div><div class=\"fusion-fullwidth fullwidth-box fusion-builder-row-5 fusion-flex-container hundred-percent-fullwidth non-hundred-percent-height-scrolling fusion-no-small-visibility fusion-no-medium-visibility\" style=\"--awb-border-radius-top-left:0px;--awb-border-radius-top-right:0px;--awb-border-radius-bottom-right:0px;--awb-border-radius-bottom-left:0px;--awb-padding-top:60px;--awb-padding-right:60px;--awb-padding-bottom:0px;--awb-padding-left:60px;--awb-margin-bottom:-150px;--awb-background-color:#ffffff;--awb-flex-wrap:wrap;\" ><div class=\"fusion-builder-row fusion-row fusion-flex-align-items-flex-start fusion-flex-content-wrap\" style=\"width:calc( 100% + 50px ) !important;max-width:calc( 100% + 50px ) !important;margin-left: calc(-50px \/ 2 );margin-right: calc(-50px \/ 2 );\"><div class=\"fusion-layout-column fusion_builder_column fusion-builder-column-6 fusion_builder_column_1_3 1_3 fusion-flex-column fusion-flex-align-self-stretch\" style=\"--awb-padding-bottom:-150px;--awb-bg-color:var(--awb-color7);--awb-bg-color-hover:var(--awb-color7);--awb-bg-size:cover;--awb-width-large:33.333333333333%;--awb-margin-top-large:0px;--awb-spacing-right-large:25px;--awb-margin-bottom-large:150px;--awb-spacing-left-large:25px;--awb-width-medium:33.333333333333%;--awb-order-medium:0;--awb-spacing-right-medium:25px;--awb-spacing-left-medium:25px;--awb-width-small:100%;--awb-order-small:0;--awb-spacing-right-small:25px;--awb-spacing-left-small:25px;\"><div class=\"fusion-column-wrapper fusion-column-has-shadow fusion-flex-justify-content-flex-start fusion-content-layout-column\"><div class=\"fusion-builder-row fusion-builder-row-inner fusion-row fusion-flex-align-items-flex-start fusion-flex-content-wrap\" style=\"width:calc( 100% + 50px ) !important;max-width:calc( 100% + 50px ) !important;margin-left: calc(-50px \/ 2 );margin-right: calc(-50px \/ 2 );\"><div class=\"fusion-layout-column fusion_builder_column_inner fusion-builder-nested-column-5 fusion_builder_column_inner_1_1 1_1 fusion-flex-column fusion-flex-align-self-stretch\" style=\"--awb-padding-top:15%;--awb-padding-right:12%;--awb-padding-bottom:15%;--awb-padding-left:15%;--awb-bg-color:var(--awb-color7);--awb-bg-color-hover:var(--awb-color7);--awb-bg-size:cover;--awb-width-large:100%;--awb-margin-top-large:0px;--awb-spacing-right-large:25px;--awb-margin-bottom-large:0px;--awb-spacing-left-large:25px;--awb-width-medium:100%;--awb-order-medium:0;--awb-spacing-right-medium:25px;--awb-spacing-left-medium:25px;--awb-width-small:100%;--awb-order-small:1;--awb-spacing-right-small:25px;--awb-spacing-left-small:25px;\"><div class=\"fusion-column-wrapper fusion-column-has-shadow fusion-flex-justify-content-flex-start fusion-content-layout-column\"><div class=\"fusion-title title fusion-title-8 fusion-sep-none fusion-title-text fusion-title-size-two\" style=\"--awb-text-color:#ffffff;--awb-margin-top:-30px;--awb-margin-bottom:30px;--awb-margin-bottom-medium:10px;--awb-font-size:30px;\"><h2 class=\"fusion-title-heading title-heading-left\" style=\"font-family:&quot;Lora&quot;;font-style:normal;font-weight:500;margin:0;font-size:1em;text-transform:var(--awb-typography1-text-transform);line-height:1.2;\"><p style=\"text-align: left;\">Pr\u00e9carit\u00e9 &amp; alimentation<\/p><\/h2><\/div><div class=\"fusion-text fusion-text-8 fusion-text-no-margin\" style=\"--awb-content-alignment:justify;--awb-font-size:14px;--awb-line-height:1.8;--awb-letter-spacing:0px;--awb-text-transform:none;--awb-text-color:#eff1f0;--awb-margin-bottom:-30px;\"><p>Le projet \u00ab Socialim \u00bb consiste en l\u2019analyse de l\u2019impact de la pr\u00e9carit\u00e9 sur l\u2019alimentation et la mani\u00e8re dont cette derni\u00e8re, \u00e0 travers ses sociabilit\u00e9s, peut constituer un levier d\u2019action sociale pertinent pour lutter contre la pr\u00e9carit\u00e9 et ses corollaires (malnutrition, disqualification sociale, isolement.)<\/p>\n<\/div><div class=\"fusion-separator fusion-full-width-sep\" style=\"align-self: center;margin-left: auto;margin-right: auto;flex-grow:1;width:100%;\"><\/div><div class=\"fusion-separator fusion-full-width-sep\" style=\"align-self: center;margin-left: auto;margin-right: auto;margin-bottom:25%;width:100%;\"><\/div><div ><a class=\"fusion-button button-3d fusion-button-default-size button-custom fusion-button-default button-6 fusion-button-span-yes \" style=\"--button_accent_color:var(--awb-color5);--button_border_color:#ffffff;--button_accent_hover_color:#ffffff;--button_border_hover_color:#ffffff;--button-border-radius-top-left:6px;--button-border-radius-top-right:6px;--button-border-radius-bottom-right:6px;--button-border-radius-bottom-left:6px;--button_gradient_top_color:var(--awb-color1);--button_gradient_bottom_color:var(--awb-color1);--button_gradient_top_color_hover:rgba(202,139,44,0);--button_gradient_bottom_color_hover:rgba(202,139,44,0);--button_text_transform:var(--awb-typography3-text-transform);--button_font_size:15px;--button_line_height:1.2;--button_padding-top:18px;--button_padding-bottom:18px;--button_typography-letter-spacing:0px;--button_typography-font-family:&quot;Roboto&quot;;--button_typography-font-style:normal;--button_typography-font-weight:500;--button_margin-right:20px;--button_margin-left:20px;width:calc(100% - 20px - 20px);\" target=\"_self\" href=\"https:\/\/www.fondation-croix-rouge.fr\/recherches-soutenues\/pour-une-approche-holistique-inclusive-et-participative-de-laide-alimentaire\/\"><span class=\"fusion-button-text awb-button__text awb-button__text--default\">D\u00e9couvrez le projet<\/span><\/a><\/div><\/div><\/div><\/div><div class=\"fusion-image-element \" style=\"--awb-margin-top:63px;--awb-caption-title-font-family:var(--h2_typography-font-family);--awb-caption-title-font-weight:var(--h2_typography-font-weight);--awb-caption-title-font-style:var(--h2_typography-font-style);--awb-caption-title-size:var(--h2_typography-font-size);--awb-caption-title-transform:var(--h2_typography-text-transform);--awb-caption-title-line-height:var(--h2_typography-line-height);--awb-caption-title-letter-spacing:var(--h2_typography-letter-spacing);\"><span class=\" fusion-imageframe imageframe-none imageframe-4 hover-type-none\"><img decoding=\"async\" width=\"800\" height=\"519\" alt=\"Projet-Socialim-precarite-alimentaire-Fondation-Croix-Rouge-Francaise-Humaneaty-Sonia-Bouima-Villefranche-sur-Saone-formation-recherche-ac\" title=\"Projet-Socialim-precarite-alimentaire-Fondation-Croix-Rouge Francaise-Humaneaty-Sonia-Bouima-Villefranche-sur-Saone-formation-recherche-ac\" src=\"https:\/\/humaneaty.fr\/wp-content\/uploads\/2024\/04\/Projet-Socialim-precarite-alimentaire-Fondation-Croix-Rouge-Francaise-Humaneaty-Sonia-Bouima-Villefranche-sur-Saone-formation-recherche-ac.png\" data-orig-src=\"http:\/\/humaneaty.fr\/wp-content\/uploads\/2024\/04\/Projet-Socialim-precarite-alimentaire-Fondation-Croix-Rouge-Francaise-Humaneaty-Sonia-Bouima-Villefranche-sur-Saone-formation-recherche-ac-800x519.png\" class=\"lazyload img-responsive wp-image-2126\" srcset=\"data:image\/svg+xml,%3Csvg%20xmlns%3D%27http%3A%2F%2Fwww.w3.org%2F2000%2Fsvg%27%20width%3D%27832%27%20height%3D%27540%27%20viewBox%3D%270%200%20832%20540%27%3E%3Crect%20width%3D%27832%27%20height%3D%27540%27%20fill-opacity%3D%220%22%2F%3E%3C%2Fsvg%3E\" data-srcset=\"https:\/\/humaneaty.fr\/wp-content\/uploads\/2024\/04\/Projet-Socialim-precarite-alimentaire-Fondation-Croix-Rouge-Francaise-Humaneaty-Sonia-Bouima-Villefranche-sur-Saone-formation-recherche-ac-200x130.png 200w, https:\/\/humaneaty.fr\/wp-content\/uploads\/2024\/04\/Projet-Socialim-precarite-alimentaire-Fondation-Croix-Rouge-Francaise-Humaneaty-Sonia-Bouima-Villefranche-sur-Saone-formation-recherche-ac-400x260.png 400w, https:\/\/humaneaty.fr\/wp-content\/uploads\/2024\/04\/Projet-Socialim-precarite-alimentaire-Fondation-Croix-Rouge-Francaise-Humaneaty-Sonia-Bouima-Villefranche-sur-Saone-formation-recherche-ac-600x389.png 600w, https:\/\/humaneaty.fr\/wp-content\/uploads\/2024\/04\/Projet-Socialim-precarite-alimentaire-Fondation-Croix-Rouge-Francaise-Humaneaty-Sonia-Bouima-Villefranche-sur-Saone-formation-recherche-ac-800x519.png 800w, https:\/\/humaneaty.fr\/wp-content\/uploads\/2024\/04\/Projet-Socialim-precarite-alimentaire-Fondation-Croix-Rouge-Francaise-Humaneaty-Sonia-Bouima-Villefranche-sur-Saone-formation-recherche-ac.png 832w\" data-sizes=\"auto\" data-orig-sizes=\"(max-width: 640px) 100vw, 800px\" \/><\/span><\/div><\/div><\/div><div class=\"fusion-layout-column fusion_builder_column fusion-builder-column-7 fusion_builder_column_1_3 1_3 fusion-flex-column fusion-flex-align-self-stretch\" style=\"--awb-padding-bottom:-150px;--awb-bg-color:var(--awb-custom10);--awb-bg-color-hover:var(--awb-custom10);--awb-bg-size:cover;--awb-width-large:33.333333333333%;--awb-margin-top-large:0px;--awb-spacing-right-large:25px;--awb-margin-bottom-large:150px;--awb-spacing-left-large:25px;--awb-width-medium:33.333333333333%;--awb-order-medium:0;--awb-spacing-right-medium:25px;--awb-spacing-left-medium:25px;--awb-width-small:100%;--awb-order-small:0;--awb-spacing-right-small:25px;--awb-spacing-left-small:25px;\"><div class=\"fusion-column-wrapper fusion-column-has-shadow fusion-flex-justify-content-flex-start fusion-content-layout-column\"><div class=\"fusion-image-element \" style=\"--awb-caption-title-font-family:var(--h2_typography-font-family);--awb-caption-title-font-weight:var(--h2_typography-font-weight);--awb-caption-title-font-style:var(--h2_typography-font-style);--awb-caption-title-size:var(--h2_typography-font-size);--awb-caption-title-transform:var(--h2_typography-text-transform);--awb-caption-title-line-height:var(--h2_typography-line-height);--awb-caption-title-letter-spacing:var(--h2_typography-letter-spacing);\"><span class=\" fusion-imageframe imageframe-none imageframe-5 hover-type-none\"><img decoding=\"async\" width=\"832\" height=\"540\" title=\"Prana-restaurant-developpement-strategique-restaurant-vegetalien-et-vegan-\" src=\"https:\/\/humaneaty.fr\/wp-content\/uploads\/2024\/04\/Prana-restaurant-developpement-strategique-restaurant-vegetalien-et-vegan-.png\" data-orig-src=\"http:\/\/humaneaty.fr\/wp-content\/uploads\/2024\/04\/Prana-restaurant-developpement-strategique-restaurant-vegetalien-et-vegan-.png\" alt class=\"lazyload img-responsive wp-image-2127\" srcset=\"data:image\/svg+xml,%3Csvg%20xmlns%3D%27http%3A%2F%2Fwww.w3.org%2F2000%2Fsvg%27%20width%3D%27832%27%20height%3D%27540%27%20viewBox%3D%270%200%20832%20540%27%3E%3Crect%20width%3D%27832%27%20height%3D%27540%27%20fill-opacity%3D%220%22%2F%3E%3C%2Fsvg%3E\" data-srcset=\"https:\/\/humaneaty.fr\/wp-content\/uploads\/2024\/04\/Prana-restaurant-developpement-strategique-restaurant-vegetalien-et-vegan--200x130.png 200w, https:\/\/humaneaty.fr\/wp-content\/uploads\/2024\/04\/Prana-restaurant-developpement-strategique-restaurant-vegetalien-et-vegan--400x260.png 400w, https:\/\/humaneaty.fr\/wp-content\/uploads\/2024\/04\/Prana-restaurant-developpement-strategique-restaurant-vegetalien-et-vegan--600x389.png 600w, https:\/\/humaneaty.fr\/wp-content\/uploads\/2024\/04\/Prana-restaurant-developpement-strategique-restaurant-vegetalien-et-vegan--800x519.png 800w, https:\/\/humaneaty.fr\/wp-content\/uploads\/2024\/04\/Prana-restaurant-developpement-strategique-restaurant-vegetalien-et-vegan-.png 832w\" data-sizes=\"auto\" data-orig-sizes=\"(max-width: 640px) 100vw, 600px\" \/><\/span><\/div><div class=\"fusion-builder-row fusion-builder-row-inner fusion-row fusion-flex-align-items-flex-start fusion-flex-content-wrap\" style=\"width:calc( 100% + 50px ) !important;max-width:calc( 100% + 50px ) !important;margin-left: calc(-50px \/ 2 );margin-right: calc(-50px \/ 2 );\"><div class=\"fusion-layout-column fusion_builder_column_inner fusion-builder-nested-column-6 fusion_builder_column_inner_1_1 1_1 fusion-flex-column fusion-flex-align-self-stretch\" style=\"--awb-padding-top:15%;--awb-padding-right:12%;--awb-padding-bottom:18%;--awb-padding-left:15%;--awb-bg-color:var(--awb-custom10);--awb-bg-color-hover:var(--awb-custom10);--awb-bg-size:cover;--awb-width-large:100%;--awb-margin-top-large:0px;--awb-spacing-right-large:25px;--awb-margin-bottom-large:0px;--awb-spacing-left-large:25px;--awb-width-medium:100%;--awb-order-medium:0;--awb-spacing-right-medium:25px;--awb-spacing-left-medium:25px;--awb-width-small:100%;--awb-order-small:1;--awb-spacing-right-small:25px;--awb-spacing-left-small:25px;\"><div class=\"fusion-column-wrapper fusion-column-has-shadow fusion-flex-justify-content-flex-start fusion-content-layout-column\"><div class=\"fusion-title title fusion-title-9 fusion-sep-none fusion-title-text fusion-title-size-two\" style=\"--awb-text-color:#ffffff;--awb-margin-top:-30px;--awb-margin-bottom:30px;--awb-margin-bottom-medium:10px;--awb-font-size:30px;\"><h2 class=\"fusion-title-heading title-heading-left\" style=\"font-family:&quot;Lora&quot;;font-style:normal;font-weight:500;margin:0;font-size:1em;text-transform:var(--awb-typography1-text-transform);line-height:1.2;\"><p style=\"text-align: left;\">Prana Restaurant<\/p><\/h2><\/div><div class=\"fusion-text fusion-text-9 fusion-text-no-margin\" style=\"--awb-content-alignment:justify;--awb-font-size:14px;--awb-line-height:1.8;--awb-letter-spacing:0px;--awb-text-transform:none;--awb-text-color:#eff1f0;--awb-margin-bottom:-30px;\"><p>Depuis 2021, j\u2019accompagne le d\u00e9veloppement strat\u00e9gique et op\u00e9rationnel du restaurant v\u00e9g\u00e9talien et macrobiotique Prana&nbsp; \u00e0 Lyon : r\u00e9daction d\u2019une \u00ab&nbsp;charte \u00e9thique&nbsp;\u00bb et des protocoles m\u00e9tiers, d\u00e9veloppement d\u2019outils de gouvernance partag\u00e9s, cr\u00e9ation d\u2019un intranet, r\u00e9daction web\u2026<\/p>\n<\/div><div class=\"fusion-separator fusion-full-width-sep\" style=\"align-self: center;margin-left: auto;margin-right: auto;flex-grow:1;width:100%;\"><\/div><div class=\"fusion-separator fusion-full-width-sep\" style=\"align-self: center;margin-left: auto;margin-right: auto;margin-bottom:25%;width:100%;\"><\/div><div ><a class=\"fusion-button button-3d fusion-button-default-size button-custom fusion-button-default button-7 fusion-button-span-yes \" style=\"--button_accent_color:var(--awb-color6);--button_border_color:#ffffff;--button_accent_hover_color:#ffffff;--button_border_hover_color:#ffffff;--button-border-radius-top-left:6px;--button-border-radius-top-right:6px;--button-border-radius-bottom-right:6px;--button-border-radius-bottom-left:6px;--button_gradient_top_color:var(--awb-color1);--button_gradient_bottom_color:var(--awb-color1);--button_gradient_top_color_hover:rgba(202,139,44,0);--button_gradient_bottom_color_hover:rgba(202,139,44,0);--button_text_transform:var(--awb-typography3-text-transform);--button_font_size:15px;--button_line_height:1.2;--button_padding-top:18px;--button_padding-bottom:18px;--button_typography-letter-spacing:0px;--button_typography-font-family:&quot;Roboto&quot;;--button_typography-font-style:normal;--button_typography-font-weight:500;--button_margin-right:20px;--button_margin-bottom:50px;--button_margin-left:20px;width:calc(100% - 20px - 20px);\" target=\"_self\" href=\"https:\/\/www.prana-restaurant.fr\/\"><span class=\"fusion-button-text awb-button__text awb-button__text--default\">D\u00e9couvrez le projet<\/span><\/a><\/div><\/div><\/div><\/div><\/div><\/div><div class=\"fusion-layout-column fusion_builder_column fusion-builder-column-8 fusion_builder_column_1_3 1_3 fusion-flex-column fusion-flex-align-self-stretch\" style=\"--awb-padding-bottom:-150px;--awb-bg-color:var(--awb-color7);--awb-bg-color-hover:var(--awb-color7);--awb-bg-size:cover;--awb-width-large:33.333333333333%;--awb-margin-top-large:0px;--awb-spacing-right-large:25px;--awb-margin-bottom-large:150px;--awb-spacing-left-large:25px;--awb-width-medium:33.333333333333%;--awb-order-medium:0;--awb-spacing-right-medium:25px;--awb-spacing-left-medium:25px;--awb-width-small:100%;--awb-order-small:0;--awb-spacing-right-small:25px;--awb-spacing-left-small:25px;\"><div class=\"fusion-column-wrapper fusion-column-has-shadow fusion-flex-justify-content-flex-start fusion-content-layout-column\"><div class=\"fusion-builder-row fusion-builder-row-inner fusion-row fusion-flex-align-items-flex-start fusion-flex-content-wrap\" style=\"width:calc( 100% + 50px ) !important;max-width:calc( 100% + 50px ) !important;margin-left: calc(-50px \/ 2 );margin-right: calc(-50px \/ 2 );\"><div class=\"fusion-layout-column fusion_builder_column_inner fusion-builder-nested-column-7 fusion_builder_column_inner_1_1 1_1 fusion-flex-column fusion-flex-align-self-stretch\" style=\"--awb-padding-top:15%;--awb-padding-right:12%;--awb-padding-bottom:15%;--awb-padding-left:15%;--awb-bg-color:var(--awb-color7);--awb-bg-color-hover:var(--awb-color7);--awb-bg-size:cover;--awb-width-large:100%;--awb-margin-top-large:0px;--awb-spacing-right-large:25px;--awb-margin-bottom-large:0px;--awb-spacing-left-large:25px;--awb-width-medium:100%;--awb-order-medium:0;--awb-spacing-right-medium:25px;--awb-spacing-left-medium:25px;--awb-width-small:100%;--awb-order-small:1;--awb-spacing-right-small:25px;--awb-spacing-left-small:25px;\"><div class=\"fusion-column-wrapper fusion-column-has-shadow fusion-flex-justify-content-flex-start fusion-content-layout-column\"><div class=\"fusion-title title fusion-title-10 fusion-sep-none fusion-title-text fusion-title-size-two\" style=\"--awb-text-color:#ffffff;--awb-margin-top:-30px;--awb-margin-bottom:30px;--awb-margin-bottom-medium:10px;--awb-font-size:30px;\"><h2 class=\"fusion-title-heading title-heading-left\" style=\"font-family:&quot;Lora&quot;;font-style:normal;font-weight:500;margin:0;font-size:1em;text-transform:var(--awb-typography1-text-transform);line-height:1.2;\"><p style=\"text-align: left;\">Alimentation et soci\u00e9t\u00e9<\/p><\/h2><\/div><div class=\"fusion-text fusion-text-10 fusion-text-no-margin\" style=\"--awb-content-alignment:justify;--awb-font-size:14px;--awb-line-height:1.8;--awb-letter-spacing:0px;--awb-text-transform:none;--awb-text-color:#eff1f0;--awb-margin-bottom:-30px;\"><p>J\u2019ai cr\u00e9\u00e9 le module \u00ab alimentation et soci\u00e9t\u00e9 \u00bb au sein de <strong>l\u2019\u00e9cole de <\/strong><strong>commerce internationale durable et solidaire<\/strong><strong> 3A Lyon<\/strong> dans lequel je forme des futurs porteurs de projets humanitaires aux enjeux alimentaires contemporains (in\u00e9galit\u00e9s sociales de sant\u00e9, transition \u00e9cologique, pr\u00e9carit\u00e9, cultures, spiritualit\u00e9s, etc.)<\/p>\n<\/div><div class=\"fusion-separator fusion-full-width-sep\" style=\"align-self: center;margin-left: auto;margin-right: auto;flex-grow:1;width:100%;\"><\/div><div class=\"fusion-separator fusion-full-width-sep\" style=\"align-self: center;margin-left: auto;margin-right: auto;margin-bottom:25%;width:100%;\"><\/div><div ><a class=\"fusion-button button-3d fusion-button-default-size button-custom fusion-button-default button-8 fusion-button-span-yes \" style=\"--button_accent_color:var(--awb-color5);--button_border_color:#ffffff;--button_accent_hover_color:#ffffff;--button_border_hover_color:#ffffff;--button-border-radius-top-left:6px;--button-border-radius-top-right:6px;--button-border-radius-bottom-right:6px;--button-border-radius-bottom-left:6px;--button_gradient_top_color:var(--awb-color1);--button_gradient_bottom_color:var(--awb-color1);--button_gradient_top_color_hover:rgba(202,139,44,0);--button_gradient_bottom_color_hover:rgba(202,139,44,0);--button_text_transform:var(--awb-typography3-text-transform);--button_font_size:15px;--button_line_height:1.2;--button_padding-top:18px;--button_padding-bottom:18px;--button_typography-letter-spacing:0px;--button_typography-font-family:&quot;Roboto&quot;;--button_typography-font-style:normal;--button_typography-font-weight:500;--button_margin-right:20px;--button_margin-bottom:-20px;--button_margin-left:20px;width:calc(100% - 20px - 20px);\" target=\"_self\" href=\"https:\/\/www.ecole3a.edu\/campus\/lyon\"><span class=\"fusion-button-text awb-button__text awb-button__text--default\">D\u00e9couvrez le projet<\/span><\/a><\/div><\/div><\/div><\/div><div class=\"fusion-image-element \" style=\"--awb-aspect-ratio: 100 \/ 64;--awb-margin-top:52px;--awb-caption-title-font-family:var(--h2_typography-font-family);--awb-caption-title-font-weight:var(--h2_typography-font-weight);--awb-caption-title-font-style:var(--h2_typography-font-style);--awb-caption-title-size:var(--h2_typography-font-size);--awb-caption-title-transform:var(--h2_typography-text-transform);--awb-caption-title-line-height:var(--h2_typography-line-height);--awb-caption-title-letter-spacing:var(--h2_typography-letter-spacing);\"><span class=\" fusion-imageframe imageframe-none imageframe-6 hover-type-none has-aspect-ratio\"><img decoding=\"async\" width=\"800\" height=\"519\" alt=\"fondatrice-module-alimentation-et-societe-ecole-internationnale-durable-et-solidaire-3A-Humaneaty-Sonia-Bouima-Villefrance-sur-saone\" title=\"fondatrice-module-alimentation-et-societe-ecole-internationnale-durable-et-solidaire-3A-Humaneaty-Sonia-Bouima-Villefrance-sur-saone\" src=\"https:\/\/humaneaty.fr\/wp-content\/uploads\/2024\/04\/fondatrice-module-alimentation-et-societe-ecole-internationnale-durable-et-solidaire-3A-Humaneaty-Sonia-Bouima-Villefrance-sur-saone.png\" data-orig-src=\"http:\/\/humaneaty.fr\/wp-content\/uploads\/2024\/04\/fondatrice-module-alimentation-et-societe-ecole-internationnale-durable-et-solidaire-3A-Humaneaty-Sonia-Bouima-Villefrance-sur-saone-800x519.png\" class=\"lazyload img-responsive wp-image-2129 img-with-aspect-ratio\" data-parent-fit=\"cover\" data-parent-container=\".fusion-image-element\" srcset=\"data:image\/svg+xml,%3Csvg%20xmlns%3D%27http%3A%2F%2Fwww.w3.org%2F2000%2Fsvg%27%20width%3D%27832%27%20height%3D%27540%27%20viewBox%3D%270%200%20832%20540%27%3E%3Crect%20width%3D%27832%27%20height%3D%27540%27%20fill-opacity%3D%220%22%2F%3E%3C%2Fsvg%3E\" data-srcset=\"https:\/\/humaneaty.fr\/wp-content\/uploads\/2024\/04\/fondatrice-module-alimentation-et-societe-ecole-internationnale-durable-et-solidaire-3A-Humaneaty-Sonia-Bouima-Villefrance-sur-saone-200x130.png 200w, https:\/\/humaneaty.fr\/wp-content\/uploads\/2024\/04\/fondatrice-module-alimentation-et-societe-ecole-internationnale-durable-et-solidaire-3A-Humaneaty-Sonia-Bouima-Villefrance-sur-saone-400x260.png 400w, https:\/\/humaneaty.fr\/wp-content\/uploads\/2024\/04\/fondatrice-module-alimentation-et-societe-ecole-internationnale-durable-et-solidaire-3A-Humaneaty-Sonia-Bouima-Villefrance-sur-saone-600x389.png 600w, https:\/\/humaneaty.fr\/wp-content\/uploads\/2024\/04\/fondatrice-module-alimentation-et-societe-ecole-internationnale-durable-et-solidaire-3A-Humaneaty-Sonia-Bouima-Villefrance-sur-saone-800x519.png 800w, https:\/\/humaneaty.fr\/wp-content\/uploads\/2024\/04\/fondatrice-module-alimentation-et-societe-ecole-internationnale-durable-et-solidaire-3A-Humaneaty-Sonia-Bouima-Villefrance-sur-saone.png 832w\" data-sizes=\"auto\" data-orig-sizes=\"(max-width: 640px) 100vw, 800px\" \/><\/span><\/div><\/div><\/div><\/div><\/div><div class=\"fusion-fullwidth fullwidth-box fusion-builder-row-6 fusion-flex-container hundred-percent-fullwidth non-hundred-percent-height-scrolling fusion-no-small-visibility fusion-no-large-visibility\" style=\"--awb-border-radius-top-left:0px;--awb-border-radius-top-right:0px;--awb-border-radius-bottom-right:0px;--awb-border-radius-bottom-left:0px;--awb-padding-top:60px;--awb-padding-right:60px;--awb-padding-bottom:0px;--awb-padding-left:60px;--awb-padding-bottom-medium:0px;--awb-margin-bottom:-150px;--awb-margin-bottom-medium:0px;--awb-background-color:#ffffff;--awb-flex-wrap:wrap;\" ><div class=\"fusion-builder-row fusion-row fusion-flex-align-items-flex-start fusion-flex-content-wrap\" style=\"width:calc( 100% + 50px ) !important;max-width:calc( 100% + 50px ) !important;margin-left: calc(-50px \/ 2 );margin-right: calc(-50px \/ 2 );\"><div class=\"fusion-layout-column fusion_builder_column fusion-builder-column-9 fusion_builder_column_1_3 1_3 fusion-flex-column fusion-flex-align-self-stretch\" style=\"--awb-padding-bottom:-150px;--awb-bg-color:var(--awb-color7);--awb-bg-color-hover:var(--awb-color7);--awb-bg-size:cover;--awb-width-large:33.333333333333%;--awb-margin-top-large:0px;--awb-spacing-right-large:25px;--awb-margin-bottom-large:150px;--awb-spacing-left-large:25px;--awb-width-medium:33.333333333333%;--awb-order-medium:0;--awb-spacing-right-medium:25px;--awb-spacing-left-medium:25px;--awb-width-small:100%;--awb-order-small:0;--awb-spacing-right-small:25px;--awb-spacing-left-small:25px;\"><div class=\"fusion-column-wrapper fusion-column-has-shadow fusion-flex-justify-content-flex-start fusion-content-layout-column\"><div class=\"fusion-builder-row fusion-builder-row-inner fusion-row fusion-flex-align-items-flex-start fusion-flex-content-wrap\" style=\"width:calc( 100% + 50px ) !important;max-width:calc( 100% + 50px ) !important;margin-left: calc(-50px \/ 2 );margin-right: calc(-50px \/ 2 );\"><div class=\"fusion-layout-column fusion_builder_column_inner fusion-builder-nested-column-8 fusion_builder_column_inner_1_1 1_1 fusion-flex-column fusion-flex-align-self-stretch\" style=\"--awb-padding-top:15%;--awb-padding-right:12%;--awb-padding-bottom:15%;--awb-padding-left:15%;--awb-bg-color:var(--awb-color7);--awb-bg-color-hover:var(--awb-color7);--awb-bg-size:cover;--awb-width-large:100%;--awb-margin-top-large:0px;--awb-spacing-right-large:25px;--awb-margin-bottom-large:0px;--awb-spacing-left-large:25px;--awb-width-medium:100%;--awb-order-medium:0;--awb-spacing-right-medium:25px;--awb-spacing-left-medium:25px;--awb-width-small:100%;--awb-order-small:1;--awb-spacing-right-small:25px;--awb-spacing-left-small:25px;\"><div class=\"fusion-column-wrapper fusion-column-has-shadow fusion-flex-justify-content-flex-start fusion-content-layout-column\"><div class=\"fusion-title title fusion-title-11 fusion-sep-none fusion-title-text fusion-title-size-two\" style=\"--awb-text-color:#ffffff;--awb-margin-top:-30px;--awb-margin-bottom:30px;--awb-margin-bottom-medium:10px;--awb-font-size:30px;\"><h2 class=\"fusion-title-heading title-heading-left\" style=\"font-family:&quot;Lora&quot;;font-style:normal;font-weight:500;margin:0;font-size:1em;text-transform:var(--awb-typography1-text-transform);line-height:1.2;\"><p style=\"text-align: left;\">Pr\u00e9carit\u00e9 &amp; alimentation<\/p><\/h2><\/div><div class=\"fusion-text fusion-text-11 fusion-text-no-margin\" style=\"--awb-content-alignment:justify;--awb-font-size:14px;--awb-line-height:1.8;--awb-letter-spacing:0px;--awb-text-transform:none;--awb-text-color:#eff1f0;--awb-margin-bottom:-30px;\"><p>Le projet \u00ab Socialim \u00bb consiste en l\u2019analyse de l\u2019impact de la pr\u00e9carit\u00e9 sur l\u2019alimentation et la mani\u00e8re dont cette derni\u00e8re, \u00e0 travers ses sociabilit\u00e9s, peut constituer un levier d\u2019action sociale pertinent pour lutter contre la pr\u00e9carit\u00e9 et ses corollaires (malnutrition, disqualification sociale, isolement.)<\/p>\n<\/div><div class=\"fusion-separator fusion-full-width-sep\" style=\"align-self: center;margin-left: auto;margin-right: auto;flex-grow:1;width:100%;\"><\/div><div class=\"fusion-separator fusion-full-width-sep\" style=\"align-self: center;margin-left: auto;margin-right: auto;margin-bottom:25%;width:100%;\"><\/div><div ><a class=\"fusion-button button-3d fusion-button-default-size button-custom fusion-button-default button-9 fusion-button-span-yes \" style=\"--button_accent_color:var(--awb-color5);--button_border_color:#ffffff;--button_accent_hover_color:#ffffff;--button_border_hover_color:#ffffff;--button-border-radius-top-left:6px;--button-border-radius-top-right:6px;--button-border-radius-bottom-right:6px;--button-border-radius-bottom-left:6px;--button_gradient_top_color:var(--awb-color1);--button_gradient_bottom_color:var(--awb-color1);--button_gradient_top_color_hover:rgba(202,139,44,0);--button_gradient_bottom_color_hover:rgba(202,139,44,0);--button_text_transform:var(--awb-typography3-text-transform);--button_font_size:15px;--button_line_height:1.2;--button_padding-top:18px;--button_padding-bottom:18px;--button_typography-letter-spacing:0px;--button_typography-font-family:&quot;Roboto&quot;;--button_typography-font-style:normal;--button_typography-font-weight:500;--button_margin-right:20px;--button_margin-left:20px;width:calc(100% - 20px - 20px);\" target=\"_self\" href=\"https:\/\/www.fondation-croix-rouge.fr\/recherches-soutenues\/pour-une-approche-holistique-inclusive-et-participative-de-laide-alimentaire\/\"><span class=\"fusion-button-text awb-button__text awb-button__text--default\">D\u00e9couvrez le projet<\/span><\/a><\/div><\/div><\/div><\/div><div class=\"fusion-image-element \" style=\"--awb-margin-top:63px;--awb-caption-title-font-family:var(--h2_typography-font-family);--awb-caption-title-font-weight:var(--h2_typography-font-weight);--awb-caption-title-font-style:var(--h2_typography-font-style);--awb-caption-title-size:var(--h2_typography-font-size);--awb-caption-title-transform:var(--h2_typography-text-transform);--awb-caption-title-line-height:var(--h2_typography-line-height);--awb-caption-title-letter-spacing:var(--h2_typography-letter-spacing);\"><span class=\" fusion-imageframe imageframe-none imageframe-7 hover-type-none\"><img decoding=\"async\" width=\"800\" height=\"519\" alt=\"Projet-Socialim-precarite-alimentaire-Fondation-Croix-Rouge-Francaise-Humaneaty-Sonia-Bouima-Villefranche-sur-Saone-formation-recherche-ac\" title=\"Projet-Socialim-precarite-alimentaire-Fondation-Croix-Rouge Francaise-Humaneaty-Sonia-Bouima-Villefranche-sur-Saone-formation-recherche-ac\" src=\"https:\/\/humaneaty.fr\/wp-content\/uploads\/2024\/04\/Projet-Socialim-precarite-alimentaire-Fondation-Croix-Rouge-Francaise-Humaneaty-Sonia-Bouima-Villefranche-sur-Saone-formation-recherche-ac.png\" data-orig-src=\"http:\/\/humaneaty.fr\/wp-content\/uploads\/2024\/04\/Projet-Socialim-precarite-alimentaire-Fondation-Croix-Rouge-Francaise-Humaneaty-Sonia-Bouima-Villefranche-sur-Saone-formation-recherche-ac-800x519.png\" class=\"lazyload img-responsive wp-image-2126\" srcset=\"data:image\/svg+xml,%3Csvg%20xmlns%3D%27http%3A%2F%2Fwww.w3.org%2F2000%2Fsvg%27%20width%3D%27832%27%20height%3D%27540%27%20viewBox%3D%270%200%20832%20540%27%3E%3Crect%20width%3D%27832%27%20height%3D%27540%27%20fill-opacity%3D%220%22%2F%3E%3C%2Fsvg%3E\" data-srcset=\"https:\/\/humaneaty.fr\/wp-content\/uploads\/2024\/04\/Projet-Socialim-precarite-alimentaire-Fondation-Croix-Rouge-Francaise-Humaneaty-Sonia-Bouima-Villefranche-sur-Saone-formation-recherche-ac-200x130.png 200w, https:\/\/humaneaty.fr\/wp-content\/uploads\/2024\/04\/Projet-Socialim-precarite-alimentaire-Fondation-Croix-Rouge-Francaise-Humaneaty-Sonia-Bouima-Villefranche-sur-Saone-formation-recherche-ac-400x260.png 400w, https:\/\/humaneaty.fr\/wp-content\/uploads\/2024\/04\/Projet-Socialim-precarite-alimentaire-Fondation-Croix-Rouge-Francaise-Humaneaty-Sonia-Bouima-Villefranche-sur-Saone-formation-recherche-ac-600x389.png 600w, https:\/\/humaneaty.fr\/wp-content\/uploads\/2024\/04\/Projet-Socialim-precarite-alimentaire-Fondation-Croix-Rouge-Francaise-Humaneaty-Sonia-Bouima-Villefranche-sur-Saone-formation-recherche-ac-800x519.png 800w, https:\/\/humaneaty.fr\/wp-content\/uploads\/2024\/04\/Projet-Socialim-precarite-alimentaire-Fondation-Croix-Rouge-Francaise-Humaneaty-Sonia-Bouima-Villefranche-sur-Saone-formation-recherche-ac.png 832w\" data-sizes=\"auto\" data-orig-sizes=\"(max-width: 640px) 100vw, 800px\" \/><\/span><\/div><\/div><\/div><div class=\"fusion-layout-column fusion_builder_column fusion-builder-column-10 fusion_builder_column_1_3 1_3 fusion-flex-column fusion-flex-align-self-stretch\" style=\"--awb-padding-bottom:-150px;--awb-bg-color:var(--awb-custom10);--awb-bg-color-hover:var(--awb-custom10);--awb-bg-size:cover;--awb-width-large:33.333333333333%;--awb-margin-top-large:0px;--awb-spacing-right-large:25px;--awb-margin-bottom-large:150px;--awb-spacing-left-large:25px;--awb-width-medium:33.333333333333%;--awb-order-medium:0;--awb-spacing-right-medium:25px;--awb-spacing-left-medium:25px;--awb-width-small:100%;--awb-order-small:0;--awb-spacing-right-small:25px;--awb-spacing-left-small:25px;\"><div class=\"fusion-column-wrapper fusion-column-has-shadow fusion-flex-justify-content-flex-start fusion-content-layout-column\"><div class=\"fusion-image-element \" style=\"--awb-caption-title-font-family:var(--h2_typography-font-family);--awb-caption-title-font-weight:var(--h2_typography-font-weight);--awb-caption-title-font-style:var(--h2_typography-font-style);--awb-caption-title-size:var(--h2_typography-font-size);--awb-caption-title-transform:var(--h2_typography-text-transform);--awb-caption-title-line-height:var(--h2_typography-line-height);--awb-caption-title-letter-spacing:var(--h2_typography-letter-spacing);\"><span class=\" fusion-imageframe imageframe-none imageframe-8 hover-type-none\"><img decoding=\"async\" width=\"832\" height=\"540\" title=\"Prana-restaurant-developpement-strategique-restaurant-vegetalien-et-vegan-\" src=\"https:\/\/humaneaty.fr\/wp-content\/uploads\/2024\/04\/Prana-restaurant-developpement-strategique-restaurant-vegetalien-et-vegan-.png\" data-orig-src=\"http:\/\/humaneaty.fr\/wp-content\/uploads\/2024\/04\/Prana-restaurant-developpement-strategique-restaurant-vegetalien-et-vegan-.png\" alt class=\"lazyload img-responsive wp-image-2127\" srcset=\"data:image\/svg+xml,%3Csvg%20xmlns%3D%27http%3A%2F%2Fwww.w3.org%2F2000%2Fsvg%27%20width%3D%27832%27%20height%3D%27540%27%20viewBox%3D%270%200%20832%20540%27%3E%3Crect%20width%3D%27832%27%20height%3D%27540%27%20fill-opacity%3D%220%22%2F%3E%3C%2Fsvg%3E\" data-srcset=\"https:\/\/humaneaty.fr\/wp-content\/uploads\/2024\/04\/Prana-restaurant-developpement-strategique-restaurant-vegetalien-et-vegan--200x130.png 200w, https:\/\/humaneaty.fr\/wp-content\/uploads\/2024\/04\/Prana-restaurant-developpement-strategique-restaurant-vegetalien-et-vegan--400x260.png 400w, https:\/\/humaneaty.fr\/wp-content\/uploads\/2024\/04\/Prana-restaurant-developpement-strategique-restaurant-vegetalien-et-vegan--600x389.png 600w, https:\/\/humaneaty.fr\/wp-content\/uploads\/2024\/04\/Prana-restaurant-developpement-strategique-restaurant-vegetalien-et-vegan--800x519.png 800w, https:\/\/humaneaty.fr\/wp-content\/uploads\/2024\/04\/Prana-restaurant-developpement-strategique-restaurant-vegetalien-et-vegan-.png 832w\" data-sizes=\"auto\" data-orig-sizes=\"(max-width: 640px) 100vw, 600px\" \/><\/span><\/div><div class=\"fusion-builder-row fusion-builder-row-inner fusion-row fusion-flex-align-items-flex-start fusion-flex-content-wrap\" style=\"width:calc( 100% + 50px ) !important;max-width:calc( 100% + 50px ) !important;margin-left: calc(-50px \/ 2 );margin-right: calc(-50px \/ 2 );\"><div class=\"fusion-layout-column fusion_builder_column_inner fusion-builder-nested-column-9 fusion_builder_column_inner_1_1 1_1 fusion-flex-column fusion-flex-align-self-stretch\" style=\"--awb-padding-top:15%;--awb-padding-right:12%;--awb-padding-bottom:18%;--awb-padding-left:15%;--awb-bg-color:var(--awb-custom10);--awb-bg-color-hover:var(--awb-custom10);--awb-bg-size:cover;--awb-width-large:100%;--awb-margin-top-large:0px;--awb-spacing-right-large:25px;--awb-margin-bottom-large:0px;--awb-spacing-left-large:25px;--awb-width-medium:100%;--awb-order-medium:0;--awb-spacing-right-medium:25px;--awb-spacing-left-medium:25px;--awb-width-small:100%;--awb-order-small:1;--awb-spacing-right-small:25px;--awb-spacing-left-small:25px;\"><div class=\"fusion-column-wrapper fusion-column-has-shadow fusion-flex-justify-content-flex-start fusion-content-layout-column\"><div class=\"fusion-title title fusion-title-12 fusion-sep-none fusion-title-text fusion-title-size-two\" style=\"--awb-text-color:#ffffff;--awb-margin-top:-30px;--awb-margin-bottom:30px;--awb-margin-bottom-medium:10px;--awb-font-size:30px;\"><h2 class=\"fusion-title-heading title-heading-left\" style=\"font-family:&quot;Lora&quot;;font-style:normal;font-weight:500;margin:0;font-size:1em;text-transform:var(--awb-typography1-text-transform);line-height:1.2;\"><p style=\"text-align: left;\">Prana Restaurant<\/p><\/h2><\/div><div class=\"fusion-text fusion-text-12 fusion-text-no-margin\" style=\"--awb-content-alignment:justify;--awb-font-size:14px;--awb-line-height:1.8;--awb-letter-spacing:0px;--awb-text-transform:none;--awb-text-color:#eff1f0;--awb-margin-bottom:-30px;\"><p>Depuis 2021, j\u2019accompagne le d\u00e9veloppement strat\u00e9gique et op\u00e9rationnel du restaurant v\u00e9g\u00e9talien et macrobiotique Prana&nbsp; \u00e0 Lyon : r\u00e9daction d\u2019une \u00ab&nbsp;charte \u00e9thique&nbsp;\u00bb et des protocoles m\u00e9tiers, d\u00e9veloppement d\u2019outils de gouvernance partag\u00e9s, cr\u00e9ation d\u2019un intranet, r\u00e9daction web\u2026<\/p>\n<\/div><div class=\"fusion-separator fusion-full-width-sep\" style=\"align-self: center;margin-left: auto;margin-right: auto;flex-grow:1;width:100%;\"><\/div><div class=\"fusion-separator fusion-full-width-sep\" style=\"align-self: center;margin-left: auto;margin-right: auto;margin-bottom:25%;width:100%;\"><\/div><div ><a class=\"fusion-button button-3d fusion-button-default-size button-custom fusion-button-default button-10 fusion-button-span-yes \" style=\"--button_accent_color:var(--awb-color6);--button_border_color:#ffffff;--button_accent_hover_color:#ffffff;--button_border_hover_color:#ffffff;--button-border-radius-top-left:6px;--button-border-radius-top-right:6px;--button-border-radius-bottom-right:6px;--button-border-radius-bottom-left:6px;--button_gradient_top_color:var(--awb-color1);--button_gradient_bottom_color:var(--awb-color1);--button_gradient_top_color_hover:rgba(202,139,44,0);--button_gradient_bottom_color_hover:rgba(202,139,44,0);--button_text_transform:var(--awb-typography3-text-transform);--button_font_size:15px;--button_line_height:1.2;--button_padding-top:18px;--button_padding-bottom:18px;--button_typography-letter-spacing:0px;--button_typography-font-family:&quot;Roboto&quot;;--button_typography-font-style:normal;--button_typography-font-weight:500;--button_margin-right:20px;--button_margin-bottom:50px;--button_margin-left:20px;width:calc(100% - 20px - 20px);\" target=\"_self\" href=\"https:\/\/www.prana-restaurant.fr\/\"><span class=\"fusion-button-text awb-button__text awb-button__text--default\">D\u00e9couvrez le projet<\/span><\/a><\/div><\/div><\/div><\/div><\/div><\/div><div class=\"fusion-layout-column fusion_builder_column fusion-builder-column-11 fusion_builder_column_1_3 1_3 fusion-flex-column fusion-flex-align-self-stretch\" style=\"--awb-padding-bottom:-150px;--awb-bg-color:var(--awb-color7);--awb-bg-color-hover:var(--awb-color7);--awb-bg-size:cover;--awb-width-large:33.333333333333%;--awb-margin-top-large:0px;--awb-spacing-right-large:25px;--awb-margin-bottom-large:150px;--awb-spacing-left-large:25px;--awb-width-medium:33.333333333333%;--awb-order-medium:0;--awb-spacing-right-medium:25px;--awb-spacing-left-medium:25px;--awb-width-small:100%;--awb-order-small:0;--awb-spacing-right-small:25px;--awb-spacing-left-small:25px;\"><div class=\"fusion-column-wrapper fusion-column-has-shadow fusion-flex-justify-content-flex-start fusion-content-layout-column\"><div class=\"fusion-builder-row fusion-builder-row-inner fusion-row fusion-flex-align-items-flex-start fusion-flex-content-wrap\" style=\"width:calc( 100% + 50px ) !important;max-width:calc( 100% + 50px ) !important;margin-left: calc(-50px \/ 2 );margin-right: calc(-50px \/ 2 );\"><div class=\"fusion-layout-column fusion_builder_column_inner fusion-builder-nested-column-10 fusion_builder_column_inner_1_1 1_1 fusion-flex-column fusion-flex-align-self-stretch\" style=\"--awb-padding-top:15%;--awb-padding-right:12%;--awb-padding-bottom:15%;--awb-padding-left:15%;--awb-bg-color:var(--awb-color7);--awb-bg-color-hover:var(--awb-color7);--awb-bg-size:cover;--awb-width-large:100%;--awb-margin-top-large:0px;--awb-spacing-right-large:25px;--awb-margin-bottom-large:0px;--awb-spacing-left-large:25px;--awb-width-medium:100%;--awb-order-medium:0;--awb-spacing-right-medium:25px;--awb-spacing-left-medium:25px;--awb-width-small:100%;--awb-order-small:1;--awb-spacing-right-small:25px;--awb-spacing-left-small:25px;\"><div class=\"fusion-column-wrapper fusion-column-has-shadow fusion-flex-justify-content-flex-start fusion-content-layout-column\"><div class=\"fusion-title title fusion-title-13 fusion-sep-none fusion-title-text fusion-title-size-two\" style=\"--awb-text-color:#ffffff;--awb-margin-top:-30px;--awb-margin-bottom:30px;--awb-margin-bottom-medium:10px;--awb-font-size:30px;\"><h2 class=\"fusion-title-heading title-heading-left\" style=\"font-family:&quot;Lora&quot;;font-style:normal;font-weight:500;margin:0;font-size:1em;text-transform:var(--awb-typography1-text-transform);line-height:1.2;\"><p style=\"text-align: left;\">Alimentation et soci\u00e9t\u00e9<\/p><\/h2><\/div><div class=\"fusion-text fusion-text-13 fusion-text-no-margin\" style=\"--awb-content-alignment:justify;--awb-font-size:14px;--awb-line-height:1.8;--awb-letter-spacing:0px;--awb-text-transform:none;--awb-text-color:#eff1f0;--awb-margin-bottom:-30px;\"><p>J\u2019ai cr\u00e9\u00e9 le module \u00ab alimentation et soci\u00e9t\u00e9 \u00bb au sein de <strong>l\u2019\u00e9cole de <\/strong><strong>commerce internationale durable et solidaire<\/strong><strong> 3A Lyon<\/strong> dans lequel je forme des futurs porteurs de projets humanitaires aux enjeux alimentaires contemporains (in\u00e9galit\u00e9s sociales de sant\u00e9, transition \u00e9cologique, pr\u00e9carit\u00e9, cultures, spiritualit\u00e9s, etc.)<\/p>\n<\/div><div class=\"fusion-separator fusion-full-width-sep\" style=\"align-self: center;margin-left: auto;margin-right: auto;flex-grow:1;width:100%;\"><\/div><div class=\"fusion-separator fusion-full-width-sep\" style=\"align-self: center;margin-left: auto;margin-right: auto;margin-bottom:25%;width:100%;\"><\/div><div ><a class=\"fusion-button button-3d fusion-button-default-size button-custom fusion-button-default button-11 fusion-button-span-yes \" style=\"--button_accent_color:var(--awb-color5);--button_border_color:#ffffff;--button_accent_hover_color:#ffffff;--button_border_hover_color:#ffffff;--button-border-radius-top-left:6px;--button-border-radius-top-right:6px;--button-border-radius-bottom-right:6px;--button-border-radius-bottom-left:6px;--button_gradient_top_color:var(--awb-color1);--button_gradient_bottom_color:var(--awb-color1);--button_gradient_top_color_hover:rgba(202,139,44,0);--button_gradient_bottom_color_hover:rgba(202,139,44,0);--button_text_transform:var(--awb-typography3-text-transform);--button_font_size:15px;--button_line_height:1.2;--button_padding-top:18px;--button_padding-bottom:18px;--button_typography-letter-spacing:0px;--button_typography-font-family:&quot;Roboto&quot;;--button_typography-font-style:normal;--button_typography-font-weight:500;--button_margin-right:20px;--button_margin-bottom:-20px;--button_margin-left:20px;width:calc(100% - 20px - 20px);\" target=\"_self\" href=\"https:\/\/www.ecole3a.edu\/campus\/lyon\"><span class=\"fusion-button-text awb-button__text awb-button__text--default\">D\u00e9couvrez le projet<\/span><\/a><\/div><\/div><\/div><\/div><div class=\"fusion-image-element \" style=\"--awb-aspect-ratio: 100 \/ 64;--awb-margin-top:52px;--awb-caption-title-font-family:var(--h2_typography-font-family);--awb-caption-title-font-weight:var(--h2_typography-font-weight);--awb-caption-title-font-style:var(--h2_typography-font-style);--awb-caption-title-size:var(--h2_typography-font-size);--awb-caption-title-transform:var(--h2_typography-text-transform);--awb-caption-title-line-height:var(--h2_typography-line-height);--awb-caption-title-letter-spacing:var(--h2_typography-letter-spacing);\"><span class=\" fusion-imageframe imageframe-none imageframe-9 hover-type-none has-aspect-ratio\"><img decoding=\"async\" width=\"800\" height=\"519\" alt=\"fondatrice-module-alimentation-et-societe-ecole-internationnale-durable-et-solidaire-3A-Humaneaty-Sonia-Bouima-Villefrance-sur-saone\" title=\"fondatrice-module-alimentation-et-societe-ecole-internationnale-durable-et-solidaire-3A-Humaneaty-Sonia-Bouima-Villefrance-sur-saone\" src=\"https:\/\/humaneaty.fr\/wp-content\/uploads\/2024\/04\/fondatrice-module-alimentation-et-societe-ecole-internationnale-durable-et-solidaire-3A-Humaneaty-Sonia-Bouima-Villefrance-sur-saone.png\" data-orig-src=\"http:\/\/humaneaty.fr\/wp-content\/uploads\/2024\/04\/fondatrice-module-alimentation-et-societe-ecole-internationnale-durable-et-solidaire-3A-Humaneaty-Sonia-Bouima-Villefrance-sur-saone-800x519.png\" class=\"lazyload img-responsive wp-image-2129 img-with-aspect-ratio\" data-parent-fit=\"cover\" data-parent-container=\".fusion-image-element\" srcset=\"data:image\/svg+xml,%3Csvg%20xmlns%3D%27http%3A%2F%2Fwww.w3.org%2F2000%2Fsvg%27%20width%3D%27832%27%20height%3D%27540%27%20viewBox%3D%270%200%20832%20540%27%3E%3Crect%20width%3D%27832%27%20height%3D%27540%27%20fill-opacity%3D%220%22%2F%3E%3C%2Fsvg%3E\" data-srcset=\"https:\/\/humaneaty.fr\/wp-content\/uploads\/2024\/04\/fondatrice-module-alimentation-et-societe-ecole-internationnale-durable-et-solidaire-3A-Humaneaty-Sonia-Bouima-Villefrance-sur-saone-200x130.png 200w, https:\/\/humaneaty.fr\/wp-content\/uploads\/2024\/04\/fondatrice-module-alimentation-et-societe-ecole-internationnale-durable-et-solidaire-3A-Humaneaty-Sonia-Bouima-Villefrance-sur-saone-400x260.png 400w, https:\/\/humaneaty.fr\/wp-content\/uploads\/2024\/04\/fondatrice-module-alimentation-et-societe-ecole-internationnale-durable-et-solidaire-3A-Humaneaty-Sonia-Bouima-Villefrance-sur-saone-600x389.png 600w, https:\/\/humaneaty.fr\/wp-content\/uploads\/2024\/04\/fondatrice-module-alimentation-et-societe-ecole-internationnale-durable-et-solidaire-3A-Humaneaty-Sonia-Bouima-Villefrance-sur-saone-800x519.png 800w, https:\/\/humaneaty.fr\/wp-content\/uploads\/2024\/04\/fondatrice-module-alimentation-et-societe-ecole-internationnale-durable-et-solidaire-3A-Humaneaty-Sonia-Bouima-Villefrance-sur-saone.png 832w\" data-sizes=\"auto\" data-orig-sizes=\"(max-width: 640px) 100vw, 800px\" \/><\/span><\/div><\/div><\/div><\/div><\/div><div class=\"fusion-fullwidth fullwidth-box fusion-builder-row-7 fusion-flex-container hundred-percent-fullwidth non-hundred-percent-height-scrolling fusion-no-small-visibility fusion-no-medium-visibility\" style=\"--awb-border-radius-top-left:0px;--awb-border-radius-top-right:0px;--awb-border-radius-bottom-right:0px;--awb-border-radius-bottom-left:0px;--awb-padding-top:60px;--awb-padding-right:60px;--awb-padding-bottom:0px;--awb-padding-left:60px;--awb-margin-bottom:-150px;--awb-background-color:#ffffff;--awb-flex-wrap:wrap;\" ><div class=\"fusion-builder-row fusion-row fusion-flex-align-items-flex-start fusion-flex-content-wrap\" style=\"width:calc( 100% + 50px ) !important;max-width:calc( 100% + 50px ) !important;margin-left: calc(-50px \/ 2 );margin-right: calc(-50px \/ 2 );\"><div class=\"fusion-layout-column fusion_builder_column fusion-builder-column-12 fusion_builder_column_1_3 1_3 fusion-flex-column fusion-flex-align-self-stretch\" style=\"--awb-padding-bottom:-150px;--awb-bg-color:var(--awb-custom10);--awb-bg-color-hover:var(--awb-custom10);--awb-bg-size:cover;--awb-width-large:33.333333333333%;--awb-margin-top-large:0px;--awb-spacing-right-large:25px;--awb-margin-bottom-large:150px;--awb-spacing-left-large:25px;--awb-width-medium:33.333333333333%;--awb-order-medium:0;--awb-spacing-right-medium:25px;--awb-spacing-left-medium:25px;--awb-width-small:100%;--awb-order-small:0;--awb-spacing-right-small:25px;--awb-spacing-left-small:25px;\"><div class=\"fusion-column-wrapper fusion-column-has-shadow fusion-flex-justify-content-flex-start fusion-content-layout-column\"><div class=\"fusion-image-element \" style=\"--awb-caption-title-font-family:var(--h2_typography-font-family);--awb-caption-title-font-weight:var(--h2_typography-font-weight);--awb-caption-title-font-style:var(--h2_typography-font-style);--awb-caption-title-size:var(--h2_typography-font-size);--awb-caption-title-transform:var(--h2_typography-text-transform);--awb-caption-title-line-height:var(--h2_typography-line-height);--awb-caption-title-letter-spacing:var(--h2_typography-letter-spacing);\"><span class=\" fusion-imageframe imageframe-none imageframe-10 hover-type-none\"><img decoding=\"async\" width=\"800\" height=\"519\" alt=\"Institut-Lyde-HCL-accompagnement -aides-soignantes-Humaneaty-Sonia-Bouima-Villefranche-sur-Saone-formation-recherche-accompagnement\" title=\"Institut-Lyde-HCL-accompagnement -aides-soignantes-Humaneaty-Sonia-Bouima-Villefranche-sur-Saone-formation-recherche-accompagnement-ent-3\" src=\"https:\/\/humaneaty.fr\/wp-content\/uploads\/2024\/05\/Institut-Lyde-HCL-accompagnement-aides-soignantes-Humaneaty-Sonia-Bouima-Villefranche-sur-Saone-formation-recherche-accompagnement-ent-3.png\" data-orig-src=\"http:\/\/humaneaty.fr\/wp-content\/uploads\/2024\/05\/Institut-Lyde-HCL-accompagnement-aides-soignantes-Humaneaty-Sonia-Bouima-Villefranche-sur-Saone-formation-recherche-accompagnement-ent-3-800x519.png\" class=\"lazyload img-responsive wp-image-2234\" srcset=\"data:image\/svg+xml,%3Csvg%20xmlns%3D%27http%3A%2F%2Fwww.w3.org%2F2000%2Fsvg%27%20width%3D%27832%27%20height%3D%27540%27%20viewBox%3D%270%200%20832%20540%27%3E%3Crect%20width%3D%27832%27%20height%3D%27540%27%20fill-opacity%3D%220%22%2F%3E%3C%2Fsvg%3E\" data-srcset=\"https:\/\/humaneaty.fr\/wp-content\/uploads\/2024\/05\/Institut-Lyde-HCL-accompagnement-aides-soignantes-Humaneaty-Sonia-Bouima-Villefranche-sur-Saone-formation-recherche-accompagnement-ent-3-200x130.png 200w, https:\/\/humaneaty.fr\/wp-content\/uploads\/2024\/05\/Institut-Lyde-HCL-accompagnement-aides-soignantes-Humaneaty-Sonia-Bouima-Villefranche-sur-Saone-formation-recherche-accompagnement-ent-3-400x260.png 400w, https:\/\/humaneaty.fr\/wp-content\/uploads\/2024\/05\/Institut-Lyde-HCL-accompagnement-aides-soignantes-Humaneaty-Sonia-Bouima-Villefranche-sur-Saone-formation-recherche-accompagnement-ent-3-600x389.png 600w, https:\/\/humaneaty.fr\/wp-content\/uploads\/2024\/05\/Institut-Lyde-HCL-accompagnement-aides-soignantes-Humaneaty-Sonia-Bouima-Villefranche-sur-Saone-formation-recherche-accompagnement-ent-3-800x519.png 800w, https:\/\/humaneaty.fr\/wp-content\/uploads\/2024\/05\/Institut-Lyde-HCL-accompagnement-aides-soignantes-Humaneaty-Sonia-Bouima-Villefranche-sur-Saone-formation-recherche-accompagnement-ent-3.png 832w\" data-sizes=\"auto\" data-orig-sizes=\"(max-width: 640px) 100vw, 600px\" \/><\/span><\/div><div class=\"fusion-builder-row fusion-builder-row-inner fusion-row fusion-flex-align-items-flex-start fusion-flex-content-wrap\" style=\"width:calc( 100% + 50px ) !important;max-width:calc( 100% + 50px ) !important;margin-left: calc(-50px \/ 2 );margin-right: calc(-50px \/ 2 );\"><div class=\"fusion-layout-column fusion_builder_column_inner fusion-builder-nested-column-11 fusion_builder_column_inner_1_1 1_1 fusion-flex-column fusion-flex-align-self-stretch\" style=\"--awb-padding-top:15%;--awb-padding-right:12%;--awb-padding-bottom:18%;--awb-padding-left:15%;--awb-bg-color:var(--awb-custom10);--awb-bg-color-hover:var(--awb-custom10);--awb-bg-size:cover;--awb-width-large:100%;--awb-margin-top-large:0px;--awb-spacing-right-large:25px;--awb-margin-bottom-large:0px;--awb-spacing-left-large:25px;--awb-width-medium:100%;--awb-order-medium:0;--awb-spacing-right-medium:25px;--awb-spacing-left-medium:25px;--awb-width-small:100%;--awb-order-small:1;--awb-spacing-right-small:25px;--awb-spacing-left-small:25px;\"><div class=\"fusion-column-wrapper fusion-column-has-shadow fusion-flex-justify-content-flex-start fusion-content-layout-column\"><div class=\"fusion-title title fusion-title-14 fusion-sep-none fusion-title-text fusion-title-size-two\" style=\"--awb-text-color:#ffffff;--awb-margin-top:-30px;--awb-margin-bottom:30px;--awb-margin-bottom-medium:10px;--awb-font-size:30px;\"><h2 class=\"fusion-title-heading title-heading-left\" style=\"font-family:&quot;Lora&quot;;font-style:normal;font-weight:500;margin:0;font-size:1em;text-transform:var(--awb-typography1-text-transform);line-height:1.2;\"><p style=\"text-align: left;\">La qualit\u00e9 du service de repas \u00e0 l&rsquo;h\u00f4pital<\/p><\/h2><\/div><div class=\"fusion-text fusion-text-14 fusion-text-no-margin\" style=\"--awb-content-alignment:justify;--awb-font-size:14px;--awb-line-height:1.8;--awb-letter-spacing:0px;--awb-text-transform:none;--awb-text-color:#eff1f0;--awb-margin-bottom:-30px;\"><p>Depuis 2015 et en partenariat avec <strong>l\u2019Institut <\/strong><strong>Lyfe<\/strong><strong> (Paul Bocuse) et les Hospices Civils de Lyon,<\/strong> je sensibilise les aides-soignant\u00b7e\u00b7s des Hospices civils de Lyon aux dimensions socioculturelles de l\u2019alimentation pour am\u00e9liorer la qualit\u00e9 du service de repas \u00e0 l\u2019h\u00f4pital et ainsi am\u00e9liorer le bien-\u00eatre des patients.<\/p>\n<\/div><div class=\"fusion-separator fusion-full-width-sep\" style=\"align-self: center;margin-left: auto;margin-right: auto;flex-grow:1;width:100%;\"><\/div><div class=\"fusion-separator fusion-full-width-sep\" style=\"align-self: center;margin-left: auto;margin-right: auto;margin-bottom:25%;width:100%;\"><\/div><div ><a class=\"fusion-button button-3d fusion-button-default-size button-custom fusion-button-default button-12 fusion-button-span-yes \" style=\"--button_accent_color:var(--awb-color6);--button_border_color:#ffffff;--button_accent_hover_color:#ffffff;--button_border_hover_color:#ffffff;--button-border-radius-top-left:6px;--button-border-radius-top-right:6px;--button-border-radius-bottom-right:6px;--button-border-radius-bottom-left:6px;--button_gradient_top_color:var(--awb-color1);--button_gradient_bottom_color:var(--awb-color1);--button_gradient_top_color_hover:rgba(202,139,44,0);--button_gradient_bottom_color_hover:rgba(202,139,44,0);--button_text_transform:var(--awb-typography3-text-transform);--button_font_size:15px;--button_line_height:1.2;--button_padding-top:18px;--button_padding-bottom:18px;--button_typography-letter-spacing:0px;--button_typography-font-family:&quot;Roboto&quot;;--button_typography-font-style:normal;--button_typography-font-weight:500;--button_margin-right:20px;--button_margin-bottom:50px;--button_margin-left:20px;width:calc(100% - 20px - 20px);\" target=\"_self\" href=\"https:\/\/www.institutlyfe.com\/\"><span class=\"fusion-button-text awb-button__text awb-button__text--default\">D\u00e9couvrez le projet<\/span><\/a><\/div><\/div><\/div><\/div><\/div><\/div><div class=\"fusion-layout-column fusion_builder_column fusion-builder-column-13 fusion_builder_column_1_3 1_3 fusion-flex-column fusion-flex-align-self-stretch\" style=\"--awb-padding-bottom:-150px;--awb-bg-color:var(--awb-color7);--awb-bg-color-hover:var(--awb-color7);--awb-bg-size:cover;--awb-width-large:33.333333333333%;--awb-margin-top-large:0px;--awb-spacing-right-large:25px;--awb-margin-bottom-large:150px;--awb-spacing-left-large:25px;--awb-width-medium:33.333333333333%;--awb-order-medium:0;--awb-spacing-right-medium:25px;--awb-spacing-left-medium:25px;--awb-width-small:100%;--awb-order-small:0;--awb-spacing-right-small:25px;--awb-spacing-left-small:25px;\"><div class=\"fusion-column-wrapper fusion-column-has-shadow fusion-flex-justify-content-flex-start fusion-content-layout-column\"><div class=\"fusion-builder-row fusion-builder-row-inner fusion-row fusion-flex-align-items-flex-start fusion-flex-content-wrap\" style=\"width:calc( 100% + 50px ) !important;max-width:calc( 100% + 50px ) !important;margin-left: calc(-50px \/ 2 );margin-right: calc(-50px \/ 2 );\"><div class=\"fusion-layout-column fusion_builder_column_inner fusion-builder-nested-column-12 fusion_builder_column_inner_1_1 1_1 fusion-flex-column fusion-flex-align-self-stretch\" style=\"--awb-padding-top:15%;--awb-padding-right:12%;--awb-padding-bottom:15%;--awb-padding-left:15%;--awb-bg-color:var(--awb-color7);--awb-bg-color-hover:var(--awb-color7);--awb-bg-size:cover;--awb-width-large:100%;--awb-margin-top-large:0px;--awb-spacing-right-large:25px;--awb-margin-bottom-large:0px;--awb-spacing-left-large:25px;--awb-width-medium:100%;--awb-order-medium:0;--awb-spacing-right-medium:25px;--awb-spacing-left-medium:25px;--awb-width-small:100%;--awb-order-small:1;--awb-spacing-right-small:25px;--awb-spacing-left-small:25px;\"><div class=\"fusion-column-wrapper fusion-column-has-shadow fusion-flex-justify-content-flex-start fusion-content-layout-column\"><div class=\"fusion-title title fusion-title-15 fusion-sep-none fusion-title-text fusion-title-size-two\" style=\"--awb-text-color:#ffffff;--awb-margin-top:-30px;--awb-margin-bottom:30px;--awb-margin-bottom-medium:10px;--awb-font-size:30px;\"><h2 class=\"fusion-title-heading title-heading-left\" style=\"font-family:&quot;Lora&quot;;font-style:normal;font-weight:500;margin:0;font-size:1em;text-transform:var(--awb-typography1-text-transform);line-height:1.2;\"><p style=\"text-align: left;\">Regard socioculturel sur la prise en charge di\u00e9t\u00e9tique<\/p><\/h2><\/div><div class=\"fusion-text fusion-text-15 fusion-text-no-margin\" style=\"--awb-content-alignment:justify;--awb-font-size:14px;--awb-line-height:1.8;--awb-letter-spacing:0px;--awb-text-transform:none;--awb-text-color:#eff1f0;--awb-margin-bottom:-30px;\"><p>Depuis janvier 2024, je forme <strong>les \u00e9tudiants de di\u00e9t\u00e9tiques de l\u2019universit\u00e9 Lyon 1 <\/strong>\u00e0 une approche \u201cnutri-d\u00e9centr\u00e9e\u201d de l\u2019alimentation faisant appel aux concepts et aux m\u00e9thodes de la socio-anthropologie de l\u2019alimentation.<\/p>\n<\/div><div class=\"fusion-separator fusion-full-width-sep\" style=\"align-self: center;margin-left: auto;margin-right: auto;flex-grow:1;width:100%;\"><\/div><div class=\"fusion-separator fusion-full-width-sep\" style=\"align-self: center;margin-left: auto;margin-right: auto;margin-bottom:25%;width:100%;\"><\/div><div ><a class=\"fusion-button button-3d fusion-button-default-size button-custom fusion-button-default button-13 fusion-button-span-yes \" style=\"--button_accent_color:var(--awb-color5);--button_border_color:#ffffff;--button_accent_hover_color:#ffffff;--button_border_hover_color:#ffffff;--button-border-radius-top-left:6px;--button-border-radius-top-right:6px;--button-border-radius-bottom-right:6px;--button-border-radius-bottom-left:6px;--button_gradient_top_color:var(--awb-color1);--button_gradient_bottom_color:var(--awb-color1);--button_gradient_top_color_hover:rgba(202,139,44,0);--button_gradient_bottom_color_hover:rgba(202,139,44,0);--button_text_transform:var(--awb-typography3-text-transform);--button_font_size:15px;--button_line_height:1.2;--button_padding-top:18px;--button_padding-bottom:18px;--button_typography-letter-spacing:0px;--button_typography-font-family:&quot;Roboto&quot;;--button_typography-font-style:normal;--button_typography-font-weight:500;--button_margin-right:20px;--button_margin-left:20px;width:calc(100% - 20px - 20px);\" target=\"_self\" href=\"https:\/\/iut.univ-lyon1.fr\/formation\/offre-de-formations\/genie-biologique-doua\/dut-genie-biologique-option-dietetique\"><span class=\"fusion-button-text awb-button__text awb-button__text--default\">D\u00e9couvrez le projet<\/span><\/a><\/div><\/div><\/div><\/div><div class=\"fusion-image-element \" style=\"--awb-aspect-ratio: 100 \/ 70;--awb-margin-top:63px;--awb-caption-title-font-family:var(--h2_typography-font-family);--awb-caption-title-font-weight:var(--h2_typography-font-weight);--awb-caption-title-font-style:var(--h2_typography-font-style);--awb-caption-title-size:var(--h2_typography-font-size);--awb-caption-title-transform:var(--h2_typography-text-transform);--awb-caption-title-line-height:var(--h2_typography-line-height);--awb-caption-title-letter-spacing:var(--h2_typography-letter-spacing);\"><span class=\" fusion-imageframe imageframe-none imageframe-11 hover-type-none has-aspect-ratio\"><img decoding=\"async\" width=\"800\" height=\"519\" alt=\"Intervenante-Universite-Lyon-1-nutri-decentree-etudiants-dietetiques-Humaneaty-Sonia-Bouima-Villefranche-sur-Saone-formation-recherche\" title=\"Intervenante-Universite-Lyon-1-nutri-decentree-etudiants-dietetiques-Humaneaty-Sonia-Bouima-Villefranche-sur-Saone-formation-recherche-2\" src=\"https:\/\/humaneaty.fr\/wp-content\/uploads\/2024\/05\/Intervenante-Universite-Lyon-1-nutri-decentree-etudiants-dietetiques-Humaneaty-Sonia-Bouima-Villefranche-sur-Saone-formation-recherche-2.png\" data-orig-src=\"http:\/\/humaneaty.fr\/wp-content\/uploads\/2024\/05\/Intervenante-Universite-Lyon-1-nutri-decentree-etudiants-dietetiques-Humaneaty-Sonia-Bouima-Villefranche-sur-Saone-formation-recherche-2-800x519.png\" class=\"lazyload img-responsive wp-image-2235 img-with-aspect-ratio\" data-parent-fit=\"cover\" data-parent-container=\".fusion-image-element\" srcset=\"data:image\/svg+xml,%3Csvg%20xmlns%3D%27http%3A%2F%2Fwww.w3.org%2F2000%2Fsvg%27%20width%3D%27832%27%20height%3D%27540%27%20viewBox%3D%270%200%20832%20540%27%3E%3Crect%20width%3D%27832%27%20height%3D%27540%27%20fill-opacity%3D%220%22%2F%3E%3C%2Fsvg%3E\" data-srcset=\"https:\/\/humaneaty.fr\/wp-content\/uploads\/2024\/05\/Intervenante-Universite-Lyon-1-nutri-decentree-etudiants-dietetiques-Humaneaty-Sonia-Bouima-Villefranche-sur-Saone-formation-recherche-2-200x130.png 200w, https:\/\/humaneaty.fr\/wp-content\/uploads\/2024\/05\/Intervenante-Universite-Lyon-1-nutri-decentree-etudiants-dietetiques-Humaneaty-Sonia-Bouima-Villefranche-sur-Saone-formation-recherche-2-400x260.png 400w, https:\/\/humaneaty.fr\/wp-content\/uploads\/2024\/05\/Intervenante-Universite-Lyon-1-nutri-decentree-etudiants-dietetiques-Humaneaty-Sonia-Bouima-Villefranche-sur-Saone-formation-recherche-2-600x389.png 600w, https:\/\/humaneaty.fr\/wp-content\/uploads\/2024\/05\/Intervenante-Universite-Lyon-1-nutri-decentree-etudiants-dietetiques-Humaneaty-Sonia-Bouima-Villefranche-sur-Saone-formation-recherche-2-800x519.png 800w, https:\/\/humaneaty.fr\/wp-content\/uploads\/2024\/05\/Intervenante-Universite-Lyon-1-nutri-decentree-etudiants-dietetiques-Humaneaty-Sonia-Bouima-Villefranche-sur-Saone-formation-recherche-2.png 832w\" data-sizes=\"auto\" data-orig-sizes=\"(max-width: 640px) 100vw, 800px\" \/><\/span><\/div><\/div><\/div><div class=\"fusion-layout-column fusion_builder_column fusion-builder-column-14 fusion_builder_column_1_3 1_3 fusion-flex-column fusion-flex-align-self-stretch\" style=\"--awb-padding-bottom:-150px;--awb-bg-color:var(--awb-color6);--awb-bg-color-hover:var(--awb-color6);--awb-bg-position:center center;--awb-bg-size:cover;--awb-filter:opacity(57%);--awb-filter-transition:filter 0.3s ease;--awb-filter-hover:opacity(100%);--awb-width-large:33.333333333333%;--awb-margin-top-large:0px;--awb-spacing-right-large:25px;--awb-margin-bottom-large:150px;--awb-spacing-left-large:25px;--awb-width-medium:33.333333333333%;--awb-order-medium:0;--awb-spacing-right-medium:25px;--awb-spacing-left-medium:25px;--awb-width-small:100%;--awb-order-small:0;--awb-spacing-right-small:25px;--awb-spacing-left-small:25px;\"><div class=\"fusion-column-wrapper lazyload fusion-column-has-shadow fusion-flex-justify-content-flex-start fusion-content-layout-column fusion-empty-column-bg-image fusion-column-has-bg-image\" data-bg-url=\"http:\/\/humaneaty.fr\/wp-content\/uploads\/2024\/05\/AdobeStock_710952397-800x448.jpeg\" data-bg=\"http:\/\/humaneaty.fr\/wp-content\/uploads\/2024\/05\/AdobeStock_710952397-800x448.jpeg\"><img decoding=\"async\" class=\"fusion-empty-dims-img-placeholder\" aria-label=\"portrait of a retired happy elderly woman of asian chinese appearance celebrates a holiday in a restaurant, eats. concept: elderly health, old age, nutrition\" src=\"data:image\/svg+xml,%3Csvg%20xmlns%3D%27http%3A%2F%2Fwww.w3.org%2F2000%2Fsvg%27%20width%3D%27800%27%20height%3D%27448%27%20viewBox%3D%270%200%20800%20448%27%3E%3Crect%20width%3D%27800%27%20height%3D%27448%27%20fill-opacity%3D%220%22%2F%3E%3C%2Fsvg%3E\"><\/div><\/div><\/div><\/div><div class=\"fusion-fullwidth fullwidth-box fusion-builder-row-8 fusion-flex-container has-pattern-background has-mask-background nonhundred-percent-fullwidth non-hundred-percent-height-scrolling\" style=\"--awb-border-radius-top-left:0px;--awb-border-radius-top-right:0px;--awb-border-radius-bottom-right:0px;--awb-border-radius-bottom-left:0px;--awb-padding-bottom:0px;--awb-margin-top:17px;--awb-background-color:var(--awb-color7);--awb-flex-wrap:wrap;\" ><div class=\"fusion-builder-row fusion-row fusion-flex-align-items-flex-start fusion-flex-content-wrap\" style=\"max-width:1365px;margin-left: calc(-5% \/ 2 );margin-right: calc(-5% \/ 2 );\"><div class=\"fusion-layout-column fusion_builder_column fusion-builder-column-15 fusion_builder_column_1_1 1_1 fusion-flex-column\" style=\"--awb-bg-size:cover;--awb-width-large:100%;--awb-margin-top-large:0px;--awb-spacing-right-large:2.375%;--awb-margin-bottom-large:20px;--awb-spacing-left-large:2.375%;--awb-width-medium:100%;--awb-order-medium:0;--awb-spacing-right-medium:2.375%;--awb-spacing-left-medium:2.375%;--awb-width-small:100%;--awb-order-small:0;--awb-spacing-right-small:2.375%;--awb-spacing-left-small:2.375%;\"><div class=\"fusion-column-wrapper fusion-column-has-shadow fusion-flex-justify-content-flex-start fusion-content-layout-column\"><\/div><\/div><\/div><\/div><div class=\"fusion-fullwidth fullwidth-box fusion-builder-row-9 fusion-flex-container hundred-percent-fullwidth non-hundred-percent-height-scrolling fusion-no-medium-visibility fusion-no-large-visibility\" style=\"--awb-border-radius-top-left:0px;--awb-border-radius-top-right:0px;--awb-border-radius-bottom-right:0px;--awb-border-radius-bottom-left:0px;--awb-padding-top:60px;--awb-padding-right:60px;--awb-padding-bottom:0px;--awb-padding-left:60px;--awb-margin-bottom:-150px;--awb-margin-bottom-small:105px;--awb-background-color:#ffffff;--awb-flex-wrap:wrap;\" ><div class=\"fusion-builder-row fusion-row fusion-flex-align-items-flex-start fusion-flex-content-wrap\" style=\"width:calc( 100% + 50px ) !important;max-width:calc( 100% + 50px ) !important;margin-left: calc(-50px \/ 2 );margin-right: calc(-50px \/ 2 );\"><div class=\"fusion-layout-column fusion_builder_column fusion-builder-column-16 fusion_builder_column_1_3 1_3 fusion-flex-column fusion-flex-align-self-stretch\" style=\"--awb-padding-bottom:-150px;--awb-bg-color:var(--awb-custom10);--awb-bg-color-hover:var(--awb-custom10);--awb-bg-size:cover;--awb-width-large:33.333333333333%;--awb-margin-top-large:0px;--awb-spacing-right-large:25px;--awb-margin-bottom-large:150px;--awb-spacing-left-large:25px;--awb-width-medium:33.333333333333%;--awb-order-medium:0;--awb-spacing-right-medium:25px;--awb-spacing-left-medium:25px;--awb-width-small:100%;--awb-order-small:0;--awb-spacing-right-small:25px;--awb-spacing-left-small:25px;\"><div class=\"fusion-column-wrapper fusion-column-has-shadow fusion-flex-justify-content-flex-start fusion-content-layout-column\"><div class=\"fusion-image-element \" style=\"--awb-caption-title-font-family:var(--h2_typography-font-family);--awb-caption-title-font-weight:var(--h2_typography-font-weight);--awb-caption-title-font-style:var(--h2_typography-font-style);--awb-caption-title-size:var(--h2_typography-font-size);--awb-caption-title-transform:var(--h2_typography-text-transform);--awb-caption-title-line-height:var(--h2_typography-line-height);--awb-caption-title-letter-spacing:var(--h2_typography-letter-spacing);\"><span class=\" fusion-imageframe imageframe-none imageframe-12 hover-type-none\"><img decoding=\"async\" width=\"800\" height=\"519\" alt=\"Institut-Lyde-HCL-accompagnement -aides-soignantes-Humaneaty-Sonia-Bouima-Villefranche-sur-Saone-formation-recherche-accompagnement\" title=\"Institut-Lyde-HCL-accompagnement -aides-soignantes-Humaneaty-Sonia-Bouima-Villefranche-sur-Saone-formation-recherche-accompagnement-ent-3\" src=\"https:\/\/humaneaty.fr\/wp-content\/uploads\/2024\/05\/Institut-Lyde-HCL-accompagnement-aides-soignantes-Humaneaty-Sonia-Bouima-Villefranche-sur-Saone-formation-recherche-accompagnement-ent-3.png\" data-orig-src=\"http:\/\/humaneaty.fr\/wp-content\/uploads\/2024\/05\/Institut-Lyde-HCL-accompagnement-aides-soignantes-Humaneaty-Sonia-Bouima-Villefranche-sur-Saone-formation-recherche-accompagnement-ent-3-800x519.png\" class=\"lazyload img-responsive wp-image-2234\" srcset=\"data:image\/svg+xml,%3Csvg%20xmlns%3D%27http%3A%2F%2Fwww.w3.org%2F2000%2Fsvg%27%20width%3D%27832%27%20height%3D%27540%27%20viewBox%3D%270%200%20832%20540%27%3E%3Crect%20width%3D%27832%27%20height%3D%27540%27%20fill-opacity%3D%220%22%2F%3E%3C%2Fsvg%3E\" data-srcset=\"https:\/\/humaneaty.fr\/wp-content\/uploads\/2024\/05\/Institut-Lyde-HCL-accompagnement-aides-soignantes-Humaneaty-Sonia-Bouima-Villefranche-sur-Saone-formation-recherche-accompagnement-ent-3-200x130.png 200w, https:\/\/humaneaty.fr\/wp-content\/uploads\/2024\/05\/Institut-Lyde-HCL-accompagnement-aides-soignantes-Humaneaty-Sonia-Bouima-Villefranche-sur-Saone-formation-recherche-accompagnement-ent-3-400x260.png 400w, https:\/\/humaneaty.fr\/wp-content\/uploads\/2024\/05\/Institut-Lyde-HCL-accompagnement-aides-soignantes-Humaneaty-Sonia-Bouima-Villefranche-sur-Saone-formation-recherche-accompagnement-ent-3-600x389.png 600w, https:\/\/humaneaty.fr\/wp-content\/uploads\/2024\/05\/Institut-Lyde-HCL-accompagnement-aides-soignantes-Humaneaty-Sonia-Bouima-Villefranche-sur-Saone-formation-recherche-accompagnement-ent-3-800x519.png 800w, https:\/\/humaneaty.fr\/wp-content\/uploads\/2024\/05\/Institut-Lyde-HCL-accompagnement-aides-soignantes-Humaneaty-Sonia-Bouima-Villefranche-sur-Saone-formation-recherche-accompagnement-ent-3.png 832w\" data-sizes=\"auto\" data-orig-sizes=\"(max-width: 640px) 100vw, 600px\" \/><\/span><\/div><div class=\"fusion-builder-row fusion-builder-row-inner fusion-row fusion-flex-align-items-flex-start fusion-flex-content-wrap\" style=\"width:calc( 100% + 50px ) !important;max-width:calc( 100% + 50px ) !important;margin-left: calc(-50px \/ 2 );margin-right: calc(-50px \/ 2 );\"><div class=\"fusion-layout-column fusion_builder_column_inner fusion-builder-nested-column-13 fusion_builder_column_inner_1_1 1_1 fusion-flex-column fusion-flex-align-self-stretch\" style=\"--awb-padding-top:15%;--awb-padding-right:12%;--awb-padding-bottom:18%;--awb-padding-left:15%;--awb-padding-top-small:18.799999999999997px;--awb-padding-right-small:30.85px;--awb-padding-bottom-small:0px;--awb-padding-left-small:30.799999999999997px;--awb-bg-color:var(--awb-custom10);--awb-bg-color-hover:var(--awb-custom10);--awb-bg-size:cover;--awb-width-large:100%;--awb-margin-top-large:0px;--awb-spacing-right-large:25px;--awb-margin-bottom-large:0px;--awb-spacing-left-large:25px;--awb-width-medium:100%;--awb-order-medium:0;--awb-spacing-right-medium:25px;--awb-spacing-left-medium:25px;--awb-width-small:100%;--awb-order-small:1;--awb-spacing-right-small:25px;--awb-spacing-left-small:25px;\"><div class=\"fusion-column-wrapper fusion-column-has-shadow fusion-flex-justify-content-flex-start fusion-content-layout-column\"><div class=\"fusion-title title fusion-title-16 fusion-sep-none fusion-title-text fusion-title-size-two\" style=\"--awb-text-color:#ffffff;--awb-margin-top:-30px;--awb-margin-bottom:30px;--awb-margin-bottom-medium:10px;--awb-font-size:30px;\"><h2 class=\"fusion-title-heading title-heading-left\" style=\"font-family:&quot;Lora&quot;;font-style:normal;font-weight:500;margin:0;font-size:1em;text-transform:var(--awb-typography1-text-transform);line-height:1.2;\"><p style=\"text-align: left;\">La qualit\u00e9 du service de repas \u00e0 l&rsquo;h\u00f4pital<\/p><\/h2><\/div><div class=\"fusion-text fusion-text-16 fusion-text-no-margin\" style=\"--awb-content-alignment:justify;--awb-font-size:14px;--awb-line-height:1.8;--awb-letter-spacing:0px;--awb-text-transform:none;--awb-text-color:#eff1f0;--awb-margin-bottom:-30px;\"><p>Depuis 2015 et en partenariat avec <strong>l\u2019Institut <\/strong><strong>Lyfe<\/strong><strong> (Paul Bocuse) et les Hospices Civils de Lyon,<\/strong> je sensibilise les aides-soignant\u00b7e\u00b7s des Hospices civils de Lyon aux dimensions socioculturelles de l\u2019alimentation pour am\u00e9liorer la qualit\u00e9 du service de repas \u00e0 l\u2019h\u00f4pital et ainsi am\u00e9liorer le bien-\u00eatre des patients.<\/p>\n<\/div><div class=\"fusion-separator fusion-full-width-sep\" style=\"align-self: center;margin-left: auto;margin-right: auto;flex-grow:1;width:100%;\"><\/div><div class=\"fusion-separator fusion-full-width-sep\" style=\"align-self: center;margin-left: auto;margin-right: auto;margin-bottom:55px;width:100%;\"><\/div><div ><a class=\"fusion-button button-3d fusion-button-default-size button-custom fusion-button-default button-14 fusion-button-span-yes \" style=\"--button_accent_color:var(--awb-color6);--button_border_color:#ffffff;--button_accent_hover_color:#ffffff;--button_border_hover_color:#ffffff;--button-border-radius-top-left:6px;--button-border-radius-top-right:6px;--button-border-radius-bottom-right:6px;--button-border-radius-bottom-left:6px;--button_gradient_top_color:var(--awb-color1);--button_gradient_bottom_color:var(--awb-color1);--button_gradient_top_color_hover:rgba(202,139,44,0);--button_gradient_bottom_color_hover:rgba(202,139,44,0);--button_text_transform:var(--awb-typography3-text-transform);--button_font_size:15px;--button_line_height:1.2;--button_padding-top:18px;--button_padding-bottom:18px;--button_typography-letter-spacing:0px;--button_typography-font-family:&quot;Roboto&quot;;--button_typography-font-style:normal;--button_typography-font-weight:500;--button_margin-right:20px;--button_margin-bottom:30px;--button_margin-left:20px;width:calc(100% - 20px - 20px);\" target=\"_self\" href=\"https:\/\/www.institutlyfe.com\/\"><span class=\"fusion-button-text awb-button__text awb-button__text--default\">D\u00e9couvrez le projet<\/span><\/a><\/div><\/div><\/div><\/div><\/div><\/div><div class=\"fusion-layout-column fusion_builder_column fusion-builder-column-17 fusion_builder_column_1_3 1_3 fusion-flex-column fusion-flex-align-self-stretch\" style=\"--awb-padding-bottom:-150px;--awb-padding-bottom-small:0px;--awb-bg-color:var(--awb-color7);--awb-bg-color-hover:var(--awb-color7);--awb-bg-size:cover;--awb-width-large:33.333333333333%;--awb-margin-top-large:0px;--awb-spacing-right-large:25px;--awb-margin-bottom-large:150px;--awb-spacing-left-large:25px;--awb-width-medium:33.333333333333%;--awb-order-medium:0;--awb-spacing-right-medium:25px;--awb-spacing-left-medium:25px;--awb-width-small:100%;--awb-order-small:0;--awb-spacing-right-small:25px;--awb-margin-bottom-small:56px;--awb-spacing-left-small:25px;\"><div class=\"fusion-column-wrapper fusion-column-has-shadow fusion-flex-justify-content-flex-start fusion-content-layout-column\"><div class=\"fusion-image-element \" style=\"--awb-aspect-ratio: 100 \/ 70;--awb-margin-top:63px;--awb-margin-top-small:;--awb-caption-title-font-family:var(--h2_typography-font-family);--awb-caption-title-font-weight:var(--h2_typography-font-weight);--awb-caption-title-font-style:var(--h2_typography-font-style);--awb-caption-title-size:var(--h2_typography-font-size);--awb-caption-title-transform:var(--h2_typography-text-transform);--awb-caption-title-line-height:var(--h2_typography-line-height);--awb-caption-title-letter-spacing:var(--h2_typography-letter-spacing);\"><span class=\" fusion-imageframe imageframe-none imageframe-13 hover-type-none has-aspect-ratio\"><img decoding=\"async\" width=\"800\" height=\"519\" alt=\"Intervenante-Universite-Lyon-1-nutri-decentree-etudiants-dietetiques-Humaneaty-Sonia-Bouima-Villefranche-sur-Saone-formation-recherche\" title=\"Intervenante-Universite-Lyon-1-nutri-decentree-etudiants-dietetiques-Humaneaty-Sonia-Bouima-Villefranche-sur-Saone-formation-recherche-2\" src=\"https:\/\/humaneaty.fr\/wp-content\/uploads\/2024\/05\/Intervenante-Universite-Lyon-1-nutri-decentree-etudiants-dietetiques-Humaneaty-Sonia-Bouima-Villefranche-sur-Saone-formation-recherche-2.png\" data-orig-src=\"http:\/\/humaneaty.fr\/wp-content\/uploads\/2024\/05\/Intervenante-Universite-Lyon-1-nutri-decentree-etudiants-dietetiques-Humaneaty-Sonia-Bouima-Villefranche-sur-Saone-formation-recherche-2-800x519.png\" class=\"lazyload img-responsive wp-image-2235 img-with-aspect-ratio\" data-parent-fit=\"cover\" data-parent-container=\".fusion-image-element\" srcset=\"data:image\/svg+xml,%3Csvg%20xmlns%3D%27http%3A%2F%2Fwww.w3.org%2F2000%2Fsvg%27%20width%3D%27832%27%20height%3D%27540%27%20viewBox%3D%270%200%20832%20540%27%3E%3Crect%20width%3D%27832%27%20height%3D%27540%27%20fill-opacity%3D%220%22%2F%3E%3C%2Fsvg%3E\" data-srcset=\"https:\/\/humaneaty.fr\/wp-content\/uploads\/2024\/05\/Intervenante-Universite-Lyon-1-nutri-decentree-etudiants-dietetiques-Humaneaty-Sonia-Bouima-Villefranche-sur-Saone-formation-recherche-2-200x130.png 200w, https:\/\/humaneaty.fr\/wp-content\/uploads\/2024\/05\/Intervenante-Universite-Lyon-1-nutri-decentree-etudiants-dietetiques-Humaneaty-Sonia-Bouima-Villefranche-sur-Saone-formation-recherche-2-400x260.png 400w, https:\/\/humaneaty.fr\/wp-content\/uploads\/2024\/05\/Intervenante-Universite-Lyon-1-nutri-decentree-etudiants-dietetiques-Humaneaty-Sonia-Bouima-Villefranche-sur-Saone-formation-recherche-2-600x389.png 600w, https:\/\/humaneaty.fr\/wp-content\/uploads\/2024\/05\/Intervenante-Universite-Lyon-1-nutri-decentree-etudiants-dietetiques-Humaneaty-Sonia-Bouima-Villefranche-sur-Saone-formation-recherche-2-800x519.png 800w, https:\/\/humaneaty.fr\/wp-content\/uploads\/2024\/05\/Intervenante-Universite-Lyon-1-nutri-decentree-etudiants-dietetiques-Humaneaty-Sonia-Bouima-Villefranche-sur-Saone-formation-recherche-2.png 832w\" data-sizes=\"auto\" data-orig-sizes=\"(max-width: 640px) 100vw, 600px\" \/><\/span><\/div><div class=\"fusion-builder-row fusion-builder-row-inner fusion-row fusion-flex-align-items-flex-start fusion-flex-content-wrap\" style=\"width:calc( 100% + 50px ) !important;max-width:calc( 100% + 50px ) !important;margin-left: calc(-50px \/ 2 );margin-right: calc(-50px \/ 2 );\"><div class=\"fusion-layout-column fusion_builder_column_inner fusion-builder-nested-column-14 fusion_builder_column_inner_1_1 1_1 fusion-flex-column fusion-flex-align-self-stretch\" style=\"--awb-padding-top:15%;--awb-padding-right:12%;--awb-padding-bottom:15%;--awb-padding-left:15%;--awb-padding-top-small:24.799999999999997px;--awb-padding-right-small:33.85px;--awb-padding-bottom-small:44.849999999999994px;--awb-padding-left-small:32.8px;--awb-bg-color:var(--awb-color7);--awb-bg-color-hover:var(--awb-color7);--awb-bg-size:cover;--awb-width-large:100%;--awb-margin-top-large:0px;--awb-spacing-right-large:25px;--awb-margin-bottom-large:0px;--awb-spacing-left-large:25px;--awb-width-medium:100%;--awb-order-medium:0;--awb-spacing-right-medium:25px;--awb-spacing-left-medium:25px;--awb-width-small:100%;--awb-order-small:1;--awb-spacing-right-small:25px;--awb-spacing-left-small:25px;\"><div class=\"fusion-column-wrapper fusion-column-has-shadow fusion-flex-justify-content-flex-start fusion-content-layout-column\"><div class=\"fusion-title title fusion-title-17 fusion-sep-none fusion-title-text fusion-title-size-two\" style=\"--awb-text-color:#ffffff;--awb-margin-top:-30px;--awb-margin-bottom:30px;--awb-margin-bottom-medium:10px;--awb-font-size:30px;\"><h2 class=\"fusion-title-heading title-heading-left\" style=\"font-family:&quot;Lora&quot;;font-style:normal;font-weight:500;margin:0;font-size:1em;text-transform:var(--awb-typography1-text-transform);line-height:1.2;\"><p style=\"text-align: left;\">Regard socioculturel sur la prise en charge di\u00e9t\u00e9tique<\/p><\/h2><\/div><div class=\"fusion-text fusion-text-17 fusion-text-no-margin\" style=\"--awb-content-alignment:justify;--awb-font-size:14px;--awb-line-height:1.8;--awb-letter-spacing:0px;--awb-text-transform:none;--awb-text-color:#eff1f0;--awb-margin-bottom:-30px;\"><p>Depuis janvier 2024, je forme <strong>les \u00e9tudiants de di\u00e9t\u00e9tiques de l\u2019universit\u00e9 Lyon 1 <\/strong>\u00e0 une approche \u201cnutri-d\u00e9centr\u00e9e\u201d de l\u2019alimentation faisant appel aux concepts et aux m\u00e9thodes de la socio-anthropologie de l\u2019alimentation.<\/p>\n<\/div><div class=\"fusion-separator fusion-full-width-sep\" style=\"align-self: center;margin-left: auto;margin-right: auto;flex-grow:1;width:100%;\"><\/div><div class=\"fusion-separator fusion-full-width-sep\" style=\"align-self: center;margin-left: auto;margin-right: auto;margin-bottom:55px;width:100%;\"><\/div><div ><a class=\"fusion-button button-3d fusion-button-default-size button-custom fusion-button-default button-15 fusion-button-span-yes \" style=\"--button_accent_color:var(--awb-color5);--button_border_color:#ffffff;--button_accent_hover_color:#ffffff;--button_border_hover_color:#ffffff;--button-border-radius-top-left:6px;--button-border-radius-top-right:6px;--button-border-radius-bottom-right:6px;--button-border-radius-bottom-left:6px;--button_gradient_top_color:var(--awb-color1);--button_gradient_bottom_color:var(--awb-color1);--button_gradient_top_color_hover:rgba(202,139,44,0);--button_gradient_bottom_color_hover:rgba(202,139,44,0);--button_text_transform:var(--awb-typography3-text-transform);--button_font_size:15px;--button_line_height:1.2;--button_padding-top:18px;--button_padding-bottom:18px;--button_typography-letter-spacing:0px;--button_typography-font-family:&quot;Roboto&quot;;--button_typography-font-style:normal;--button_typography-font-weight:500;--button_margin-right:20px;--button_margin-bottom:-30px;--button_margin-left:20px;width:calc(100% - 20px - 20px);\" target=\"_self\" href=\"https:\/\/iut.univ-lyon1.fr\/formation\/offre-de-formations\/genie-biologique-doua\/dut-genie-biologique-option-dietetique\"><span class=\"fusion-button-text awb-button__text awb-button__text--default\">D\u00e9couvrez le projet<\/span><\/a><\/div><\/div><\/div><\/div><\/div><\/div><\/div><\/div><div class=\"fusion-fullwidth fullwidth-box fusion-builder-row-10 fusion-flex-container hundred-percent-fullwidth non-hundred-percent-height-scrolling fusion-no-small-visibility fusion-no-large-visibility\" style=\"--awb-border-radius-top-left:0px;--awb-border-radius-top-right:0px;--awb-border-radius-bottom-right:0px;--awb-border-radius-bottom-left:0px;--awb-padding-top:60px;--awb-padding-right:60px;--awb-padding-bottom:0px;--awb-padding-left:60px;--awb-margin-bottom:-150px;--awb-background-color:#ffffff;--awb-flex-wrap:wrap;\" ><div class=\"fusion-builder-row fusion-row fusion-flex-align-items-flex-start fusion-flex-content-wrap\" style=\"width:calc( 100% + 50px ) !important;max-width:calc( 100% + 50px ) !important;margin-left: calc(-50px \/ 2 );margin-right: calc(-50px \/ 2 );\"><div class=\"fusion-layout-column fusion_builder_column fusion-builder-column-18 fusion_builder_column_1_3 1_3 fusion-flex-column fusion-flex-align-self-stretch\" style=\"--awb-padding-bottom:-150px;--awb-bg-color:var(--awb-custom10);--awb-bg-color-hover:var(--awb-custom10);--awb-bg-size:cover;--awb-width-large:33.333333333333%;--awb-margin-top-large:0px;--awb-spacing-right-large:25px;--awb-margin-bottom-large:150px;--awb-spacing-left-large:25px;--awb-width-medium:33.333333333333%;--awb-order-medium:0;--awb-spacing-right-medium:25px;--awb-spacing-left-medium:25px;--awb-width-small:100%;--awb-order-small:0;--awb-spacing-right-small:25px;--awb-spacing-left-small:25px;\"><div class=\"fusion-column-wrapper fusion-column-has-shadow fusion-flex-justify-content-flex-start fusion-content-layout-column\"><div class=\"fusion-image-element \" style=\"--awb-caption-title-font-family:var(--h2_typography-font-family);--awb-caption-title-font-weight:var(--h2_typography-font-weight);--awb-caption-title-font-style:var(--h2_typography-font-style);--awb-caption-title-size:var(--h2_typography-font-size);--awb-caption-title-transform:var(--h2_typography-text-transform);--awb-caption-title-line-height:var(--h2_typography-line-height);--awb-caption-title-letter-spacing:var(--h2_typography-letter-spacing);\"><span class=\" fusion-imageframe imageframe-none imageframe-14 hover-type-none\"><img decoding=\"async\" width=\"800\" height=\"519\" alt=\"Institut-Lyde-HCL-accompagnement -aides-soignantes-Humaneaty-Sonia-Bouima-Villefranche-sur-Saone-formation-recherche-accompagnement\" title=\"Institut-Lyde-HCL-accompagnement -aides-soignantes-Humaneaty-Sonia-Bouima-Villefranche-sur-Saone-formation-recherche-accompagnement-ent-3\" src=\"https:\/\/humaneaty.fr\/wp-content\/uploads\/2024\/05\/Institut-Lyde-HCL-accompagnement-aides-soignantes-Humaneaty-Sonia-Bouima-Villefranche-sur-Saone-formation-recherche-accompagnement-ent-3.png\" data-orig-src=\"http:\/\/humaneaty.fr\/wp-content\/uploads\/2024\/05\/Institut-Lyde-HCL-accompagnement-aides-soignantes-Humaneaty-Sonia-Bouima-Villefranche-sur-Saone-formation-recherche-accompagnement-ent-3-800x519.png\" class=\"lazyload img-responsive wp-image-2234\" srcset=\"data:image\/svg+xml,%3Csvg%20xmlns%3D%27http%3A%2F%2Fwww.w3.org%2F2000%2Fsvg%27%20width%3D%27832%27%20height%3D%27540%27%20viewBox%3D%270%200%20832%20540%27%3E%3Crect%20width%3D%27832%27%20height%3D%27540%27%20fill-opacity%3D%220%22%2F%3E%3C%2Fsvg%3E\" data-srcset=\"https:\/\/humaneaty.fr\/wp-content\/uploads\/2024\/05\/Institut-Lyde-HCL-accompagnement-aides-soignantes-Humaneaty-Sonia-Bouima-Villefranche-sur-Saone-formation-recherche-accompagnement-ent-3-200x130.png 200w, https:\/\/humaneaty.fr\/wp-content\/uploads\/2024\/05\/Institut-Lyde-HCL-accompagnement-aides-soignantes-Humaneaty-Sonia-Bouima-Villefranche-sur-Saone-formation-recherche-accompagnement-ent-3-400x260.png 400w, https:\/\/humaneaty.fr\/wp-content\/uploads\/2024\/05\/Institut-Lyde-HCL-accompagnement-aides-soignantes-Humaneaty-Sonia-Bouima-Villefranche-sur-Saone-formation-recherche-accompagnement-ent-3-600x389.png 600w, https:\/\/humaneaty.fr\/wp-content\/uploads\/2024\/05\/Institut-Lyde-HCL-accompagnement-aides-soignantes-Humaneaty-Sonia-Bouima-Villefranche-sur-Saone-formation-recherche-accompagnement-ent-3-800x519.png 800w, https:\/\/humaneaty.fr\/wp-content\/uploads\/2024\/05\/Institut-Lyde-HCL-accompagnement-aides-soignantes-Humaneaty-Sonia-Bouima-Villefranche-sur-Saone-formation-recherche-accompagnement-ent-3.png 832w\" data-sizes=\"auto\" data-orig-sizes=\"(max-width: 640px) 100vw, 600px\" \/><\/span><\/div><div class=\"fusion-builder-row fusion-builder-row-inner fusion-row fusion-flex-align-items-flex-start fusion-flex-content-wrap\" style=\"width:calc( 100% + 50px ) !important;max-width:calc( 100% + 50px ) !important;margin-left: calc(-50px \/ 2 );margin-right: calc(-50px \/ 2 );\"><div class=\"fusion-layout-column fusion_builder_column_inner fusion-builder-nested-column-15 fusion_builder_column_inner_1_1 1_1 fusion-flex-column fusion-flex-align-self-stretch\" style=\"--awb-padding-top:15%;--awb-padding-right:12%;--awb-padding-bottom:18%;--awb-padding-left:15%;--awb-bg-color:var(--awb-custom10);--awb-bg-color-hover:var(--awb-custom10);--awb-bg-size:cover;--awb-width-large:100%;--awb-margin-top-large:0px;--awb-spacing-right-large:25px;--awb-margin-bottom-large:0px;--awb-spacing-left-large:25px;--awb-width-medium:100%;--awb-order-medium:0;--awb-spacing-right-medium:25px;--awb-spacing-left-medium:25px;--awb-width-small:100%;--awb-order-small:1;--awb-spacing-right-small:25px;--awb-spacing-left-small:25px;\"><div class=\"fusion-column-wrapper fusion-column-has-shadow fusion-flex-justify-content-flex-start fusion-content-layout-column\"><div class=\"fusion-title title fusion-title-18 fusion-sep-none fusion-title-text fusion-title-size-two\" style=\"--awb-text-color:#ffffff;--awb-margin-top:-30px;--awb-margin-bottom:30px;--awb-margin-bottom-medium:10px;--awb-font-size:30px;\"><h2 class=\"fusion-title-heading title-heading-left\" style=\"font-family:&quot;Lora&quot;;font-style:normal;font-weight:500;margin:0;font-size:1em;text-transform:var(--awb-typography1-text-transform);line-height:1.2;\"><p style=\"text-align: left;\">La qualit\u00e9 du service de repas \u00e0 l&rsquo;h\u00f4pital<\/p><\/h2><\/div><div class=\"fusion-text fusion-text-18 fusion-text-no-margin\" style=\"--awb-content-alignment:justify;--awb-font-size:14px;--awb-line-height:1.8;--awb-letter-spacing:0px;--awb-text-transform:none;--awb-text-color:#eff1f0;--awb-margin-bottom:-30px;\"><p>Depuis 2015 et en partenariat avec <strong>l\u2019Institut <\/strong><strong>Lyfe<\/strong><strong> (Paul Bocuse) et les Hospices Civils de Lyon,<\/strong> je sensibilise les aides-soignant\u00b7e\u00b7s des Hospices civils de Lyon aux dimensions socioculturelles de l\u2019alimentation pour am\u00e9liorer la qualit\u00e9 du service de repas \u00e0 l\u2019h\u00f4pital et ainsi am\u00e9liorer le bien-\u00eatre des patients.<\/p>\n<\/div><div class=\"fusion-separator fusion-full-width-sep\" style=\"align-self: center;margin-left: auto;margin-right: auto;flex-grow:1;width:100%;\"><\/div><div class=\"fusion-separator fusion-full-width-sep\" style=\"align-self: center;margin-left: auto;margin-right: auto;margin-bottom:25%;width:100%;\"><\/div><div ><a class=\"fusion-button button-3d fusion-button-default-size button-custom fusion-button-default button-16 fusion-button-span-yes \" style=\"--button_accent_color:var(--awb-color6);--button_border_color:#ffffff;--button_accent_hover_color:#ffffff;--button_border_hover_color:#ffffff;--button-border-radius-top-left:6px;--button-border-radius-top-right:6px;--button-border-radius-bottom-right:6px;--button-border-radius-bottom-left:6px;--button_gradient_top_color:var(--awb-color1);--button_gradient_bottom_color:var(--awb-color1);--button_gradient_top_color_hover:rgba(202,139,44,0);--button_gradient_bottom_color_hover:rgba(202,139,44,0);--button_text_transform:var(--awb-typography3-text-transform);--button_font_size:15px;--button_line_height:1.2;--button_padding-top:18px;--button_padding-bottom:18px;--button_typography-letter-spacing:0px;--button_typography-font-family:&quot;Roboto&quot;;--button_typography-font-style:normal;--button_typography-font-weight:500;--button_margin-right:20px;--button_margin-bottom:50px;--button_margin-left:20px;width:calc(100% - 20px - 20px);\" target=\"_self\" href=\"https:\/\/www.institutlyfe.com\/\"><span class=\"fusion-button-text awb-button__text awb-button__text--default\">D\u00e9couvrez le projet<\/span><\/a><\/div><\/div><\/div><\/div><\/div><\/div><div class=\"fusion-layout-column fusion_builder_column fusion-builder-column-19 fusion_builder_column_1_3 1_3 fusion-flex-column fusion-flex-align-self-stretch\" style=\"--awb-padding-bottom:-150px;--awb-bg-color:var(--awb-color7);--awb-bg-color-hover:var(--awb-color7);--awb-bg-size:cover;--awb-width-large:33.333333333333%;--awb-margin-top-large:0px;--awb-spacing-right-large:25px;--awb-margin-bottom-large:150px;--awb-spacing-left-large:25px;--awb-width-medium:33.333333333333%;--awb-order-medium:0;--awb-spacing-right-medium:25px;--awb-spacing-left-medium:25px;--awb-width-small:100%;--awb-order-small:0;--awb-spacing-right-small:25px;--awb-spacing-left-small:25px;\"><div class=\"fusion-column-wrapper fusion-column-has-shadow fusion-flex-justify-content-flex-start fusion-content-layout-column\"><div class=\"fusion-builder-row fusion-builder-row-inner fusion-row fusion-flex-align-items-flex-start fusion-flex-content-wrap\" style=\"width:calc( 100% + 50px ) !important;max-width:calc( 100% + 50px ) !important;margin-left: calc(-50px \/ 2 );margin-right: calc(-50px \/ 2 );\"><div class=\"fusion-layout-column fusion_builder_column_inner fusion-builder-nested-column-16 fusion_builder_column_inner_1_1 1_1 fusion-flex-column fusion-flex-align-self-stretch\" style=\"--awb-padding-top:15%;--awb-padding-right:12%;--awb-padding-bottom:15%;--awb-padding-left:15%;--awb-bg-color:var(--awb-color7);--awb-bg-color-hover:var(--awb-color7);--awb-bg-size:cover;--awb-width-large:100%;--awb-margin-top-large:0px;--awb-spacing-right-large:25px;--awb-margin-bottom-large:0px;--awb-spacing-left-large:25px;--awb-width-medium:100%;--awb-order-medium:0;--awb-spacing-right-medium:25px;--awb-spacing-left-medium:25px;--awb-width-small:100%;--awb-order-small:1;--awb-spacing-right-small:25px;--awb-spacing-left-small:25px;\"><div class=\"fusion-column-wrapper fusion-column-has-shadow fusion-flex-justify-content-flex-start fusion-content-layout-column\"><div class=\"fusion-title title fusion-title-19 fusion-sep-none fusion-title-text fusion-title-size-two\" style=\"--awb-text-color:#ffffff;--awb-margin-top:-30px;--awb-margin-bottom:30px;--awb-margin-bottom-medium:10px;--awb-font-size:30px;\"><h2 class=\"fusion-title-heading title-heading-left\" style=\"font-family:&quot;Lora&quot;;font-style:normal;font-weight:500;margin:0;font-size:1em;text-transform:var(--awb-typography1-text-transform);line-height:1.2;\"><p style=\"text-align: left;\">Regard socioculturel sur la prise en charge di\u00e9t\u00e9tique<\/p><\/h2><\/div><div class=\"fusion-text fusion-text-19 fusion-text-no-margin\" style=\"--awb-content-alignment:justify;--awb-font-size:14px;--awb-line-height:1.8;--awb-letter-spacing:0px;--awb-text-transform:none;--awb-text-color:#eff1f0;--awb-margin-bottom:-30px;\"><p>Depuis janvier 2024, je forme <strong>les \u00e9tudiants de di\u00e9t\u00e9tiques de l\u2019universit\u00e9 Lyon 1 <\/strong>\u00e0 une approche \u201cnutri-d\u00e9centr\u00e9e\u201d de l\u2019alimentation faisant appel aux concepts et aux m\u00e9thodes de la socio-anthropologie de l\u2019alimentation.<\/p>\n<\/div><div class=\"fusion-separator fusion-full-width-sep\" style=\"align-self: center;margin-left: auto;margin-right: auto;flex-grow:1;width:100%;\"><\/div><div class=\"fusion-separator fusion-full-width-sep\" style=\"align-self: center;margin-left: auto;margin-right: auto;margin-bottom:25%;width:100%;\"><\/div><div ><a class=\"fusion-button button-3d fusion-button-default-size button-custom fusion-button-default button-17 fusion-button-span-yes \" style=\"--button_accent_color:var(--awb-color5);--button_border_color:#ffffff;--button_accent_hover_color:#ffffff;--button_border_hover_color:#ffffff;--button-border-radius-top-left:6px;--button-border-radius-top-right:6px;--button-border-radius-bottom-right:6px;--button-border-radius-bottom-left:6px;--button_gradient_top_color:var(--awb-color1);--button_gradient_bottom_color:var(--awb-color1);--button_gradient_top_color_hover:rgba(202,139,44,0);--button_gradient_bottom_color_hover:rgba(202,139,44,0);--button_text_transform:var(--awb-typography3-text-transform);--button_font_size:15px;--button_line_height:1.2;--button_padding-top:18px;--button_padding-bottom:18px;--button_typography-letter-spacing:0px;--button_typography-font-family:&quot;Roboto&quot;;--button_typography-font-style:normal;--button_typography-font-weight:500;--button_margin-right:20px;--button_margin-left:20px;width:calc(100% - 20px - 20px);\" target=\"_self\" href=\"https:\/\/iut.univ-lyon1.fr\/formation\/offre-de-formations\/genie-biologique-doua\/dut-genie-biologique-option-dietetique\"><span class=\"fusion-button-text awb-button__text awb-button__text--default\">D\u00e9couvrez le projet<\/span><\/a><\/div><\/div><\/div><\/div><div class=\"fusion-image-element \" style=\"--awb-aspect-ratio: 100 \/ 70;--awb-margin-top:63px;--awb-caption-title-font-family:var(--h2_typography-font-family);--awb-caption-title-font-weight:var(--h2_typography-font-weight);--awb-caption-title-font-style:var(--h2_typography-font-style);--awb-caption-title-size:var(--h2_typography-font-size);--awb-caption-title-transform:var(--h2_typography-text-transform);--awb-caption-title-line-height:var(--h2_typography-line-height);--awb-caption-title-letter-spacing:var(--h2_typography-letter-spacing);\"><span class=\" fusion-imageframe imageframe-none imageframe-15 hover-type-none has-aspect-ratio\"><img decoding=\"async\" width=\"800\" height=\"519\" alt=\"Intervenante-Universite-Lyon-1-nutri-decentree-etudiants-dietetiques-Humaneaty-Sonia-Bouima-Villefranche-sur-Saone-formation-recherche\" title=\"Intervenante-Universite-Lyon-1-nutri-decentree-etudiants-dietetiques-Humaneaty-Sonia-Bouima-Villefranche-sur-Saone-formation-recherche-2\" src=\"https:\/\/humaneaty.fr\/wp-content\/uploads\/2024\/05\/Intervenante-Universite-Lyon-1-nutri-decentree-etudiants-dietetiques-Humaneaty-Sonia-Bouima-Villefranche-sur-Saone-formation-recherche-2.png\" data-orig-src=\"http:\/\/humaneaty.fr\/wp-content\/uploads\/2024\/05\/Intervenante-Universite-Lyon-1-nutri-decentree-etudiants-dietetiques-Humaneaty-Sonia-Bouima-Villefranche-sur-Saone-formation-recherche-2-800x519.png\" class=\"lazyload img-responsive wp-image-2235 img-with-aspect-ratio\" data-parent-fit=\"cover\" data-parent-container=\".fusion-image-element\" srcset=\"data:image\/svg+xml,%3Csvg%20xmlns%3D%27http%3A%2F%2Fwww.w3.org%2F2000%2Fsvg%27%20width%3D%27832%27%20height%3D%27540%27%20viewBox%3D%270%200%20832%20540%27%3E%3Crect%20width%3D%27832%27%20height%3D%27540%27%20fill-opacity%3D%220%22%2F%3E%3C%2Fsvg%3E\" data-srcset=\"https:\/\/humaneaty.fr\/wp-content\/uploads\/2024\/05\/Intervenante-Universite-Lyon-1-nutri-decentree-etudiants-dietetiques-Humaneaty-Sonia-Bouima-Villefranche-sur-Saone-formation-recherche-2-200x130.png 200w, https:\/\/humaneaty.fr\/wp-content\/uploads\/2024\/05\/Intervenante-Universite-Lyon-1-nutri-decentree-etudiants-dietetiques-Humaneaty-Sonia-Bouima-Villefranche-sur-Saone-formation-recherche-2-400x260.png 400w, https:\/\/humaneaty.fr\/wp-content\/uploads\/2024\/05\/Intervenante-Universite-Lyon-1-nutri-decentree-etudiants-dietetiques-Humaneaty-Sonia-Bouima-Villefranche-sur-Saone-formation-recherche-2-600x389.png 600w, https:\/\/humaneaty.fr\/wp-content\/uploads\/2024\/05\/Intervenante-Universite-Lyon-1-nutri-decentree-etudiants-dietetiques-Humaneaty-Sonia-Bouima-Villefranche-sur-Saone-formation-recherche-2-800x519.png 800w, https:\/\/humaneaty.fr\/wp-content\/uploads\/2024\/05\/Intervenante-Universite-Lyon-1-nutri-decentree-etudiants-dietetiques-Humaneaty-Sonia-Bouima-Villefranche-sur-Saone-formation-recherche-2.png 832w\" data-sizes=\"auto\" data-orig-sizes=\"(max-width: 640px) 100vw, 800px\" \/><\/span><\/div><\/div><\/div><div class=\"fusion-layout-column fusion_builder_column fusion-builder-column-20 fusion_builder_column_1_3 1_3 fusion-flex-column fusion-flex-align-self-stretch\" style=\"--awb-padding-bottom:-150px;--awb-bg-color:var(--awb-color6);--awb-bg-color-hover:var(--awb-color6);--awb-bg-position:center center;--awb-bg-size:cover;--awb-filter:opacity(57%);--awb-filter-transition:filter 0.3s ease;--awb-filter-hover:opacity(100%);--awb-width-large:33.333333333333%;--awb-margin-top-large:0px;--awb-spacing-right-large:25px;--awb-margin-bottom-large:150px;--awb-spacing-left-large:25px;--awb-width-medium:33.333333333333%;--awb-order-medium:0;--awb-spacing-right-medium:25px;--awb-spacing-left-medium:25px;--awb-width-small:100%;--awb-order-small:0;--awb-spacing-right-small:25px;--awb-spacing-left-small:25px;\"><div class=\"fusion-column-wrapper lazyload fusion-column-has-shadow fusion-flex-justify-content-flex-start fusion-content-layout-column fusion-empty-column-bg-image fusion-column-has-bg-image\" data-bg-url=\"http:\/\/humaneaty.fr\/wp-content\/uploads\/2024\/05\/AdobeStock_710952397-800x448.jpeg\" data-bg=\"http:\/\/humaneaty.fr\/wp-content\/uploads\/2024\/05\/AdobeStock_710952397-800x448.jpeg\"><img decoding=\"async\" class=\"fusion-empty-dims-img-placeholder\" aria-label=\"portrait of a retired happy elderly woman of asian chinese appearance celebrates a holiday in a restaurant, eats. concept: elderly health, old age, nutrition\" src=\"data:image\/svg+xml,%3Csvg%20xmlns%3D%27http%3A%2F%2Fwww.w3.org%2F2000%2Fsvg%27%20width%3D%27800%27%20height%3D%27448%27%20viewBox%3D%270%200%20800%20448%27%3E%3Crect%20width%3D%27800%27%20height%3D%27448%27%20fill-opacity%3D%220%22%2F%3E%3C%2Fsvg%3E\"><\/div><\/div><\/div><\/div><div class=\"fusion-fullwidth fullwidth-box fusion-builder-row-11 fusion-flex-container nonhundred-percent-fullwidth non-hundred-percent-height-scrolling\" style=\"--link_color: #000000;--awb-border-radius-top-left:0px;--awb-border-radius-top-right:0px;--awb-border-radius-bottom-right:0px;--awb-border-radius-bottom-left:0px;--awb-padding-top:84px;--awb-padding-bottom:84px;--awb-margin-top:0px;--awb-background-color:#f0f2f5;--awb-flex-wrap:wrap;\" ><div class=\"fusion-builder-row fusion-row fusion-flex-align-items-flex-start fusion-flex-justify-content-center fusion-flex-content-wrap\" style=\"max-width:calc( 1300px + 24px );margin-left: calc(-24px \/ 2 );margin-right: calc(-24px \/ 2 );\"><div class=\"fusion-layout-column fusion_builder_column fusion-builder-column-21 fusion-flex-column fusion-flex-align-self-stretch\" style=\"--awb-padding-right:12px;--awb-padding-left:12px;--awb-padding-right-medium:0px;--awb-padding-left-medium:0px;--awb-bg-size:cover;--awb-width-large:28%;--awb-margin-top-large:0px;--awb-spacing-right-large:calc( 0.10714285714286 * calc( 100% - 24px ) );--awb-margin-bottom-large:20px;--awb-spacing-left-large:12px;--awb-width-medium:83.333333333333%;--awb-order-medium:0;--awb-spacing-right-medium:calc( 0.036 * calc( 100% - 24px ) );--awb-margin-bottom-medium:48px;--awb-spacing-left-medium:12px;--awb-width-small:100%;--awb-order-small:0;--awb-spacing-right-small:12px;--awb-spacing-left-small:12px;\"><div class=\"fusion-column-wrapper fusion-column-has-shadow fusion-flex-justify-content-center fusion-content-layout-column\"><div class=\"fusion-title title fusion-title-20 fusion-sep-none fusion-title-center fusion-title-text fusion-title-size-two\" style=\"--awb-text-color:#000000;--awb-margin-top:0px;--awb-margin-bottom:16px;--awb-font-size:22px;\"><h2 class=\"fusion-title-heading title-heading-center\" style=\"font-family:&quot;Plus Jakarta Sans&quot;;font-style:normal;font-weight:700;margin:0;font-size:1em;letter-spacing:-0.02em;text-transform:var(--awb-typography1-text-transform);line-height:1.2em;\">Mes services<\/h2><\/div><div class=\"fusion-separator\" style=\"align-self: center;margin-left: auto;margin-right: auto;margin-bottom:14px;width:100%;max-width:48px;\"><div class=\"fusion-separator-border sep-wavy\" style=\"--awb-height:15px;--awb-amount:14px;--awb-sep-color:#24947a;--awb-separator-pattern-url:url(&quot;data:image\/svg+xml;utf8,%3Csvg%20xmlns%3D%22http%3A%2F%2Fwww.w3.org%2F2000%2Fsvg%22%20preserveAspectRatio%3D%22none%22%20overflow%3D%22visible%22%20height%3D%22100%25%22%20viewBox%3D%220%200%2024%2024%22%20fill%3D%22none%22%20stroke%3D%22black%22%20stroke-width%3D%222%22%20stroke-linecap%3D%22square%22%20stroke-miterlimit%3D%2210%22%3E%3Cpath%20d%3D%22M0%2C6c6%2C0%2C0.9%2C11.1%2C6.9%2C11.1S18%2C6%2C24%2C6%22%2F%3E%3C%2Fsvg%3E&quot;);border-color:#24947a;\"><\/div><\/div><div class=\"fusion-text fusion-text-20 fusion-text-no-margin\" style=\"--awb-content-alignment:center;--awb-font-size:16px;--awb-line-height:1.5em;--awb-letter-spacing:0.006em;--awb-text-transform:var(--awb-typography4-text-transform);--awb-text-color:#000000;--awb-margin-bottom:24px;--awb-text-font-family:&quot;Plus Jakarta Sans&quot;;--awb-text-font-style:normal;--awb-text-font-weight:400;\"><p>Vous souhaitez en apprendre plus sur les services propos\u00e9s ? N&rsquo;attendez plus&#8230;<\/p>\n<\/div><div style=\"text-align:center;\"><a class=\"fusion-button button-flat fusion-button-default-size button-custom fusion-button-default button-18 fusion-button-default-span fusion-button-default-type\" style=\"--button_accent_color:#ffffff;--button_border_color:var(--awb-custom_color_1);--button_accent_hover_color:#ffffff;--button_border_hover_color:#ffffff;--button-border-radius-top-left:6px;--button-border-radius-top-right:6px;--button-border-radius-bottom-right:6px;--button-border-radius-bottom-left:6px;--button_gradient_top_color:var(--awb-custom_color_1);--button_gradient_bottom_color:var(--awb-custom_color_1);--button_gradient_top_color_hover:#0e2656;--button_gradient_bottom_color_hover:#0e2656;--button_text_transform:var(--awb-typography3-text-transform);--button_font_size:17px;--button_line_height:1.32em;--button_typography-letter-spacing:0.01em;--button_typography-font-family:&quot;Plus Jakarta Sans&quot;;--button_typography-font-style:normal;--button_typography-font-weight:500;\" target=\"_self\" href=\"https:\/\/humaneaty.fr\/?page_id=2242\"><span class=\"fusion-button-text awb-button__text awb-button__text--default\">En savoir plus<\/span><\/a><\/div><\/div><\/div><div class=\"fusion-layout-column fusion_builder_column fusion-builder-column-22 fusion-flex-column fusion-flex-align-self-stretch\" style=\"--awb-padding-top:24px;--awb-padding-right:24px;--awb-padding-bottom:24px;--awb-padding-left:24px;--awb-overflow:hidden;--awb-bg-color:#ffffff;--awb-bg-color-hover:#ffffff;--awb-bg-size:cover;--awb-box-shadow:0px 3px 8px -1px rgba(14,39,88,0.08);;--awb-border-radius:6px 6px 6px 6px;--awb-transform:rotate(0deg) skewY(0deg);--awb-transform-hover:rotate(-2deg) skewY(1deg);--awb-width-large:24%;--awb-margin-top-large:0px;--awb-spacing-right-large:12px;--awb-margin-bottom-large:20px;--awb-spacing-left-large:12px;--awb-width-medium:33.333333333333%;--awb-order-medium:0;--awb-spacing-right-medium:12px;--awb-spacing-left-medium:12px;--awb-width-small:100%;--awb-order-small:0;--awb-spacing-right-small:12px;--awb-spacing-left-small:12px;\"><div class=\"fusion-column-wrapper fusion-column-has-shadow fusion-flex-justify-content-flex-start fusion-content-layout-column\"><div class=\"fusion-image-element \" style=\"--awb-max-width:132px;--awb-caption-title-font-family:var(--h2_typography-font-family);--awb-caption-title-font-weight:var(--h2_typography-font-weight);--awb-caption-title-font-style:var(--h2_typography-font-style);--awb-caption-title-size:var(--h2_typography-font-size);--awb-caption-title-transform:var(--h2_typography-text-transform);--awb-caption-title-line-height:var(--h2_typography-line-height);--awb-caption-title-letter-spacing:var(--h2_typography-letter-spacing);\"><span class=\" fusion-imageframe imageframe-none imageframe-16 hover-type-none\"><img decoding=\"async\" width=\"1982\" height=\"1998\" alt=\"Humaneaty-humanisme-socio-anthropologie-de-l-alimentation-RECHERCHE-SCIENTIFIQUE-Sonia-Bouima-Villefranche-sur-Saone\" title=\"Humaneaty-humanisme-socio-anthropologie-de-l-alimentation-RECHERCHE-SCIENTIFIQUE-Sonia-Bouima-Villefranche-sur-Saone\" src=\"https:\/\/humaneaty.fr\/wp-content\/uploads\/2024\/05\/Humaneaty-humanisme-socio-anthropologie-de-l-alimentation-RECHERCHE-SCIENTIFIQUE-Sonia-Bouima-Villefranche-sur-Saone.png\" data-orig-src=\"http:\/\/humaneaty.fr\/wp-content\/uploads\/2024\/05\/Humaneaty-humanisme-socio-anthropologie-de-l-alimentation-RECHERCHE-SCIENTIFIQUE-Sonia-Bouima-Villefranche-sur-Saone.png\" class=\"lazyload img-responsive wp-image-2284\" srcset=\"data:image\/svg+xml,%3Csvg%20xmlns%3D%27http%3A%2F%2Fwww.w3.org%2F2000%2Fsvg%27%20width%3D%271982%27%20height%3D%271998%27%20viewBox%3D%270%200%201982%201998%27%3E%3Crect%20width%3D%271982%27%20height%3D%271998%27%20fill-opacity%3D%220%22%2F%3E%3C%2Fsvg%3E\" data-srcset=\"https:\/\/humaneaty.fr\/wp-content\/uploads\/2024\/05\/Humaneaty-humanisme-socio-anthropologie-de-l-alimentation-RECHERCHE-SCIENTIFIQUE-Sonia-Bouima-Villefranche-sur-Saone-200x202.png 200w, https:\/\/humaneaty.fr\/wp-content\/uploads\/2024\/05\/Humaneaty-humanisme-socio-anthropologie-de-l-alimentation-RECHERCHE-SCIENTIFIQUE-Sonia-Bouima-Villefranche-sur-Saone-400x403.png 400w, https:\/\/humaneaty.fr\/wp-content\/uploads\/2024\/05\/Humaneaty-humanisme-socio-anthropologie-de-l-alimentation-RECHERCHE-SCIENTIFIQUE-Sonia-Bouima-Villefranche-sur-Saone-600x605.png 600w, https:\/\/humaneaty.fr\/wp-content\/uploads\/2024\/05\/Humaneaty-humanisme-socio-anthropologie-de-l-alimentation-RECHERCHE-SCIENTIFIQUE-Sonia-Bouima-Villefranche-sur-Saone-800x806.png 800w, https:\/\/humaneaty.fr\/wp-content\/uploads\/2024\/05\/Humaneaty-humanisme-socio-anthropologie-de-l-alimentation-RECHERCHE-SCIENTIFIQUE-Sonia-Bouima-Villefranche-sur-Saone-1200x1210.png 1200w, https:\/\/humaneaty.fr\/wp-content\/uploads\/2024\/05\/Humaneaty-humanisme-socio-anthropologie-de-l-alimentation-RECHERCHE-SCIENTIFIQUE-Sonia-Bouima-Villefranche-sur-Saone.png 1982w\" data-sizes=\"auto\" data-orig-sizes=\"(max-width: 640px) 100vw, 400px\" \/><\/span><\/div><div class=\"fusion-title title fusion-title-21 fusion-sep-none fusion-title-text fusion-title-size-three\" style=\"--awb-text-color:#000000;--awb-margin-top:54px;--awb-margin-bottom:8px;--awb-margin-top-small:40px;--awb-margin-bottom-small:6px;--awb-font-size:17px;\"><h3 class=\"fusion-title-heading title-heading-left\" style=\"font-family:&quot;Plus Jakarta Sans&quot;;font-style:normal;font-weight:700;margin:0;font-size:1em;letter-spacing:0px;text-transform:var(--awb-typography2-text-transform);line-height:1.24em;\">Recherche<\/h3><\/div><div class=\"fusion-text fusion-text-21 fusion-text-no-margin\" style=\"--awb-font-size:10px;--awb-line-height:1.5em;--awb-letter-spacing:0.006em;--awb-text-transform:var(--awb-typography4-text-transform);--awb-text-color:#000000;--awb-margin-bottom:0px;--awb-text-font-family:&quot;Plus Jakarta Sans&quot;;--awb-text-font-style:normal;--awb-text-font-weight:400;\"><p>Humaneaty \u00ae r\u00e9alise des \u00e9tudes qualitatives cl\u00e9 en main ou vous accompagne dans la conception et le montage de votre projet de recherche.<\/p>\n<\/div><\/div><\/div><div class=\"fusion-layout-column fusion_builder_column fusion-builder-column-23 fusion-flex-column fusion-flex-align-self-stretch\" style=\"--awb-padding-top:24px;--awb-padding-right:24px;--awb-padding-bottom:24px;--awb-padding-left:24px;--awb-overflow:hidden;--awb-bg-color:#ffffff;--awb-bg-color-hover:#ffffff;--awb-bg-size:cover;--awb-box-shadow:0px 3px 8px -1px rgba(14,39,88,0.08);;--awb-border-radius:6px 6px 6px 6px;--awb-transform:rotate(0deg) skewY(0deg);--awb-transform-hover:rotate(-2deg) skewY(1deg);--awb-width-large:24%;--awb-margin-top-large:0px;--awb-spacing-right-large:12px;--awb-margin-bottom-large:20px;--awb-spacing-left-large:12px;--awb-width-medium:33.333333333333%;--awb-order-medium:0;--awb-spacing-right-medium:12px;--awb-spacing-left-medium:12px;--awb-width-small:100%;--awb-order-small:0;--awb-spacing-right-small:12px;--awb-spacing-left-small:12px;\"><div class=\"fusion-column-wrapper fusion-column-has-shadow fusion-flex-justify-content-flex-start fusion-content-layout-column\"><div class=\"fusion-image-element \" style=\"--awb-max-width:132px;--awb-caption-title-font-family:var(--h2_typography-font-family);--awb-caption-title-font-weight:var(--h2_typography-font-weight);--awb-caption-title-font-style:var(--h2_typography-font-style);--awb-caption-title-size:var(--h2_typography-font-size);--awb-caption-title-transform:var(--h2_typography-text-transform);--awb-caption-title-line-height:var(--h2_typography-line-height);--awb-caption-title-letter-spacing:var(--h2_typography-letter-spacing);\"><span class=\" fusion-imageframe imageframe-none imageframe-17 hover-type-none\"><img decoding=\"async\" width=\"1982\" height=\"1998\" alt=\"Humaneaty-humanisme-socio-anthropologie-de-l-alimentation-FORMATION-ET-CONFERENCE-Sonia-Bouima-Villefranche-sur-Saone\" title=\"Humaneaty-humanisme-socio-anthropologie-de-l-alimentation-FORMATION-ET-CONFERENCE-Sonia-Bouima-Villefranche-sur-Saone\" src=\"https:\/\/humaneaty.fr\/wp-content\/uploads\/2024\/05\/Humaneaty-humanisme-socio-anthropologie-de-l-alimentation-FORMATION-ET-CONFERENCE-Sonia-Bouima-Villefranche-sur-Saone-2.png\" data-orig-src=\"http:\/\/humaneaty.fr\/wp-content\/uploads\/2024\/05\/Humaneaty-humanisme-socio-anthropologie-de-l-alimentation-FORMATION-ET-CONFERENCE-Sonia-Bouima-Villefranche-sur-Saone-2.png\" class=\"lazyload img-responsive wp-image-2288\" srcset=\"data:image\/svg+xml,%3Csvg%20xmlns%3D%27http%3A%2F%2Fwww.w3.org%2F2000%2Fsvg%27%20width%3D%271982%27%20height%3D%271998%27%20viewBox%3D%270%200%201982%201998%27%3E%3Crect%20width%3D%271982%27%20height%3D%271998%27%20fill-opacity%3D%220%22%2F%3E%3C%2Fsvg%3E\" data-srcset=\"https:\/\/humaneaty.fr\/wp-content\/uploads\/2024\/05\/Humaneaty-humanisme-socio-anthropologie-de-l-alimentation-FORMATION-ET-CONFERENCE-Sonia-Bouima-Villefranche-sur-Saone-2-200x202.png 200w, https:\/\/humaneaty.fr\/wp-content\/uploads\/2024\/05\/Humaneaty-humanisme-socio-anthropologie-de-l-alimentation-FORMATION-ET-CONFERENCE-Sonia-Bouima-Villefranche-sur-Saone-2-400x403.png 400w, https:\/\/humaneaty.fr\/wp-content\/uploads\/2024\/05\/Humaneaty-humanisme-socio-anthropologie-de-l-alimentation-FORMATION-ET-CONFERENCE-Sonia-Bouima-Villefranche-sur-Saone-2-600x605.png 600w, https:\/\/humaneaty.fr\/wp-content\/uploads\/2024\/05\/Humaneaty-humanisme-socio-anthropologie-de-l-alimentation-FORMATION-ET-CONFERENCE-Sonia-Bouima-Villefranche-sur-Saone-2-800x806.png 800w, https:\/\/humaneaty.fr\/wp-content\/uploads\/2024\/05\/Humaneaty-humanisme-socio-anthropologie-de-l-alimentation-FORMATION-ET-CONFERENCE-Sonia-Bouima-Villefranche-sur-Saone-2-1200x1210.png 1200w, https:\/\/humaneaty.fr\/wp-content\/uploads\/2024\/05\/Humaneaty-humanisme-socio-anthropologie-de-l-alimentation-FORMATION-ET-CONFERENCE-Sonia-Bouima-Villefranche-sur-Saone-2.png 1982w\" data-sizes=\"auto\" data-orig-sizes=\"(max-width: 640px) 100vw, 400px\" \/><\/span><\/div><div class=\"fusion-title title fusion-title-22 fusion-sep-none fusion-title-text fusion-title-size-two\" style=\"--awb-text-color:#000000;--awb-margin-top:54px;--awb-margin-bottom:8px;--awb-margin-top-small:40px;--awb-margin-bottom-small:6px;--awb-font-size:17px;\"><h2 class=\"fusion-title-heading title-heading-left\" style=\"font-family:&quot;Plus Jakarta Sans&quot;;font-style:normal;font-weight:700;margin:0;font-size:1em;letter-spacing:0px;text-transform:var(--awb-typography2-text-transform);line-height:1.24em;\">Formation<\/h2><\/div><div class=\"fusion-text fusion-text-22 fusion-text-no-margin\" style=\"--awb-font-size:10px;--awb-line-height:1.5em;--awb-letter-spacing:0.006em;--awb-text-transform:var(--awb-typography4-text-transform);--awb-text-color:#000000;--awb-margin-bottom:0px;--awb-text-font-family:&quot;Plus Jakarta Sans&quot;;--awb-text-font-style:normal;--awb-text-font-weight:400;\"><p>Humaneaty \u00ae apporte \u00e0 vos \u00e9tudiants, \u00e0 vos \u00e9quipes ou \u00e0 vos publics cibles des cl\u00e9s de compr\u00e9hension pour relever les d\u00e9fis alimentaires de demain.<\/p>\n<\/div><\/div><\/div><div class=\"fusion-layout-column fusion_builder_column fusion-builder-column-24 fusion-flex-column fusion-flex-align-self-stretch\" style=\"--awb-padding-top:24px;--awb-padding-right:24px;--awb-padding-bottom:24px;--awb-padding-left:24px;--awb-overflow:hidden;--awb-bg-color:#ffffff;--awb-bg-color-hover:#ffffff;--awb-bg-size:cover;--awb-box-shadow:0px 3px 8px -1px rgba(14,39,88,0.08);;--awb-border-radius:6px 6px 6px 6px;--awb-transform:rotate(0deg) skewY(0deg);--awb-transform-hover:rotate(-2deg) skewY(1deg);--awb-width-large:24%;--awb-margin-top-large:0px;--awb-spacing-right-large:12px;--awb-margin-bottom-large:20px;--awb-spacing-left-large:12px;--awb-width-medium:33.333333333333%;--awb-order-medium:0;--awb-spacing-right-medium:12px;--awb-spacing-left-medium:12px;--awb-width-small:100%;--awb-order-small:0;--awb-spacing-right-small:12px;--awb-spacing-left-small:12px;\"><div class=\"fusion-column-wrapper fusion-column-has-shadow fusion-flex-justify-content-flex-start fusion-content-layout-column\"><div class=\"fusion-image-element \" style=\"--awb-max-width:132px;--awb-caption-title-font-family:var(--h2_typography-font-family);--awb-caption-title-font-weight:var(--h2_typography-font-weight);--awb-caption-title-font-style:var(--h2_typography-font-style);--awb-caption-title-size:var(--h2_typography-font-size);--awb-caption-title-transform:var(--h2_typography-text-transform);--awb-caption-title-line-height:var(--h2_typography-line-height);--awb-caption-title-letter-spacing:var(--h2_typography-letter-spacing);\"><span class=\" fusion-imageframe imageframe-none imageframe-18 hover-type-none\"><img decoding=\"async\" width=\"1982\" height=\"1998\" title=\"Humaneaty-humanisme-socio-anthropologie-de-l-alimentation-CONSEIL-ET-ACCOMPAGNEMENT-ENTREPRISE-Sonia-Bouima-Villefranche-sur-Saone2\" src=\"https:\/\/humaneaty.fr\/wp-content\/uploads\/2024\/05\/Humaneaty-humanisme-socio-anthropologie-de-l-alimentation-CONSEIL-ET-ACCOMPAGNEMENT-ENTREPRISE-Sonia-Bouima-Villefranche-sur-Saone2.png\" data-orig-src=\"http:\/\/humaneaty.fr\/wp-content\/uploads\/2024\/05\/Humaneaty-humanisme-socio-anthropologie-de-l-alimentation-CONSEIL-ET-ACCOMPAGNEMENT-ENTREPRISE-Sonia-Bouima-Villefranche-sur-Saone2.png\" alt class=\"lazyload img-responsive wp-image-2287\" srcset=\"data:image\/svg+xml,%3Csvg%20xmlns%3D%27http%3A%2F%2Fwww.w3.org%2F2000%2Fsvg%27%20width%3D%271982%27%20height%3D%271998%27%20viewBox%3D%270%200%201982%201998%27%3E%3Crect%20width%3D%271982%27%20height%3D%271998%27%20fill-opacity%3D%220%22%2F%3E%3C%2Fsvg%3E\" data-srcset=\"https:\/\/humaneaty.fr\/wp-content\/uploads\/2024\/05\/Humaneaty-humanisme-socio-anthropologie-de-l-alimentation-CONSEIL-ET-ACCOMPAGNEMENT-ENTREPRISE-Sonia-Bouima-Villefranche-sur-Saone2-200x202.png 200w, https:\/\/humaneaty.fr\/wp-content\/uploads\/2024\/05\/Humaneaty-humanisme-socio-anthropologie-de-l-alimentation-CONSEIL-ET-ACCOMPAGNEMENT-ENTREPRISE-Sonia-Bouima-Villefranche-sur-Saone2-400x403.png 400w, https:\/\/humaneaty.fr\/wp-content\/uploads\/2024\/05\/Humaneaty-humanisme-socio-anthropologie-de-l-alimentation-CONSEIL-ET-ACCOMPAGNEMENT-ENTREPRISE-Sonia-Bouima-Villefranche-sur-Saone2-600x605.png 600w, https:\/\/humaneaty.fr\/wp-content\/uploads\/2024\/05\/Humaneaty-humanisme-socio-anthropologie-de-l-alimentation-CONSEIL-ET-ACCOMPAGNEMENT-ENTREPRISE-Sonia-Bouima-Villefranche-sur-Saone2-800x806.png 800w, https:\/\/humaneaty.fr\/wp-content\/uploads\/2024\/05\/Humaneaty-humanisme-socio-anthropologie-de-l-alimentation-CONSEIL-ET-ACCOMPAGNEMENT-ENTREPRISE-Sonia-Bouima-Villefranche-sur-Saone2-1200x1210.png 1200w, https:\/\/humaneaty.fr\/wp-content\/uploads\/2024\/05\/Humaneaty-humanisme-socio-anthropologie-de-l-alimentation-CONSEIL-ET-ACCOMPAGNEMENT-ENTREPRISE-Sonia-Bouima-Villefranche-sur-Saone2.png 1982w\" data-sizes=\"auto\" data-orig-sizes=\"(max-width: 640px) 100vw, 400px\" \/><\/span><\/div><div class=\"fusion-title title fusion-title-23 fusion-sep-none fusion-title-text fusion-title-size-two\" style=\"--awb-text-color:#000000;--awb-margin-top:54px;--awb-margin-bottom:8px;--awb-margin-top-small:40px;--awb-margin-bottom-small:6px;--awb-font-size:17px;\"><h2 class=\"fusion-title-heading title-heading-left\" style=\"font-family:&quot;Plus Jakarta Sans&quot;;font-style:normal;font-weight:700;margin:0;font-size:1em;letter-spacing:0px;text-transform:var(--awb-typography2-text-transform);line-height:1.24em;\">Conseil<\/h2><\/div><div class=\"fusion-text fusion-text-23 fusion-text-no-margin\" style=\"--awb-font-size:10px;--awb-line-height:1.5em;--awb-letter-spacing:0.006em;--awb-text-transform:var(--awb-typography4-text-transform);--awb-text-color:#000000;--awb-margin-bottom:0px;--awb-text-font-family:&quot;Plus Jakarta Sans&quot;;--awb-text-font-style:normal;--awb-text-font-weight:400;\"><p>Humaneaty \u00ae accompagne entreprises et collectivit\u00e9s dans le d\u00e9veloppement de dispositifs et de services mieux adapt\u00e9s \u00e0 la diversit\u00e9 socioculturelle.<\/p>\n<\/div><\/div><\/div><\/div><\/div><\/p>\n","protected":false},"excerpt":{"rendered":"","protected":false},"author":2,"featured_media":0,"parent":0,"menu_order":0,"comment_status":"closed","ping_status":"closed","template":"100-width.php","meta":{"content-type":"","om_disable_all_campaigns":false,"_monsterinsights_skip_tracking":false,"_monsterinsights_sitenote_active":false,"_monsterinsights_sitenote_note":"","_monsterinsights_sitenote_category":0,"footnotes":""},"aioseo_notices":[],"_links":{"self":[{"href":"https:\/\/humaneaty.fr\/index.php?rest_route=\/wp\/v2\/pages\/2280"}],"collection":[{"href":"https:\/\/humaneaty.fr\/index.php?rest_route=\/wp\/v2\/pages"}],"about":[{"href":"https:\/\/humaneaty.fr\/index.php?rest_route=\/wp\/v2\/types\/page"}],"author":[{"embeddable":true,"href":"https:\/\/humaneaty.fr\/index.php?rest_route=\/wp\/v2\/users\/2"}],"replies":[{"embeddable":true,"href":"https:\/\/humaneaty.fr\/index.php?rest_route=%2Fwp%2Fv2%2Fcomments&post=2280"}],"version-history":[{"count":59,"href":"https:\/\/humaneaty.fr\/index.php?rest_route=\/wp\/v2\/pages\/2280\/revisions"}],"predecessor-version":[{"id":2455,"href":"https:\/\/humaneaty.fr\/index.php?rest_route=\/wp\/v2\/pages\/2280\/revisions\/2455"}],"wp:attachment":[{"href":"https:\/\/humaneaty.fr\/index.php?rest_route=%2Fwp%2Fv2%2Fmedia&parent=2280"}],"curies":[{"name":"wp","href":"https:\/\/api.w.org\/{rel}","templated":true}]}}